{"id":79681,"date":"2024-01-25T21:17:24","date_gmt":"2024-01-26T02:17:24","guid":{"rendered":"https:\/\/www.ludwig-van.com\/montreal\/?post_type=tribe_events&#038;p=79681"},"modified":"2024-01-25T21:17:24","modified_gmt":"2024-01-26T02:17:24","slug":"pro-musica-serie-les-melodines-piano-symphonique-rosemarie-duval-laplante-jean-michel-dube","status":"publish","type":"tribe_events","link":"https:\/\/www.ludwig-van.com\/montreal\/event\/pro-musica-serie-les-melodines-piano-symphonique-rosemarie-duval-laplante-jean-michel-dube\/","title":{"rendered":"Pro musica | S\u00e9rie Les M\u00e9lodines : Piano symphonique &#8211; Rosemarie Duval-Laplante &#038; Jean-Michel Dub\u00e9"},"content":{"rendered":"<div class=\"vc_row wpb_row section vc_row-fluid vc_inner vc_custom_1639504015829\">\n<div class=\" full_section_inner clearfix\">\n<div class=\"wpb_column vc_column_container vc_col-sm-12\">\n<div class=\"vc_column-inner\">\n<div class=\"wpb_wrapper\">\n<div class=\"wpb_text_column wpb_content_element \">\n<div class=\"wpb_wrapper\">\n<p>Le duo piano forme\u0301 de <a href=\"https:\/\/promusica.qc.ca\/artistes\/rosemarie-duval-laplante\/\"><strong>Rosemarie Duval-Laplante <\/strong><\/a>et <a href=\"https:\/\/promusica.qc.ca\/artistes\/jean-michel-dube\/\"><strong>Jean-Michel Dube\u0301 <\/strong><\/a>a e\u0301te\u0301 cre\u0301e\u0301 en 2017. Tous deux diplo\u0302me\u0301s du Conservatoire de musique de Que\u0301bec, ils charment le public par leur charisme et se distinguent par leurs ide\u0301es musicales et leur partage intime de l\u2019instrument. Leur grande complicite\u0301, sur sce\u0300ne et dans la vie, se traduit par un jeu sensible et une unite\u0301 sonore remarquable. Depuis sa formation, le duo s\u2019est distingue\u0301 tant au Canada qu\u2019a\u0300 l\u2019international.<\/p>\n<p>Pour ce r\u00e9cital, le duo piano nous transporte <em>\u00c0 la belle \u00e9poque,<\/em> avec de la musique de Ravel, Gershwin et Faur\u00e9.<\/p>\n<p>PROGRAMME<\/p>\n<p>MAURICE RAVEL\u00a0\u00a0\u00a0\u00a0\u00a0\u00a0\u00a0\u00a0\u00a0\u00a0\u00a0\u00a0\u00a0\u00a0\u00a0\u00a0 Ma m\u00e8re l\u2019oye, M.60, arr. du compositeur<br \/>\nGEORGE GERSHWIN\u00a0\u00a0\u00a0\u00a0\u00a0\u00a0\u00a0\u00a0\u00a0\u00a0 3 pr\u00e9ludes, IGG 25, arr. Gregory Stone (Allegro ben ritmato e deciso &#8211; Andante con moto e poco rubato &#8211; Agitato )<br \/>\nGEORGE GERSHWIN\u00a0\u00a0\u00a0\u00a0\u00a0\u00a0\u00a0\u00a0\u00a0\u00a0 Rhapsodie in blue, IGG 15, arr. Gregory Stone<br \/>\nGABRIEL FAUR\u00c9\u00a0\u00a0\u00a0\u00a0\u00a0\u00a0\u00a0\u00a0\u00a0\u00a0\u00a0\u00a0\u00a0\u00a0\u00a0\u00a0\u00a0 Pavane, op.50, arr. A. Benfeld<br \/>\nGEORGE GERSHWIN\u00a0\u00a0\u00a0\u00a0\u00a0\u00a0\u00a0\u00a0\u00a0 Porgy and Bess, IGG 13, arr. Guy Campion (Summertime &#8211; I Got Rhythm)<\/p>\n<p>&nbsp;<\/p>\n<\/div>\n<\/div>\n<\/div>\n<\/div>\n<\/div>\n<\/div>\n<\/div>\n","protected":false},"excerpt":{"rendered":"<p>Le duo piano forme\u0301 de Rosemarie Duval-Laplante et Jean-Michel Dube\u0301 a e\u0301te\u0301 cre\u0301e\u0301 en 2017. Tous deux diplo\u0302me\u0301s du Conservatoire de musique de Que\u0301bec, ils charment le public par leur charisme et se distinguent par leurs ide\u0301es musicales et leur partage intime de l\u2019instrument. Leur grande complicite\u0301, sur sce\u0300ne et dans la vie, se traduit [&hellip;]<\/p>\n","protected":false},"author":1,"featured_media":56091,"comment_status":"open","ping_status":"closed","template":"","meta":{"om_disable_all_campaigns":false,"jetpack_post_was_ever_published":false},"tags":[],"tribe_events_cat":[],"acf":[],"jetpack_sharing_enabled":true,"_links":{"self":[{"href":"https:\/\/www.ludwig-van.com\/montreal\/wp-json\/wp\/v2\/tribe_events\/79681"}],"collection":[{"href":"https:\/\/www.ludwig-van.com\/montreal\/wp-json\/wp\/v2\/tribe_events"}],"about":[{"href":"https:\/\/www.ludwig-van.com\/montreal\/wp-json\/wp\/v2\/types\/tribe_events"}],"author":[{"embeddable":true,"href":"https:\/\/www.ludwig-van.com\/montreal\/wp-json\/wp\/v2\/users\/1"}],"replies":[{"embeddable":true,"href":"https:\/\/www.ludwig-van.com\/montreal\/wp-json\/wp\/v2\/comments?post=79681"}],"version-history":[{"count":1,"href":"https:\/\/www.ludwig-van.com\/montreal\/wp-json\/wp\/v2\/tribe_events\/79681\/revisions"}],"predecessor-version":[{"id":79682,"href":"https:\/\/www.ludwig-van.com\/montreal\/wp-json\/wp\/v2\/tribe_events\/79681\/revisions\/79682"}],"wp:featuredmedia":[{"embeddable":true,"href":"https:\/\/www.ludwig-van.com\/montreal\/wp-json\/wp\/v2\/media\/56091"}],"wp:attachment":[{"href":"https:\/\/www.ludwig-van.com\/montreal\/wp-json\/wp\/v2\/media?parent=79681"}],"wp:term":[{"taxonomy":"post_tag","embeddable":true,"href":"https:\/\/www.ludwig-van.com\/montreal\/wp-json\/wp\/v2\/tags?post=79681"},{"taxonomy":"tribe_events_cat","embeddable":true,"href":"https:\/\/www.ludwig-van.com\/montreal\/wp-json\/wp\/v2\/tribe_events_cat?post=79681"}],"curies":[{"name":"wp","href":"https:\/\/api.w.org\/{rel}","templated":true}]}}