{"id":79138,"date":"2023-12-02T16:52:22","date_gmt":"2023-12-02T21:52:22","guid":{"rendered":"https:\/\/www.ludwig-van.com\/montreal\/?post_type=tribe_events&#038;p=79138"},"modified":"2023-12-03T10:23:36","modified_gmt":"2023-12-03T15:23:36","slug":"orchestre-symphonique-de-laval-concert-bebe-musique-legendes-nordiques-et-interstellaires","status":"publish","type":"tribe_events","link":"https:\/\/www.ludwig-van.com\/montreal\/event\/orchestre-symphonique-de-laval-concert-bebe-musique-legendes-nordiques-et-interstellaires\/","title":{"rendered":"Orchestre symphonique de Laval |  Concert B\u00e9b\u00e9 musique &#8211; L\u00e9gendes nordiques et interstellaires"},"content":{"rendered":"<p>Ce concert est pr\u00e9sent\u00e9 par Hydro-Qu\u00e9bec dans le cadre du Festival classique hivernal de l\u2019OSL.<\/p>\n<p>Fond\u00e9 en 2016, le concert B\u00e9b\u00e9 musique est une activit\u00e9 adapt\u00e9e aux petits et grands! Durant la<br \/>\nr\u00e9p\u00e9tition g\u00e9n\u00e9rale du concert L\u00e9gendes nordiques et interstellaires, nouveaux parents et familles<br \/>\npourront se d\u00e9placer sans crainte de d\u00e9ranger leurs voisins. Un moment privil\u00e9gi\u00e9 pour tous et<br \/>\ntoutes, car il n\u2019y a pas d\u2019\u00e2ge pour d\u00e9couvrir et appr\u00e9cier la musique de l\u2019orchestre. Le B\u00e9b\u00e9<br \/>\nmusique se tiendra de 10h \u00e0 11h.<\/p>\n<p>Faites vivre \u00e0 vos jeunes enfants l\u2019exp\u00e9rience symphonique, faites-leur vivre des \u00e9motions tout en<br \/>\nleur faisant d\u00e9couvrir les instruments, leurs timbres ainsi que la puissance de l\u2019orchestre.<\/p>\n","protected":false},"excerpt":{"rendered":"<p>Fond\u00e9 en 2016, le concert B\u00e9b\u00e9 musique est une activit\u00e9 adapt\u00e9e aux petits et grands! Durant la r\u00e9p\u00e9tition g\u00e9n\u00e9rale du concert L\u00e9gendes nordiques et interstellaires, nouveaux parents et familles pourront se d\u00e9placer sans crainte de d\u00e9ranger leurs voisins.<\/p>\n","protected":false},"author":1,"featured_media":79152,"comment_status":"open","ping_status":"closed","template":"","meta":{"om_disable_all_campaigns":false,"jetpack_post_was_ever_published":false},"tags":[],"tribe_events_cat":[6487],"acf":[],"jetpack_sharing_enabled":true,"_links":{"self":[{"href":"https:\/\/www.ludwig-van.com\/montreal\/wp-json\/wp\/v2\/tribe_events\/79138"}],"collection":[{"href":"https:\/\/www.ludwig-van.com\/montreal\/wp-json\/wp\/v2\/tribe_events"}],"about":[{"href":"https:\/\/www.ludwig-van.com\/montreal\/wp-json\/wp\/v2\/types\/tribe_events"}],"author":[{"embeddable":true,"href":"https:\/\/www.ludwig-van.com\/montreal\/wp-json\/wp\/v2\/users\/1"}],"replies":[{"embeddable":true,"href":"https:\/\/www.ludwig-van.com\/montreal\/wp-json\/wp\/v2\/comments?post=79138"}],"version-history":[{"count":2,"href":"https:\/\/www.ludwig-van.com\/montreal\/wp-json\/wp\/v2\/tribe_events\/79138\/revisions"}],"predecessor-version":[{"id":79155,"href":"https:\/\/www.ludwig-van.com\/montreal\/wp-json\/wp\/v2\/tribe_events\/79138\/revisions\/79155"}],"wp:featuredmedia":[{"embeddable":true,"href":"https:\/\/www.ludwig-van.com\/montreal\/wp-json\/wp\/v2\/media\/79152"}],"wp:attachment":[{"href":"https:\/\/www.ludwig-van.com\/montreal\/wp-json\/wp\/v2\/media?parent=79138"}],"wp:term":[{"taxonomy":"post_tag","embeddable":true,"href":"https:\/\/www.ludwig-van.com\/montreal\/wp-json\/wp\/v2\/tags?post=79138"},{"taxonomy":"tribe_events_cat","embeddable":true,"href":"https:\/\/www.ludwig-van.com\/montreal\/wp-json\/wp\/v2\/tribe_events_cat?post=79138"}],"curies":[{"name":"wp","href":"https:\/\/api.w.org\/{rel}","templated":true}]}}