{"id":79082,"date":"2023-11-28T11:41:26","date_gmt":"2023-11-28T16:41:26","guid":{"rendered":"https:\/\/www.ludwig-van.com\/montreal\/?post_type=tribe_events&#038;p=79082"},"modified":"2023-11-28T11:41:26","modified_gmt":"2023-11-28T16:41:26","slug":"orchestre-galileo-la-creation-selon-haydn","status":"publish","type":"tribe_events","link":"https:\/\/www.ludwig-van.com\/montreal\/event\/orchestre-galileo-la-creation-selon-haydn\/","title":{"rendered":"Orchestre Galileo | La Cr\u00e9ation selon Haydn"},"content":{"rendered":"<p>Avec le spectacle La Cr\u00e9ation selon Haydn, Galileo<a href=\"https:\/\/www.orchestregalileo.com\/\" target=\"_blank\" rel=\"noopener\"> (www.orchestregalileo.com)<\/a> entend boucler un premier tour de piste des genres musicaux propres \u00e0 la musique symphonique qu\u2019il explore depuis le d\u00e9but de ses op\u00e9rations artistiques, c\u2019est-\u00e0-dire l\u2019oratorio.<\/p>\n<p>Pour ce faire, il s\u2019allie au Ch\u0153ur classique Vaudreuil-Soulanges (<a href=\"http:\/\/choeurcvs.org\" target=\"_blank\" rel=\"noopener\">CCVS &#8211; http:\/\/choeurcvs.org<\/a>), un ensemble qui f\u00eate cette ann\u00e9e ses soixante ans d\u2019existence et dont la r\u00e9putation n\u2019est plus \u00e0 d\u00e9montrer en termes d\u2019engagement dans la pratique de la musique classique et aupr\u00e8s de la communaut\u00e9 qu\u2019il dessert. Plac\u00e9 sous la baguette de Jean-Pascal Hamelin, le CCVS multiplie les r\u00e9alisations de qualit\u00e9 et s\u2019av\u00e8re l\u2019ensemble id\u00e9al afin de concr\u00e9tiser l\u2019aventure.<\/p>\n<p>\u00c0 ce ch\u0153ur s\u2019ajoute trois chanteurs solistes chevronn\u00e9s, aux parcours professionnels av\u00e9r\u00e9s, Andrea N\u00f9nez, soprano, Philippe Gagn\u00e9, t\u00e9nor et Dion Mazerolle, baryton.<\/p>\n<p>Compos\u00e9e en 1798, La Cr\u00e9ation est non seulement consid\u00e9r\u00e9e comme l\u2019une des pi\u00e8ces ma\u00eetresses de l\u2019\u0153uvre de Haydn \u2014 le couronnement de sa carri\u00e8re cr\u00e9atrice en quelque sorte \u2014 mais \u00e9galement comme le prototype d\u2019un genre qui s\u2019imposera au 19e si\u00e8cle, le grand oratorio allemand.<\/p>\n<p>Toutes ces raisons militent en faveur de la production sc\u00e9nique de La Cr\u00e9ation pour le b\u00e9n\u00e9fice de la population de la Mont\u00e9r\u00e9gie-Ouest dans son ensemble et de celle de Vaudreuil-Soulanges en particulier, fort mal desservies sous l\u2019angle de spectacles de musique classique \u00e0 grand d\u00e9ploiement.<\/p>\n","protected":false},"excerpt":{"rendered":"<p>Avec le spectacle La Cr\u00e9ation selon Haydn, Galileo (www.orchestregalileo.com) entend boucler un premier tour de piste des genres musicaux propres \u00e0 la musique symphonique qu\u2019il explore depuis le d\u00e9but de ses op\u00e9rations artistiques, c\u2019est-\u00e0-dire l\u2019oratorio.<\/p>\n","protected":false},"author":1,"featured_media":79088,"comment_status":"open","ping_status":"closed","template":"","meta":{"om_disable_all_campaigns":false,"jetpack_post_was_ever_published":false},"tags":[],"tribe_events_cat":[6487],"acf":[],"jetpack_sharing_enabled":true,"_links":{"self":[{"href":"https:\/\/www.ludwig-van.com\/montreal\/wp-json\/wp\/v2\/tribe_events\/79082"}],"collection":[{"href":"https:\/\/www.ludwig-van.com\/montreal\/wp-json\/wp\/v2\/tribe_events"}],"about":[{"href":"https:\/\/www.ludwig-van.com\/montreal\/wp-json\/wp\/v2\/types\/tribe_events"}],"author":[{"embeddable":true,"href":"https:\/\/www.ludwig-van.com\/montreal\/wp-json\/wp\/v2\/users\/1"}],"replies":[{"embeddable":true,"href":"https:\/\/www.ludwig-van.com\/montreal\/wp-json\/wp\/v2\/comments?post=79082"}],"version-history":[{"count":1,"href":"https:\/\/www.ludwig-van.com\/montreal\/wp-json\/wp\/v2\/tribe_events\/79082\/revisions"}],"predecessor-version":[{"id":79087,"href":"https:\/\/www.ludwig-van.com\/montreal\/wp-json\/wp\/v2\/tribe_events\/79082\/revisions\/79087"}],"wp:featuredmedia":[{"embeddable":true,"href":"https:\/\/www.ludwig-van.com\/montreal\/wp-json\/wp\/v2\/media\/79088"}],"wp:attachment":[{"href":"https:\/\/www.ludwig-van.com\/montreal\/wp-json\/wp\/v2\/media?parent=79082"}],"wp:term":[{"taxonomy":"post_tag","embeddable":true,"href":"https:\/\/www.ludwig-van.com\/montreal\/wp-json\/wp\/v2\/tags?post=79082"},{"taxonomy":"tribe_events_cat","embeddable":true,"href":"https:\/\/www.ludwig-van.com\/montreal\/wp-json\/wp\/v2\/tribe_events_cat?post=79082"}],"curies":[{"name":"wp","href":"https:\/\/api.w.org\/{rel}","templated":true}]}}