{"id":78802,"date":"2023-11-06T09:51:47","date_gmt":"2023-11-06T14:51:47","guid":{"rendered":"https:\/\/www.ludwig-van.com\/montreal\/?post_type=tribe_events&#038;p=78802"},"modified":"2023-11-06T09:51:47","modified_gmt":"2023-11-06T14:51:47","slug":"festival-bach-nuit-des-choeurs","status":"publish","type":"tribe_events","link":"https:\/\/www.ludwig-van.com\/montreal\/event\/festival-bach-nuit-des-choeurs\/","title":{"rendered":"Festival Bach | Nuit des Ch\u0153urs"},"content":{"rendered":"<p>La Nuit des Ch\u0153urs est de retour ! Les principaux ch\u0153urs amateurs de Montr\u00e9al se succ\u00e9deront pour vous charmer et vous divertir avec leurs chants joyeux. L\u2019entr\u00e9e est libre et notre d\u00e9licieux Gl\u00fchwein sera de nouveau servi, avec biscuits allemands et chocolats.<\/p>\n","protected":false},"excerpt":{"rendered":"<p>La Nuit des Ch\u0153urs est de retour ! Les principaux ch\u0153urs amateurs de Montr\u00e9al se succ\u00e9deront pour vous charmer et vous divertir avec leurs chants joyeux.<\/p>\n","protected":false},"author":1,"featured_media":78804,"comment_status":"open","ping_status":"closed","template":"","meta":{"om_disable_all_campaigns":false,"jetpack_post_was_ever_published":false},"tags":[],"tribe_events_cat":[5050],"acf":[],"jetpack_sharing_enabled":true,"_links":{"self":[{"href":"https:\/\/www.ludwig-van.com\/montreal\/wp-json\/wp\/v2\/tribe_events\/78802"}],"collection":[{"href":"https:\/\/www.ludwig-van.com\/montreal\/wp-json\/wp\/v2\/tribe_events"}],"about":[{"href":"https:\/\/www.ludwig-van.com\/montreal\/wp-json\/wp\/v2\/types\/tribe_events"}],"author":[{"embeddable":true,"href":"https:\/\/www.ludwig-van.com\/montreal\/wp-json\/wp\/v2\/users\/1"}],"replies":[{"embeddable":true,"href":"https:\/\/www.ludwig-van.com\/montreal\/wp-json\/wp\/v2\/comments?post=78802"}],"version-history":[{"count":2,"href":"https:\/\/www.ludwig-van.com\/montreal\/wp-json\/wp\/v2\/tribe_events\/78802\/revisions"}],"predecessor-version":[{"id":78805,"href":"https:\/\/www.ludwig-van.com\/montreal\/wp-json\/wp\/v2\/tribe_events\/78802\/revisions\/78805"}],"wp:featuredmedia":[{"embeddable":true,"href":"https:\/\/www.ludwig-van.com\/montreal\/wp-json\/wp\/v2\/media\/78804"}],"wp:attachment":[{"href":"https:\/\/www.ludwig-van.com\/montreal\/wp-json\/wp\/v2\/media?parent=78802"}],"wp:term":[{"taxonomy":"post_tag","embeddable":true,"href":"https:\/\/www.ludwig-van.com\/montreal\/wp-json\/wp\/v2\/tags?post=78802"},{"taxonomy":"tribe_events_cat","embeddable":true,"href":"https:\/\/www.ludwig-van.com\/montreal\/wp-json\/wp\/v2\/tribe_events_cat?post=78802"}],"curies":[{"name":"wp","href":"https:\/\/api.w.org\/{rel}","templated":true}]}}