{"id":78793,"date":"2023-11-06T09:40:38","date_gmt":"2023-11-06T14:40:38","guid":{"rendered":"https:\/\/www.ludwig-van.com\/montreal\/?post_type=tribe_events&#038;p=78793"},"modified":"2023-11-06T09:40:38","modified_gmt":"2023-11-06T14:40:38","slug":"festival-bach-bach-incognito-concert-pour-enfants-de-8-88-ans","status":"publish","type":"tribe_events","link":"https:\/\/www.ludwig-van.com\/montreal\/event\/festival-bach-bach-incognito-concert-pour-enfants-de-8-88-ans\/","title":{"rendered":"Festival Bach | Bach Incognito &#8211; Concert pour enfants (de 8 \u00e0 88 ans)"},"content":{"rendered":"<p>Bach Incognito revient cette ann\u00e9e avec un concert aussi int\u00e9ressant qu\u2019amusant, con\u00e7u pour notre jeune public. Accompagn\u00e9 de ses deux comparses les violonistes Guillaume Villeneuve et Diane Bayard, le jeune chef d\u2019orchestre Francis Choini\u00e8re propose un programme \u00e9clectique entre baroque et romantisme.<\/p>\n<p>&nbsp;<\/p>\n","protected":false},"excerpt":{"rendered":"<p>Bach Incognito revient cette ann\u00e9e avec un concert aussi int\u00e9ressant qu\u2019amusant, con\u00e7u pour notre jeune public.<\/p>\n","protected":false},"author":1,"featured_media":78801,"comment_status":"open","ping_status":"closed","template":"","meta":{"om_disable_all_campaigns":false,"jetpack_post_was_ever_published":false},"tags":[],"tribe_events_cat":[5053],"acf":[],"jetpack_sharing_enabled":true,"_links":{"self":[{"href":"https:\/\/www.ludwig-van.com\/montreal\/wp-json\/wp\/v2\/tribe_events\/78793"}],"collection":[{"href":"https:\/\/www.ludwig-van.com\/montreal\/wp-json\/wp\/v2\/tribe_events"}],"about":[{"href":"https:\/\/www.ludwig-van.com\/montreal\/wp-json\/wp\/v2\/types\/tribe_events"}],"author":[{"embeddable":true,"href":"https:\/\/www.ludwig-van.com\/montreal\/wp-json\/wp\/v2\/users\/1"}],"replies":[{"embeddable":true,"href":"https:\/\/www.ludwig-van.com\/montreal\/wp-json\/wp\/v2\/comments?post=78793"}],"version-history":[{"count":2,"href":"https:\/\/www.ludwig-van.com\/montreal\/wp-json\/wp\/v2\/tribe_events\/78793\/revisions"}],"predecessor-version":[{"id":78800,"href":"https:\/\/www.ludwig-van.com\/montreal\/wp-json\/wp\/v2\/tribe_events\/78793\/revisions\/78800"}],"wp:featuredmedia":[{"embeddable":true,"href":"https:\/\/www.ludwig-van.com\/montreal\/wp-json\/wp\/v2\/media\/78801"}],"wp:attachment":[{"href":"https:\/\/www.ludwig-van.com\/montreal\/wp-json\/wp\/v2\/media?parent=78793"}],"wp:term":[{"taxonomy":"post_tag","embeddable":true,"href":"https:\/\/www.ludwig-van.com\/montreal\/wp-json\/wp\/v2\/tags?post=78793"},{"taxonomy":"tribe_events_cat","embeddable":true,"href":"https:\/\/www.ludwig-van.com\/montreal\/wp-json\/wp\/v2\/tribe_events_cat?post=78793"}],"curies":[{"name":"wp","href":"https:\/\/api.w.org\/{rel}","templated":true}]}}