{"id":78529,"date":"2023-10-21T18:26:44","date_gmt":"2023-10-21T22:26:44","guid":{"rendered":"https:\/\/www.ludwig-van.com\/montreal\/?post_type=tribe_events&#038;p=78529"},"modified":"2024-02-13T11:31:27","modified_gmt":"2024-02-13T16:31:27","slug":"arte-musica-salle-bourgie-hommage-rachel-laurin","status":"publish","type":"tribe_events","link":"https:\/\/www.ludwig-van.com\/montreal\/event\/arte-musica-salle-bourgie-hommage-rachel-laurin\/","title":{"rendered":"Arte Musica &#8211; Salle Bourgie | Hommage \u00e0 Rachel Laurin"},"content":{"rendered":"<p>Organiste virtuose de r\u00e9putation mondiale, Isabelle Demers, \u00e0 c\u00f4t\u00e9 de ses plus brillant.e.s \u00e9l\u00e8ves de l\u2019\u00c9cole de musique Schulich de l\u2019Universit\u00e9 McGill, nous propose un voyage musical autour du riche r\u00e9pertoire pour orgue de Rachel Laurin \u00e0 qui ce concert rend hommage.<\/p>\n","protected":false},"excerpt":{"rendered":"<p>Organiste virtuose de r\u00e9putation mondiale, Isabelle Demers, \u00e0 c\u00f4t\u00e9 de ses plus brillant.e.s \u00e9l\u00e8ves de l\u2019\u00c9cole de musique Schulich de l\u2019Universit\u00e9 McGill, nous propose un voyage musical autour du riche r\u00e9pertoire pour orgue de Rachel Laurin dont ce concert rend hommage.<\/p>\n","protected":false},"author":1,"featured_media":78531,"comment_status":"open","ping_status":"closed","template":"","meta":{"om_disable_all_campaigns":false,"jetpack_post_was_ever_published":false},"tags":[],"tribe_events_cat":[5562],"acf":[],"jetpack_sharing_enabled":true,"_links":{"self":[{"href":"https:\/\/www.ludwig-van.com\/montreal\/wp-json\/wp\/v2\/tribe_events\/78529"}],"collection":[{"href":"https:\/\/www.ludwig-van.com\/montreal\/wp-json\/wp\/v2\/tribe_events"}],"about":[{"href":"https:\/\/www.ludwig-van.com\/montreal\/wp-json\/wp\/v2\/types\/tribe_events"}],"author":[{"embeddable":true,"href":"https:\/\/www.ludwig-van.com\/montreal\/wp-json\/wp\/v2\/users\/1"}],"replies":[{"embeddable":true,"href":"https:\/\/www.ludwig-van.com\/montreal\/wp-json\/wp\/v2\/comments?post=78529"}],"version-history":[{"count":2,"href":"https:\/\/www.ludwig-van.com\/montreal\/wp-json\/wp\/v2\/tribe_events\/78529\/revisions"}],"predecessor-version":[{"id":80000,"href":"https:\/\/www.ludwig-van.com\/montreal\/wp-json\/wp\/v2\/tribe_events\/78529\/revisions\/80000"}],"wp:featuredmedia":[{"embeddable":true,"href":"https:\/\/www.ludwig-van.com\/montreal\/wp-json\/wp\/v2\/media\/78531"}],"wp:attachment":[{"href":"https:\/\/www.ludwig-van.com\/montreal\/wp-json\/wp\/v2\/media?parent=78529"}],"wp:term":[{"taxonomy":"post_tag","embeddable":true,"href":"https:\/\/www.ludwig-van.com\/montreal\/wp-json\/wp\/v2\/tags?post=78529"},{"taxonomy":"tribe_events_cat","embeddable":true,"href":"https:\/\/www.ludwig-van.com\/montreal\/wp-json\/wp\/v2\/tribe_events_cat?post=78529"}],"curies":[{"name":"wp","href":"https:\/\/api.w.org\/{rel}","templated":true}]}}