{"id":78505,"date":"2023-10-21T15:08:39","date_gmt":"2023-10-21T19:08:39","guid":{"rendered":"https:\/\/www.ludwig-van.com\/montreal\/?post_type=tribe_events&#038;p=78505"},"modified":"2023-10-21T15:08:39","modified_gmt":"2023-10-21T19:08:39","slug":"arte-musica-salle-bourgie-concert-du-nouvel-lunaire","status":"publish","type":"tribe_events","link":"https:\/\/www.ludwig-van.com\/montreal\/event\/arte-musica-salle-bourgie-concert-du-nouvel-lunaire\/","title":{"rendered":"Arte Musica &#8211; Salle Bourgie | Concert du Nouvel An lunaire"},"content":{"rendered":"<p>Pour inaugurer le Nouvel An lunaire et l\u2019ann\u00e9e du dragon de bois, Liu Fang, \u00ab l\u2019imp\u00e9ratrice du pipa \u00bb, et Liu Xiyan, excellent joueur de guqin dans un style tao\u00efste traditionnel, nous feront d\u00e9couvrir le r\u00e9pertoire unique et raffin\u00e9 de la musique classique chinoise. Venez c\u00e9l\u00e9brer cet \u00e9v\u00e9nement important en partageant un moment convivial dans une ambiance festive !<\/p>\n","protected":false},"excerpt":{"rendered":"<p>Pour inaugurer le Nouvel An lunaire et l\u2019ann\u00e9e du dragon de bois, Liu Fang, \u00ab l\u2019imp\u00e9ratrice du pipa \u00bb, et Liu Xiyan, excellent joueur de guqin dans un style tao\u00efste traditionnel, nous feront d\u00e9couvrir le r\u00e9pertoire unique et raffin\u00e9 de la musique classique chinoise.<\/p>\n","protected":false},"author":1,"featured_media":78507,"comment_status":"open","ping_status":"closed","template":"","meta":{"om_disable_all_campaigns":false,"jetpack_post_was_ever_published":false},"tags":[],"tribe_events_cat":[6487],"acf":[],"jetpack_sharing_enabled":true,"_links":{"self":[{"href":"https:\/\/www.ludwig-van.com\/montreal\/wp-json\/wp\/v2\/tribe_events\/78505"}],"collection":[{"href":"https:\/\/www.ludwig-van.com\/montreal\/wp-json\/wp\/v2\/tribe_events"}],"about":[{"href":"https:\/\/www.ludwig-van.com\/montreal\/wp-json\/wp\/v2\/types\/tribe_events"}],"author":[{"embeddable":true,"href":"https:\/\/www.ludwig-van.com\/montreal\/wp-json\/wp\/v2\/users\/1"}],"replies":[{"embeddable":true,"href":"https:\/\/www.ludwig-van.com\/montreal\/wp-json\/wp\/v2\/comments?post=78505"}],"version-history":[{"count":1,"href":"https:\/\/www.ludwig-van.com\/montreal\/wp-json\/wp\/v2\/tribe_events\/78505\/revisions"}],"predecessor-version":[{"id":78506,"href":"https:\/\/www.ludwig-van.com\/montreal\/wp-json\/wp\/v2\/tribe_events\/78505\/revisions\/78506"}],"wp:featuredmedia":[{"embeddable":true,"href":"https:\/\/www.ludwig-van.com\/montreal\/wp-json\/wp\/v2\/media\/78507"}],"wp:attachment":[{"href":"https:\/\/www.ludwig-van.com\/montreal\/wp-json\/wp\/v2\/media?parent=78505"}],"wp:term":[{"taxonomy":"post_tag","embeddable":true,"href":"https:\/\/www.ludwig-van.com\/montreal\/wp-json\/wp\/v2\/tags?post=78505"},{"taxonomy":"tribe_events_cat","embeddable":true,"href":"https:\/\/www.ludwig-van.com\/montreal\/wp-json\/wp\/v2\/tribe_events_cat?post=78505"}],"curies":[{"name":"wp","href":"https:\/\/api.w.org\/{rel}","templated":true}]}}