{"id":78502,"date":"2023-10-21T14:50:26","date_gmt":"2023-10-21T18:50:26","guid":{"rendered":"https:\/\/www.ludwig-van.com\/montreal\/?post_type=tribe_events&#038;p=78502"},"modified":"2023-10-21T14:50:26","modified_gmt":"2023-10-21T18:50:26","slug":"arte-musica-salle-bourgie-claude-debussy-images-oubliees","status":"publish","type":"tribe_events","link":"https:\/\/www.ludwig-van.com\/montreal\/event\/arte-musica-salle-bourgie-claude-debussy-images-oubliees\/","title":{"rendered":"Arte Musica &#8211; Salle Bourgie | Claude Debussy : Images oubli\u00e9es"},"content":{"rendered":"<p>Ce concert singulier propose une r\u00e9trospective musicale de la vie de Claude Debussy. R\u00e9invent\u00e9es pour violoncelle et piano par deux musiciens dont la r\u00e9putation n\u2019est plus \u00e0 faire, ces Images oubli\u00e9es dressent un portrait intemporel de ce tr\u00e8s grand nom de l\u2019histoire de la musique.<\/p>\n","protected":false},"excerpt":{"rendered":"<p>Ce concert singulier propose une r\u00e9trospective musicale de la vie de Claude Debussy. R\u00e9invent\u00e9es pour violoncelle et piano par deux musiciens dont la r\u00e9putation n\u2019est plus \u00e0 faire, ces Images oubli\u00e9es dressent un portrait intemporel de ce tr\u00e8s grand nom de l\u2019histoire de la musique.<\/p>\n","protected":false},"author":1,"featured_media":78504,"comment_status":"open","ping_status":"closed","template":"","meta":{"om_disable_all_campaigns":false,"jetpack_post_was_ever_published":false},"tags":[],"tribe_events_cat":[5052],"acf":[],"jetpack_sharing_enabled":true,"_links":{"self":[{"href":"https:\/\/www.ludwig-van.com\/montreal\/wp-json\/wp\/v2\/tribe_events\/78502"}],"collection":[{"href":"https:\/\/www.ludwig-van.com\/montreal\/wp-json\/wp\/v2\/tribe_events"}],"about":[{"href":"https:\/\/www.ludwig-van.com\/montreal\/wp-json\/wp\/v2\/types\/tribe_events"}],"author":[{"embeddable":true,"href":"https:\/\/www.ludwig-van.com\/montreal\/wp-json\/wp\/v2\/users\/1"}],"replies":[{"embeddable":true,"href":"https:\/\/www.ludwig-van.com\/montreal\/wp-json\/wp\/v2\/comments?post=78502"}],"version-history":[{"count":1,"href":"https:\/\/www.ludwig-van.com\/montreal\/wp-json\/wp\/v2\/tribe_events\/78502\/revisions"}],"predecessor-version":[{"id":78503,"href":"https:\/\/www.ludwig-van.com\/montreal\/wp-json\/wp\/v2\/tribe_events\/78502\/revisions\/78503"}],"wp:featuredmedia":[{"embeddable":true,"href":"https:\/\/www.ludwig-van.com\/montreal\/wp-json\/wp\/v2\/media\/78504"}],"wp:attachment":[{"href":"https:\/\/www.ludwig-van.com\/montreal\/wp-json\/wp\/v2\/media?parent=78502"}],"wp:term":[{"taxonomy":"post_tag","embeddable":true,"href":"https:\/\/www.ludwig-van.com\/montreal\/wp-json\/wp\/v2\/tags?post=78502"},{"taxonomy":"tribe_events_cat","embeddable":true,"href":"https:\/\/www.ludwig-van.com\/montreal\/wp-json\/wp\/v2\/tribe_events_cat?post=78502"}],"curies":[{"name":"wp","href":"https:\/\/api.w.org\/{rel}","templated":true}]}}