{"id":78485,"date":"2023-10-21T11:44:13","date_gmt":"2023-10-21T15:44:13","guid":{"rendered":"https:\/\/www.ludwig-van.com\/montreal\/?post_type=tribe_events&#038;p=78485"},"modified":"2023-10-21T11:44:13","modified_gmt":"2023-10-21T15:44:13","slug":"club-musical-de-quebec-elisabeth-st-gelais-soprano","status":"publish","type":"tribe_events","link":"https:\/\/www.ludwig-van.com\/montreal\/event\/club-musical-de-quebec-elisabeth-st-gelais-soprano\/","title":{"rendered":"Club musical de Qu\u00e9bec | Elisabeth St-Gelais, soprano"},"content":{"rendered":"<p><strong>Chant et piano<\/strong><\/p>\n<p>C\u2019est une grande ann\u00e9e pour la soprano innue Elisabeth St-Gelais, qui cumule en quelques mois les r\u00e9compenses de R\u00e9v\u00e9lation classique Radio-Canada 2023-2024 et le Prix d\u2019Europe 2023! L\u2019ann\u00e9e 2022 a elle aussi \u00e9t\u00e9 bien garnie avec le Wirth Vocal Prize de l\u2019Universit\u00e9 McGill et sa pr\u00e9sence sur la prestigieuse liste CBC \u00ab 30 Hot Canadian Classical Musicians Under 30 \u00bb. Nous nous r\u00e9jouissons donc de participer \u00e0 l\u2019essor de cette nouvelle \u00e9toile, accompagn\u00e9e au piano par Louise Pelletier, qui a guid\u00e9 de nombreux dipl\u00f4m\u00e9s de l\u2019Universit\u00e9 McGill.<\/p>\n<p>&nbsp;<\/p>\n","protected":false},"excerpt":{"rendered":"<p>C\u2019est une grande ann\u00e9e pour la soprano innue Elisabeth St-Gelais, qui cumule en quelques mois les r\u00e9compenses de R\u00e9v\u00e9lation classique Radio-Canada 2023-2024 et le Prix d\u2019Europe 2023!<\/p>\n","protected":false},"author":1,"featured_media":78482,"comment_status":"open","ping_status":"closed","template":"","meta":{"om_disable_all_campaigns":false,"jetpack_post_was_ever_published":false},"tags":[],"tribe_events_cat":[4992],"acf":[],"jetpack_sharing_enabled":true,"_links":{"self":[{"href":"https:\/\/www.ludwig-van.com\/montreal\/wp-json\/wp\/v2\/tribe_events\/78485"}],"collection":[{"href":"https:\/\/www.ludwig-van.com\/montreal\/wp-json\/wp\/v2\/tribe_events"}],"about":[{"href":"https:\/\/www.ludwig-van.com\/montreal\/wp-json\/wp\/v2\/types\/tribe_events"}],"author":[{"embeddable":true,"href":"https:\/\/www.ludwig-van.com\/montreal\/wp-json\/wp\/v2\/users\/1"}],"replies":[{"embeddable":true,"href":"https:\/\/www.ludwig-van.com\/montreal\/wp-json\/wp\/v2\/comments?post=78485"}],"version-history":[{"count":2,"href":"https:\/\/www.ludwig-van.com\/montreal\/wp-json\/wp\/v2\/tribe_events\/78485\/revisions"}],"predecessor-version":[{"id":78487,"href":"https:\/\/www.ludwig-van.com\/montreal\/wp-json\/wp\/v2\/tribe_events\/78485\/revisions\/78487"}],"wp:featuredmedia":[{"embeddable":true,"href":"https:\/\/www.ludwig-van.com\/montreal\/wp-json\/wp\/v2\/media\/78482"}],"wp:attachment":[{"href":"https:\/\/www.ludwig-van.com\/montreal\/wp-json\/wp\/v2\/media?parent=78485"}],"wp:term":[{"taxonomy":"post_tag","embeddable":true,"href":"https:\/\/www.ludwig-van.com\/montreal\/wp-json\/wp\/v2\/tags?post=78485"},{"taxonomy":"tribe_events_cat","embeddable":true,"href":"https:\/\/www.ludwig-van.com\/montreal\/wp-json\/wp\/v2\/tribe_events_cat?post=78485"}],"curies":[{"name":"wp","href":"https:\/\/api.w.org\/{rel}","templated":true}]}}