{"id":78479,"date":"2023-10-21T11:35:10","date_gmt":"2023-10-21T15:35:10","guid":{"rendered":"https:\/\/www.ludwig-van.com\/montreal\/?post_type=tribe_events&#038;p=78479"},"modified":"2023-10-21T17:43:45","modified_gmt":"2023-10-21T21:43:45","slug":"club-musical-de-quebec-mozart-de-la-joie-la-tristesse","status":"publish","type":"tribe_events","link":"https:\/\/www.ludwig-van.com\/montreal\/event\/club-musical-de-quebec-mozart-de-la-joie-la-tristesse\/","title":{"rendered":"Club musical de Qu\u00e9bec | Mozart, de la joie \u00e0 la tristesse"},"content":{"rendered":"<p><strong>Antoine Bareil, violon; Juan-Miguel Hernandez, alto; Cameron Crozman, violoncelle; Luc Beaus\u00e9jour, pianoforte<\/strong><\/p>\n<p>Pour inaugurer les \u00c9chos du territoire, nous vous offrons une pr\u00e9sentation de la s\u00e9rie montr\u00e9alaise Clavecin en concert, dirig\u00e9e par Luc Beaus\u00e9jour. Autour de lui et du magnifique Quatuor avec piano en sol mineur de Mozart se greffent d\u2019autres \u0153uvres du compositeur, ainsi que quelques figures de proue du foisonnant milieu musical de la m\u00e9tropole. C\u2019est aussi une rare chance d\u2019entendre le pianoforte appartenant \u00e0 la Fondation des Violons du Roy.<\/p>\n<p>&nbsp;<\/p>\n","protected":false},"excerpt":{"rendered":"<p>Pour inaugurer les \u00c9chos du territoire, nous vous offrons une pr\u00e9sentation de la s\u00e9rie montr\u00e9alaise Clavecin en concert, dirig\u00e9e par Luc Beaus\u00e9jour.<\/p>\n","protected":false},"author":1,"featured_media":78481,"comment_status":"open","ping_status":"closed","template":"","meta":{"om_disable_all_campaigns":false,"jetpack_post_was_ever_published":false},"tags":[],"tribe_events_cat":[35820],"acf":[],"jetpack_sharing_enabled":true,"_links":{"self":[{"href":"https:\/\/www.ludwig-van.com\/montreal\/wp-json\/wp\/v2\/tribe_events\/78479"}],"collection":[{"href":"https:\/\/www.ludwig-van.com\/montreal\/wp-json\/wp\/v2\/tribe_events"}],"about":[{"href":"https:\/\/www.ludwig-van.com\/montreal\/wp-json\/wp\/v2\/types\/tribe_events"}],"author":[{"embeddable":true,"href":"https:\/\/www.ludwig-van.com\/montreal\/wp-json\/wp\/v2\/users\/1"}],"replies":[{"embeddable":true,"href":"https:\/\/www.ludwig-van.com\/montreal\/wp-json\/wp\/v2\/comments?post=78479"}],"version-history":[{"count":4,"href":"https:\/\/www.ludwig-van.com\/montreal\/wp-json\/wp\/v2\/tribe_events\/78479\/revisions"}],"predecessor-version":[{"id":78520,"href":"https:\/\/www.ludwig-van.com\/montreal\/wp-json\/wp\/v2\/tribe_events\/78479\/revisions\/78520"}],"wp:featuredmedia":[{"embeddable":true,"href":"https:\/\/www.ludwig-van.com\/montreal\/wp-json\/wp\/v2\/media\/78481"}],"wp:attachment":[{"href":"https:\/\/www.ludwig-van.com\/montreal\/wp-json\/wp\/v2\/media?parent=78479"}],"wp:term":[{"taxonomy":"post_tag","embeddable":true,"href":"https:\/\/www.ludwig-van.com\/montreal\/wp-json\/wp\/v2\/tags?post=78479"},{"taxonomy":"tribe_events_cat","embeddable":true,"href":"https:\/\/www.ludwig-van.com\/montreal\/wp-json\/wp\/v2\/tribe_events_cat?post=78479"}],"curies":[{"name":"wp","href":"https:\/\/api.w.org\/{rel}","templated":true}]}}