{"id":78390,"date":"2023-10-17T16:36:33","date_gmt":"2023-10-17T20:36:33","guid":{"rendered":"https:\/\/www.ludwig-van.com\/montreal\/?post_type=tribe_events&#038;p=78390"},"modified":"2023-10-17T16:36:33","modified_gmt":"2023-10-17T20:36:33","slug":"societe-chorale-du-plateau-mont-royal-romances-ballades-et-chants-damour","status":"publish","type":"tribe_events","link":"https:\/\/www.ludwig-van.com\/montreal\/event\/societe-chorale-du-plateau-mont-royal-romances-ballades-et-chants-damour\/2023-11-19\/","title":{"rendered":"Soci\u00e9t\u00e9 chorale du Plateau-Mont-Royal | Romances, ballades et chants d&rsquo;amour"},"content":{"rendered":"<p><strong>Liebeslieder Opus 52 de Johannes Brahms<\/strong><\/p>\n<p>Liebeslieder (Chants d\u2019amour) est une \u00e9vocation de la passion amoureuse mettant en regard la filiation de trois grands compositeurs allemands de la p\u00e9riode romantique, autour des c\u00e9l\u00e8bres valses d\u2019amour de Brahms pour ch\u0153ur et piano \u00e0 quatre mains. Les \u0153uvres choisies ont \u00e9t\u00e9 compos\u00e9es \u00e0 partir des plus beaux textes d\u2019amour \u00e9crits par des auteurs romantiques, tels que Goethe, Heine, Eichendorff, M\u00f6rike, Geibel\u2026 Mendelssohn, t\u00e9moin privil\u00e9gi\u00e9 de la relation \u00e9troite du couple mythique.<\/p>\n<p>Les mots, transfigur\u00e9s par la musique, forment la mati\u00e8re po\u00e9tique de ce programme. Il s\u2019attache \u00e0 r\u00e9v\u00e9ler les liens entre les trois compositeurs qui s\u2019inscrivent dans une tradition et une lign\u00e9e musicale continue, chacun \u00e9tant h\u00e9ritier de la pens\u00e9e de ses a\u00een\u00e9s et inspirateur de la g\u00e9n\u00e9ration suivante.<\/p>\n","protected":false},"excerpt":{"rendered":"<p>Liebeslieder (Chants d\u2019amour) est une \u00e9vocation de la passion amoureuse mettant en regard la filiation de trois grands compositeurs allemands de la p\u00e9riode romantique, autour des c\u00e9l\u00e8bres valses d\u2019amour de Brahms pour ch\u0153ur et piano \u00e0 quatre mains.<\/p>\n","protected":false},"author":1,"featured_media":78394,"comment_status":"open","ping_status":"closed","template":"","meta":{"om_disable_all_campaigns":false,"jetpack_post_was_ever_published":false},"tags":[],"tribe_events_cat":[34640],"acf":[],"jetpack_sharing_enabled":true,"_links":{"self":[{"href":"https:\/\/www.ludwig-van.com\/montreal\/wp-json\/wp\/v2\/tribe_events\/78390"}],"collection":[{"href":"https:\/\/www.ludwig-van.com\/montreal\/wp-json\/wp\/v2\/tribe_events"}],"about":[{"href":"https:\/\/www.ludwig-van.com\/montreal\/wp-json\/wp\/v2\/types\/tribe_events"}],"author":[{"embeddable":true,"href":"https:\/\/www.ludwig-van.com\/montreal\/wp-json\/wp\/v2\/users\/1"}],"replies":[{"embeddable":true,"href":"https:\/\/www.ludwig-van.com\/montreal\/wp-json\/wp\/v2\/comments?post=78390"}],"version-history":[{"count":1,"href":"https:\/\/www.ludwig-van.com\/montreal\/wp-json\/wp\/v2\/tribe_events\/78390\/revisions"}],"predecessor-version":[{"id":78391,"href":"https:\/\/www.ludwig-van.com\/montreal\/wp-json\/wp\/v2\/tribe_events\/78390\/revisions\/78391"}],"wp:featuredmedia":[{"embeddable":true,"href":"https:\/\/www.ludwig-van.com\/montreal\/wp-json\/wp\/v2\/media\/78394"}],"wp:attachment":[{"href":"https:\/\/www.ludwig-van.com\/montreal\/wp-json\/wp\/v2\/media?parent=78390"}],"wp:term":[{"taxonomy":"post_tag","embeddable":true,"href":"https:\/\/www.ludwig-van.com\/montreal\/wp-json\/wp\/v2\/tags?post=78390"},{"taxonomy":"tribe_events_cat","embeddable":true,"href":"https:\/\/www.ludwig-van.com\/montreal\/wp-json\/wp\/v2\/tribe_events_cat?post=78390"}],"curies":[{"name":"wp","href":"https:\/\/api.w.org\/{rel}","templated":true}]}}