{"id":78300,"date":"2023-10-10T17:20:16","date_gmt":"2023-10-10T21:20:16","guid":{"rendered":"https:\/\/www.ludwig-van.com\/montreal\/?post_type=tribe_events&#038;p=78300"},"modified":"2023-10-10T17:20:16","modified_gmt":"2023-10-10T21:20:16","slug":"festival-bach-capella-cracoviensis","status":"publish","type":"tribe_events","link":"https:\/\/www.ludwig-van.com\/montreal\/event\/festival-bach-capella-cracoviensis\/","title":{"rendered":"Festival Bach | Capella Cracoviensis"},"content":{"rendered":"<p>Fond\u00e9e en 1970 \u00e0 Cracovie par le compositeur, musicologue et chef d\u2019orchestre Stanis\u0142aw Ga\u0142o\u0144ski, la Capella Cracoviensis comprend un ensemble jouant sur instrument d\u2019\u00e9poque et un ch\u0153ur de chambre. Se sp\u00e9cialisant dans le r\u00e9pertoire de la Renaissance, du baroque polonais et de la musique de chambre classique, l\u2019ensemble est consid\u00e9r\u00e9 comme l\u2019un des plus important et remarquable de Pologne.<\/p>\n","protected":false},"excerpt":{"rendered":"<p>Fond\u00e9e en 1970 \u00e0 Cracovie par le compositeur, musicologue et chef d\u2019orchestre Stanis\u0142aw Ga\u0142o\u0144ski, la Capella Cracoviensis comprend un ensemble jouant sur instrument d\u2019\u00e9poque et un ch\u0153ur de chambre.<\/p>\n","protected":false},"author":1,"featured_media":78301,"comment_status":"open","ping_status":"closed","template":"","meta":{"om_disable_all_campaigns":false,"jetpack_post_was_ever_published":false},"tags":[],"tribe_events_cat":[5053],"acf":[],"jetpack_sharing_enabled":true,"_links":{"self":[{"href":"https:\/\/www.ludwig-van.com\/montreal\/wp-json\/wp\/v2\/tribe_events\/78300"}],"collection":[{"href":"https:\/\/www.ludwig-van.com\/montreal\/wp-json\/wp\/v2\/tribe_events"}],"about":[{"href":"https:\/\/www.ludwig-van.com\/montreal\/wp-json\/wp\/v2\/types\/tribe_events"}],"author":[{"embeddable":true,"href":"https:\/\/www.ludwig-van.com\/montreal\/wp-json\/wp\/v2\/users\/1"}],"replies":[{"embeddable":true,"href":"https:\/\/www.ludwig-van.com\/montreal\/wp-json\/wp\/v2\/comments?post=78300"}],"version-history":[{"count":1,"href":"https:\/\/www.ludwig-van.com\/montreal\/wp-json\/wp\/v2\/tribe_events\/78300\/revisions"}],"predecessor-version":[{"id":78302,"href":"https:\/\/www.ludwig-van.com\/montreal\/wp-json\/wp\/v2\/tribe_events\/78300\/revisions\/78302"}],"wp:featuredmedia":[{"embeddable":true,"href":"https:\/\/www.ludwig-van.com\/montreal\/wp-json\/wp\/v2\/media\/78301"}],"wp:attachment":[{"href":"https:\/\/www.ludwig-van.com\/montreal\/wp-json\/wp\/v2\/media?parent=78300"}],"wp:term":[{"taxonomy":"post_tag","embeddable":true,"href":"https:\/\/www.ludwig-van.com\/montreal\/wp-json\/wp\/v2\/tags?post=78300"},{"taxonomy":"tribe_events_cat","embeddable":true,"href":"https:\/\/www.ludwig-van.com\/montreal\/wp-json\/wp\/v2\/tribe_events_cat?post=78300"}],"curies":[{"name":"wp","href":"https:\/\/api.w.org\/{rel}","templated":true}]}}