{"id":78285,"date":"2023-10-10T16:09:53","date_gmt":"2023-10-10T20:09:53","guid":{"rendered":"https:\/\/www.ludwig-van.com\/montreal\/?post_type=tribe_events&#038;p=78285"},"modified":"2023-10-10T16:09:53","modified_gmt":"2023-10-10T20:09:53","slug":"festival-bach-concert-dorgue-bach-et-litalie","status":"publish","type":"tribe_events","link":"https:\/\/www.ludwig-van.com\/montreal\/event\/festival-bach-concert-dorgue-bach-et-litalie\/","title":{"rendered":"Festival Bach | Concert d&rsquo;orgue &#8211; Bach et l&rsquo;Italie"},"content":{"rendered":"<p>\u00ab\u00a0Amsterdam, 1717. Un jeune prince Allemand est sur le point de quitter la ville, ses malles pleines d\u2019une musique qu\u2019il s\u2019empresse de rapporter \u00e0 sa cour. Il emporte avec lui un volume de l\u2019Estro Armonico, le recueil de concertos pour violon de Vivaldi publi\u00e9 quelques ann\u00e9es plus t\u00f4t. Le Prince est impatient, il tient \u00e0 faire d\u00e9couvrir cette musique au Ma\u00eetre de Chapelle de sa cour fra\u00eechement engag\u00e9: un certain Johann Sebastian Bach\u2026 C\u2019est de cette rencontre extraordinaire entre deux g\u00e9nies de la musique, par manuscrits interpos\u00e9s, qu\u2019est n\u00e9 le programme de ce concert. Vous appr\u00e9cierez ici les talents d\u2019un Bach arrangeur, transposant la virtuosit\u00e9 des violons de Vivaldi que les claviers de l\u2019orgue avec la maestria qui le caract\u00e9rise. Et l\u2019occasion de d\u00e9couvrir comment, au fil des copies et des arrangements, l\u2019exub\u00e9rante sensibilit\u00e9 du style italien finit par d\u00e9teindre sur les compositions originales du ma\u00eetre Allemand.\u00a0\u00bb (Le Cercle des Amis d\u2019Etienne Berny)<\/p>\n","protected":false},"excerpt":{"rendered":"<p>\u00ab\u00a0Amsterdam, 1717. Un jeune prince Allemand est sur le point de quitter la ville, ses malles pleines d\u2019une musique qu\u2019il s\u2019empresse de rapporter \u00e0 sa cour.<\/p>\n","protected":false},"author":1,"featured_media":78287,"comment_status":"open","ping_status":"closed","template":"","meta":{"om_disable_all_campaigns":false,"jetpack_post_was_ever_published":false},"tags":[],"tribe_events_cat":[5562],"acf":[],"jetpack_sharing_enabled":true,"_links":{"self":[{"href":"https:\/\/www.ludwig-van.com\/montreal\/wp-json\/wp\/v2\/tribe_events\/78285"}],"collection":[{"href":"https:\/\/www.ludwig-van.com\/montreal\/wp-json\/wp\/v2\/tribe_events"}],"about":[{"href":"https:\/\/www.ludwig-van.com\/montreal\/wp-json\/wp\/v2\/types\/tribe_events"}],"author":[{"embeddable":true,"href":"https:\/\/www.ludwig-van.com\/montreal\/wp-json\/wp\/v2\/users\/1"}],"replies":[{"embeddable":true,"href":"https:\/\/www.ludwig-van.com\/montreal\/wp-json\/wp\/v2\/comments?post=78285"}],"version-history":[{"count":1,"href":"https:\/\/www.ludwig-van.com\/montreal\/wp-json\/wp\/v2\/tribe_events\/78285\/revisions"}],"predecessor-version":[{"id":78286,"href":"https:\/\/www.ludwig-van.com\/montreal\/wp-json\/wp\/v2\/tribe_events\/78285\/revisions\/78286"}],"wp:featuredmedia":[{"embeddable":true,"href":"https:\/\/www.ludwig-van.com\/montreal\/wp-json\/wp\/v2\/media\/78287"}],"wp:attachment":[{"href":"https:\/\/www.ludwig-van.com\/montreal\/wp-json\/wp\/v2\/media?parent=78285"}],"wp:term":[{"taxonomy":"post_tag","embeddable":true,"href":"https:\/\/www.ludwig-van.com\/montreal\/wp-json\/wp\/v2\/tags?post=78285"},{"taxonomy":"tribe_events_cat","embeddable":true,"href":"https:\/\/www.ludwig-van.com\/montreal\/wp-json\/wp\/v2\/tribe_events_cat?post=78285"}],"curies":[{"name":"wp","href":"https:\/\/api.w.org\/{rel}","templated":true}]}}