{"id":78111,"date":"2023-09-25T18:03:33","date_gmt":"2023-09-25T22:03:33","guid":{"rendered":"https:\/\/www.ludwig-van.com\/montreal\/?post_type=tribe_events&#038;p=78111"},"modified":"2023-09-25T18:03:33","modified_gmt":"2023-09-25T22:03:33","slug":"faculte-de-musique-de-luniversite-de-montreal-la-releve-du-jazz-jouee-par-le-big-band","status":"publish","type":"tribe_events","link":"https:\/\/www.ludwig-van.com\/montreal\/event\/faculte-de-musique-de-luniversite-de-montreal-la-releve-du-jazz-jouee-par-le-big-band\/","title":{"rendered":"Facult\u00e9 de musique de l\u2019Universit\u00e9 de Montr\u00e9al | La rel\u00e8ve du jazz jou\u00e9e par le Big Band"},"content":{"rendered":"<p>Un grand concert jazz qui fera briller le Big Band de l\u2019Universit\u00e9 de Montr\u00e9al et son nouveau directeur musical, le trompettiste br\u00e9silien Jo\u00e3o Lenhari, de m\u00eame que la rel\u00e8ve en composition jazz!<\/p>\n<p>Lors de cette soir\u00e9e, vous d\u00e9couvrirez les cr\u00e9ations originales et arrangements des \u00e9tudiantes et \u00e9tudiants de la classe de Jean-Nicolas Trottier, interpr\u00e9t\u00e9es par le Big Band.<\/p>\n","protected":false},"excerpt":{"rendered":"<p>Un grand concert jazz qui fera briller le Big Band de l\u2019Universit\u00e9 de Montr\u00e9al et son nouveau directeur musical, le trompettiste br\u00e9silien Jo\u00e3o Lenhari, de m\u00eame que la rel\u00e8ve en composition jazz!<\/p>\n","protected":false},"author":1,"featured_media":78113,"comment_status":"open","ping_status":"closed","template":"","meta":{"om_disable_all_campaigns":false,"jetpack_post_was_ever_published":false},"tags":[],"tribe_events_cat":[5501],"acf":[],"jetpack_sharing_enabled":true,"_links":{"self":[{"href":"https:\/\/www.ludwig-van.com\/montreal\/wp-json\/wp\/v2\/tribe_events\/78111"}],"collection":[{"href":"https:\/\/www.ludwig-van.com\/montreal\/wp-json\/wp\/v2\/tribe_events"}],"about":[{"href":"https:\/\/www.ludwig-van.com\/montreal\/wp-json\/wp\/v2\/types\/tribe_events"}],"author":[{"embeddable":true,"href":"https:\/\/www.ludwig-van.com\/montreal\/wp-json\/wp\/v2\/users\/1"}],"replies":[{"embeddable":true,"href":"https:\/\/www.ludwig-van.com\/montreal\/wp-json\/wp\/v2\/comments?post=78111"}],"version-history":[{"count":1,"href":"https:\/\/www.ludwig-van.com\/montreal\/wp-json\/wp\/v2\/tribe_events\/78111\/revisions"}],"predecessor-version":[{"id":78112,"href":"https:\/\/www.ludwig-van.com\/montreal\/wp-json\/wp\/v2\/tribe_events\/78111\/revisions\/78112"}],"wp:featuredmedia":[{"embeddable":true,"href":"https:\/\/www.ludwig-van.com\/montreal\/wp-json\/wp\/v2\/media\/78113"}],"wp:attachment":[{"href":"https:\/\/www.ludwig-van.com\/montreal\/wp-json\/wp\/v2\/media?parent=78111"}],"wp:term":[{"taxonomy":"post_tag","embeddable":true,"href":"https:\/\/www.ludwig-van.com\/montreal\/wp-json\/wp\/v2\/tags?post=78111"},{"taxonomy":"tribe_events_cat","embeddable":true,"href":"https:\/\/www.ludwig-van.com\/montreal\/wp-json\/wp\/v2\/tribe_events_cat?post=78111"}],"curies":[{"name":"wp","href":"https:\/\/api.w.org\/{rel}","templated":true}]}}