{"id":78048,"date":"2023-09-25T09:35:05","date_gmt":"2023-09-25T13:35:05","guid":{"rendered":"https:\/\/www.ludwig-van.com\/montreal\/?post_type=tribe_events&#038;p=78048"},"modified":"2023-09-25T09:35:05","modified_gmt":"2023-09-25T13:35:05","slug":"les-idees-heureuses-chaconne-et-chocolat-delectations-allemandes","status":"publish","type":"tribe_events","link":"https:\/\/www.ludwig-van.com\/montreal\/event\/les-idees-heureuses-chaconne-et-chocolat-delectations-allemandes\/","title":{"rendered":"Les Id\u00e9es heureuses | Chaconne et chocolat : D\u00e9lectations allemandes"},"content":{"rendered":"<p>Suite au succ\u00e8s des deux premi\u00e8res \u00e9ditions de cette s\u00e9rie, le concert Chaconne et Chocolat : d\u00e9lectations allemandes, propose un programme instrumental, autour de la fascinante danse et forme musicale qu\u2019est la chaconne. Un programme allemand du 17e et 18e si\u00e8cle, mettant en vedette les premi\u00e8res chaises de l\u2019ensemble.<\/p>\n<p>Et pourquoi le chocolat ? Tous ceux qui ont go\u00fbt\u00e9 \u00e0 la chaconne connaissent la difficult\u00e9 de se r\u00e9soudre \u00e0 ce qu\u2019elle se termine, tel un chocolat qui fond. G\u00e2terie suivant la d\u00e9lectation, des chocolats propos\u00e9s au public \u00e0 la fin du concert prolongeront l\u2019exp\u00e9rience de concert.<\/p>\n<p>&nbsp;<\/p>\n","protected":false},"excerpt":{"rendered":"<p>Suite au succ\u00e8s des deux premi\u00e8res \u00e9ditions de cette s\u00e9rie, le concert Chaconne et Chocolat : d\u00e9lectations allemandes, propose un programme instrumental, autour de la fascinante danse et forme musicale qu\u2019est la chaconne.<\/p>\n","protected":false},"author":1,"featured_media":78050,"comment_status":"open","ping_status":"closed","template":"","meta":{"om_disable_all_campaigns":false,"jetpack_post_was_ever_published":false},"tags":[],"tribe_events_cat":[5053],"acf":[],"jetpack_sharing_enabled":true,"_links":{"self":[{"href":"https:\/\/www.ludwig-van.com\/montreal\/wp-json\/wp\/v2\/tribe_events\/78048"}],"collection":[{"href":"https:\/\/www.ludwig-van.com\/montreal\/wp-json\/wp\/v2\/tribe_events"}],"about":[{"href":"https:\/\/www.ludwig-van.com\/montreal\/wp-json\/wp\/v2\/types\/tribe_events"}],"author":[{"embeddable":true,"href":"https:\/\/www.ludwig-van.com\/montreal\/wp-json\/wp\/v2\/users\/1"}],"replies":[{"embeddable":true,"href":"https:\/\/www.ludwig-van.com\/montreal\/wp-json\/wp\/v2\/comments?post=78048"}],"version-history":[{"count":1,"href":"https:\/\/www.ludwig-van.com\/montreal\/wp-json\/wp\/v2\/tribe_events\/78048\/revisions"}],"predecessor-version":[{"id":78049,"href":"https:\/\/www.ludwig-van.com\/montreal\/wp-json\/wp\/v2\/tribe_events\/78048\/revisions\/78049"}],"wp:featuredmedia":[{"embeddable":true,"href":"https:\/\/www.ludwig-van.com\/montreal\/wp-json\/wp\/v2\/media\/78050"}],"wp:attachment":[{"href":"https:\/\/www.ludwig-van.com\/montreal\/wp-json\/wp\/v2\/media?parent=78048"}],"wp:term":[{"taxonomy":"post_tag","embeddable":true,"href":"https:\/\/www.ludwig-van.com\/montreal\/wp-json\/wp\/v2\/tags?post=78048"},{"taxonomy":"tribe_events_cat","embeddable":true,"href":"https:\/\/www.ludwig-van.com\/montreal\/wp-json\/wp\/v2\/tribe_events_cat?post=78048"}],"curies":[{"name":"wp","href":"https:\/\/api.w.org\/{rel}","templated":true}]}}