{"id":78044,"date":"2023-09-25T09:19:02","date_gmt":"2023-09-25T13:19:02","guid":{"rendered":"https:\/\/www.ludwig-van.com\/montreal\/?post_type=tribe_events&#038;p=78044"},"modified":"2023-09-25T09:19:02","modified_gmt":"2023-09-25T13:19:02","slug":"les-idees-heureuses-letoile-de-la-mer","status":"publish","type":"tribe_events","link":"https:\/\/www.ludwig-van.com\/montreal\/event\/les-idees-heureuses-letoile-de-la-mer\/","title":{"rendered":"Les Id\u00e9es heureuses | L&rsquo;\u00e9toile de la mer"},"content":{"rendered":"<h3>En webdiffusion seulement<\/h3>\n<p>\u0152uvres musicales compos\u00e9es entre le 13e et le 21e si\u00e8cle sur l\u2019un des grands po\u00e8mes m\u00e9di\u00e9vaux Alma Redemptoris Mater, d\u00e9di\u00e9 \u00e0 la Vierge Marie. Cette pri\u00e8re, chant\u00e9e le premier dimanche de l\u2019Avent, nomme Marie comme \u00e9tant l\u2019\u00ab \u00e9toile de la mer \u00bb, l\u2019une des \u00e9tymologies de son pr\u00e9nom.<\/p>\n<p>Les \u0153uvres de ce concert couvrent diff\u00e9rents styles tant italien, qu\u2019allemand, franco-flamand, anglais ou fran\u00e7ais.<\/p>\n<p>Concert pr\u00e9sent\u00e9 en collaboration avec le Festival Classica.<\/p>\n","protected":false},"excerpt":{"rendered":"<p>\u0152uvres musicales compos\u00e9es entre le 13e et le 21e si\u00e8cle sur l\u2019un des grands po\u00e8mes m\u00e9di\u00e9vaux Alma Redemptoris Mater, d\u00e9di\u00e9 \u00e0 la Vierge Marie.<\/p>\n","protected":false},"author":1,"featured_media":78046,"comment_status":"open","ping_status":"closed","template":"","meta":{"om_disable_all_campaigns":false,"jetpack_post_was_ever_published":false},"tags":[],"tribe_events_cat":[5053],"acf":[],"jetpack_sharing_enabled":true,"_links":{"self":[{"href":"https:\/\/www.ludwig-van.com\/montreal\/wp-json\/wp\/v2\/tribe_events\/78044"}],"collection":[{"href":"https:\/\/www.ludwig-van.com\/montreal\/wp-json\/wp\/v2\/tribe_events"}],"about":[{"href":"https:\/\/www.ludwig-van.com\/montreal\/wp-json\/wp\/v2\/types\/tribe_events"}],"author":[{"embeddable":true,"href":"https:\/\/www.ludwig-van.com\/montreal\/wp-json\/wp\/v2\/users\/1"}],"replies":[{"embeddable":true,"href":"https:\/\/www.ludwig-van.com\/montreal\/wp-json\/wp\/v2\/comments?post=78044"}],"version-history":[{"count":2,"href":"https:\/\/www.ludwig-van.com\/montreal\/wp-json\/wp\/v2\/tribe_events\/78044\/revisions"}],"predecessor-version":[{"id":78047,"href":"https:\/\/www.ludwig-van.com\/montreal\/wp-json\/wp\/v2\/tribe_events\/78044\/revisions\/78047"}],"wp:featuredmedia":[{"embeddable":true,"href":"https:\/\/www.ludwig-van.com\/montreal\/wp-json\/wp\/v2\/media\/78046"}],"wp:attachment":[{"href":"https:\/\/www.ludwig-van.com\/montreal\/wp-json\/wp\/v2\/media?parent=78044"}],"wp:term":[{"taxonomy":"post_tag","embeddable":true,"href":"https:\/\/www.ludwig-van.com\/montreal\/wp-json\/wp\/v2\/tags?post=78044"},{"taxonomy":"tribe_events_cat","embeddable":true,"href":"https:\/\/www.ludwig-van.com\/montreal\/wp-json\/wp\/v2\/tribe_events_cat?post=78044"}],"curies":[{"name":"wp","href":"https:\/\/api.w.org\/{rel}","templated":true}]}}