{"id":77973,"date":"2023-09-19T11:34:38","date_gmt":"2023-09-19T15:34:38","guid":{"rendered":"https:\/\/www.ludwig-van.com\/montreal\/?post_type=tribe_events&#038;p=77973"},"modified":"2023-09-19T11:34:38","modified_gmt":"2023-09-19T15:34:38","slug":"faculte-de-musique-de-luniversite-de-montreal-loum-et-daphnis-et-chloe-de-ravel","status":"publish","type":"tribe_events","link":"https:\/\/www.ludwig-van.com\/montreal\/event\/faculte-de-musique-de-luniversite-de-montreal-loum-et-daphnis-et-chloe-de-ravel\/","title":{"rendered":"Facult\u00e9 de musique de l&rsquo;Universit\u00e9 de Montr\u00e9al | L\u2019OUM et Daphnis et Chlo\u00e9 de Ravel"},"content":{"rendered":"<p>L\u2019Orchestre de l\u2019Universit\u00e9 de Montr\u00e9al ouvre brillamment sa saison avec un concert qui parcourt trois si\u00e8cles de musique. D\u2019abord le 21e si\u00e8cle, avec une cr\u00e9ation de Sne\u017eana Ne\u0161i\u0107, laur\u00e9ate du Concours de composition de l\u2019OUM 2023, puis le 20e avec des extraits du ballet Daphnis et Chlo\u00e9 de Ravel. Cette \u0153uvre, dans laquelle le compositeur \u00e9voque la \u00ab\u2009Gr\u00e8ce de ses r\u00eaves\u2009\u00bb, fut cr\u00e9\u00e9e par les c\u00e9l\u00e8bres Ballets russes, avec Nijinski dans le r\u00f4le de Daphnis. Les couleurs chatoyantes de l\u2019orchestre et la finesse de l\u2019\u00e9criture teintent cette partition d\u2019une po\u00e9sie d\u00e9licatement sensuelle. Quant au 19e si\u00e8cle, il sera illustr\u00e9 par l\u2019un de ses plus fameux repr\u00e9sentants, F\u00e9lix Mendelssohn, qui \u00e9crivit un Concerto pour deux pianos d\u00e9bordant de vitalit\u00e9 afin de l\u2019interpr\u00e9ter avec s\u0153ur Fanny.<\/p>\n<p>&nbsp;<\/p>\n","protected":false},"excerpt":{"rendered":"<p>L\u2019Orchestre de l\u2019Universit\u00e9 de Montr\u00e9al ouvre brillamment sa saison avec un concert qui parcourt trois si\u00e8cles de musique.<\/p>\n","protected":false},"author":1,"featured_media":77975,"comment_status":"open","ping_status":"closed","template":"","meta":{"om_disable_all_campaigns":false,"jetpack_post_was_ever_published":false},"tags":[],"tribe_events_cat":[6487],"acf":[],"jetpack_sharing_enabled":true,"_links":{"self":[{"href":"https:\/\/www.ludwig-van.com\/montreal\/wp-json\/wp\/v2\/tribe_events\/77973"}],"collection":[{"href":"https:\/\/www.ludwig-van.com\/montreal\/wp-json\/wp\/v2\/tribe_events"}],"about":[{"href":"https:\/\/www.ludwig-van.com\/montreal\/wp-json\/wp\/v2\/types\/tribe_events"}],"author":[{"embeddable":true,"href":"https:\/\/www.ludwig-van.com\/montreal\/wp-json\/wp\/v2\/users\/1"}],"replies":[{"embeddable":true,"href":"https:\/\/www.ludwig-van.com\/montreal\/wp-json\/wp\/v2\/comments?post=77973"}],"version-history":[{"count":1,"href":"https:\/\/www.ludwig-van.com\/montreal\/wp-json\/wp\/v2\/tribe_events\/77973\/revisions"}],"predecessor-version":[{"id":77974,"href":"https:\/\/www.ludwig-van.com\/montreal\/wp-json\/wp\/v2\/tribe_events\/77973\/revisions\/77974"}],"wp:featuredmedia":[{"embeddable":true,"href":"https:\/\/www.ludwig-van.com\/montreal\/wp-json\/wp\/v2\/media\/77975"}],"wp:attachment":[{"href":"https:\/\/www.ludwig-van.com\/montreal\/wp-json\/wp\/v2\/media?parent=77973"}],"wp:term":[{"taxonomy":"post_tag","embeddable":true,"href":"https:\/\/www.ludwig-van.com\/montreal\/wp-json\/wp\/v2\/tags?post=77973"},{"taxonomy":"tribe_events_cat","embeddable":true,"href":"https:\/\/www.ludwig-van.com\/montreal\/wp-json\/wp\/v2\/tribe_events_cat?post=77973"}],"curies":[{"name":"wp","href":"https:\/\/api.w.org\/{rel}","templated":true}]}}