{"id":77906,"date":"2023-09-14T14:24:43","date_gmt":"2023-09-14T18:24:43","guid":{"rendered":"https:\/\/www.ludwig-van.com\/montreal\/?post_type=tribe_events&#038;p=77906"},"modified":"2023-09-14T14:24:43","modified_gmt":"2023-09-14T18:24:43","slug":"les-idees-heureuses-vincent-lauzer-lart-de-la-flute-naples","status":"publish","type":"tribe_events","link":"https:\/\/www.ludwig-van.com\/montreal\/event\/les-idees-heureuses-vincent-lauzer-lart-de-la-flute-naples\/","title":{"rendered":"Les id\u00e9es heureuses | Vincent Lauzer : l&rsquo;art de la fl\u00fbte \u00e0 Naples"},"content":{"rendered":"<p>\u00c0 l\u2019image de la musique baroque napolitaine d\u00e9peinte comme virtuose, expressive et lumineuse, le fl\u00fbtiste \u00e0 bec Vincent Lauzer interpr\u00e8tera les plus belles pages du r\u00e9pertoire instrumental du 18e si\u00e8cle, compos\u00e9es dans cette ville foisonnante de culture. Avec sept musicien.ne.s de Les Id\u00e9es heureuses, nous pourrons entendre le c\u00e9l\u00e8bre concerto pour flautino RV 312 d\u2019Antonio Vivaldi qui, malgr\u00e9 son origine v\u00e9nitienne, a pass\u00e9 une partie de sa vie \u00e0 Naples comme ma\u00eetre de chapelle de la Piet\u00e0 dei Turchini, ce qui explique qu\u2019il ait hautement influenc\u00e9 d\u2019excellents compositeurs napolitains maintenant oubli\u00e9s que sont Sarri, Avitrano, Fiorenza et Mancini.<\/p>\n","protected":false},"excerpt":{"rendered":"<p>\u00c0 l\u2019image de la musique baroque napolitaine d\u00e9peinte comme virtuose, expressive et lumineuse, le fl\u00fbtiste \u00e0 bec Vincent Lauzer interpr\u00e8tera les plus belles pages du r\u00e9pertoire instrumental du 18e si\u00e8cle, compos\u00e9es dans cette ville foisonnante de culture.<\/p>\n","protected":false},"author":1,"featured_media":77909,"comment_status":"open","ping_status":"closed","template":"","meta":{"om_disable_all_campaigns":false,"jetpack_post_was_ever_published":false},"tags":[],"tribe_events_cat":[5053],"acf":[],"jetpack_sharing_enabled":true,"_links":{"self":[{"href":"https:\/\/www.ludwig-van.com\/montreal\/wp-json\/wp\/v2\/tribe_events\/77906"}],"collection":[{"href":"https:\/\/www.ludwig-van.com\/montreal\/wp-json\/wp\/v2\/tribe_events"}],"about":[{"href":"https:\/\/www.ludwig-van.com\/montreal\/wp-json\/wp\/v2\/types\/tribe_events"}],"author":[{"embeddable":true,"href":"https:\/\/www.ludwig-van.com\/montreal\/wp-json\/wp\/v2\/users\/1"}],"replies":[{"embeddable":true,"href":"https:\/\/www.ludwig-van.com\/montreal\/wp-json\/wp\/v2\/comments?post=77906"}],"version-history":[{"count":1,"href":"https:\/\/www.ludwig-van.com\/montreal\/wp-json\/wp\/v2\/tribe_events\/77906\/revisions"}],"predecessor-version":[{"id":77907,"href":"https:\/\/www.ludwig-van.com\/montreal\/wp-json\/wp\/v2\/tribe_events\/77906\/revisions\/77907"}],"wp:featuredmedia":[{"embeddable":true,"href":"https:\/\/www.ludwig-van.com\/montreal\/wp-json\/wp\/v2\/media\/77909"}],"wp:attachment":[{"href":"https:\/\/www.ludwig-van.com\/montreal\/wp-json\/wp\/v2\/media?parent=77906"}],"wp:term":[{"taxonomy":"post_tag","embeddable":true,"href":"https:\/\/www.ludwig-van.com\/montreal\/wp-json\/wp\/v2\/tags?post=77906"},{"taxonomy":"tribe_events_cat","embeddable":true,"href":"https:\/\/www.ludwig-van.com\/montreal\/wp-json\/wp\/v2\/tribe_events_cat?post=77906"}],"curies":[{"name":"wp","href":"https:\/\/api.w.org\/{rel}","templated":true}]}}