{"id":77888,"date":"2023-09-13T15:22:15","date_gmt":"2023-09-13T19:22:15","guid":{"rendered":"https:\/\/www.ludwig-van.com\/montreal\/?post_type=tribe_events&#038;p=77888"},"modified":"2023-09-13T15:22:15","modified_gmt":"2023-09-13T19:22:15","slug":"arte-musica-salle-bourgie-celles-qui-partent","status":"publish","type":"tribe_events","link":"https:\/\/www.ludwig-van.com\/montreal\/event\/arte-musica-salle-bourgie-celles-qui-partent\/","title":{"rendered":"Arte Musica &#8211; Salle Bourgie | Celles qui partent"},"content":{"rendered":"<p>\u00c9toile montante de l\u2019art lyrique, Rose Naggar-Tremblay pr\u00e9sente un programme explorant des r\u00e9cits de mouvance au f\u00e9minin. Inspir\u00e9 par la vie et la d\u00e9marche artistique de Marisol, ce r\u00e9cital culminera par la cr\u00e9ation d\u2019un cycle de m\u00e9lodies compos\u00e9 par Luna Pearl Woolf, sur des po\u00e8mes \u00e9crits par la chanteuse en collaboration avec les participant.e.s d&rsquo;une s\u00e9rie d&rsquo;ateliers d\u2019art-th\u00e9rapie du MBAM.<\/p>\n","protected":false},"excerpt":{"rendered":"<p>\u00c9toile montante de l\u2019art lyrique, Rose Naggar-Tremblay pr\u00e9sente un programme explorant des r\u00e9cits de mouvance au f\u00e9minin.<\/p>\n","protected":false},"author":1,"featured_media":68538,"comment_status":"open","ping_status":"closed","template":"","meta":{"om_disable_all_campaigns":false,"jetpack_post_was_ever_published":false},"tags":[],"tribe_events_cat":[6487],"acf":[],"jetpack_sharing_enabled":true,"_links":{"self":[{"href":"https:\/\/www.ludwig-van.com\/montreal\/wp-json\/wp\/v2\/tribe_events\/77888"}],"collection":[{"href":"https:\/\/www.ludwig-van.com\/montreal\/wp-json\/wp\/v2\/tribe_events"}],"about":[{"href":"https:\/\/www.ludwig-van.com\/montreal\/wp-json\/wp\/v2\/types\/tribe_events"}],"author":[{"embeddable":true,"href":"https:\/\/www.ludwig-van.com\/montreal\/wp-json\/wp\/v2\/users\/1"}],"replies":[{"embeddable":true,"href":"https:\/\/www.ludwig-van.com\/montreal\/wp-json\/wp\/v2\/comments?post=77888"}],"version-history":[{"count":2,"href":"https:\/\/www.ludwig-van.com\/montreal\/wp-json\/wp\/v2\/tribe_events\/77888\/revisions"}],"predecessor-version":[{"id":77890,"href":"https:\/\/www.ludwig-van.com\/montreal\/wp-json\/wp\/v2\/tribe_events\/77888\/revisions\/77890"}],"wp:featuredmedia":[{"embeddable":true,"href":"https:\/\/www.ludwig-van.com\/montreal\/wp-json\/wp\/v2\/media\/68538"}],"wp:attachment":[{"href":"https:\/\/www.ludwig-van.com\/montreal\/wp-json\/wp\/v2\/media?parent=77888"}],"wp:term":[{"taxonomy":"post_tag","embeddable":true,"href":"https:\/\/www.ludwig-van.com\/montreal\/wp-json\/wp\/v2\/tags?post=77888"},{"taxonomy":"tribe_events_cat","embeddable":true,"href":"https:\/\/www.ludwig-van.com\/montreal\/wp-json\/wp\/v2\/tribe_events_cat?post=77888"}],"curies":[{"name":"wp","href":"https:\/\/api.w.org\/{rel}","templated":true}]}}