{"id":77778,"date":"2023-09-11T16:02:38","date_gmt":"2023-09-11T20:02:38","guid":{"rendered":"https:\/\/www.ludwig-van.com\/montreal\/?post_type=tribe_events&#038;p=77778"},"modified":"2024-02-13T11:30:10","modified_gmt":"2024-02-13T16:30:10","slug":"les-violons-du-roy-faure-et-durufle-deux-requiem-2","status":"publish","type":"tribe_events","link":"https:\/\/www.ludwig-van.com\/montreal\/event\/les-violons-du-roy-faure-et-durufle-deux-requiem-2\/","title":{"rendered":"Les Violons du Roy | Faur\u00e9 et Durufl\u00e9, deux Requiem"},"content":{"rendered":"<p><strong>VEUILLEZ NOTER QUE CHRISTINE BRANDES REMPLACERA BERNARD LABADIE, INDISPOS\u00c9, POUR CE CONCERT.<\/strong><\/p>\n<p>\u00c0 la t\u00eate du ch\u0153ur et de l\u2019orchestre, Bernard Labadie fera briller toute la splendeur de deux grands chefs-d\u2019\u0153uvre chorals. Le Requiem de Faur\u00e9 baigne dans une lumi\u00e8re d\u2019apaisement et de r\u00e9confort. De profondes \u00e9motions de s\u00e9r\u00e9nit\u00e9 r\u00e8gnent aussi dans le Requiem de Durufl\u00e9. Les voix de Magali Simard- Gald\u00e8s, Julie Boulianne et Jean-Fran\u00e7ois Lapointe s\u2019allient \u00e0 celles de La Chapelle de Qu\u00e9bec pour faire de ces Requiem des instants m\u00e9morables.<\/p>\n","protected":false},"excerpt":{"rendered":"<p>\u00c0 la t\u00eate du ch\u0153ur et de l\u2019orchestre, Bernard Labadie fera briller toute la splendeur de deux grands chefs-d\u2019\u0153uvre chorals. Le Requiem de Faur\u00e9 baigne dans une lumi\u00e8re d\u2019apaisement et de r\u00e9confort. De profondes \u00e9motions de s\u00e9r\u00e9nit\u00e9 r\u00e8gnent aussi dans le Requiem de Durufl\u00e9.<\/p>\n","protected":false},"author":1,"featured_media":77776,"comment_status":"open","ping_status":"closed","template":"","meta":{"om_disable_all_campaigns":false,"jetpack_post_was_ever_published":false},"tags":[],"tribe_events_cat":[5052],"acf":[],"jetpack_sharing_enabled":true,"_links":{"self":[{"href":"https:\/\/www.ludwig-van.com\/montreal\/wp-json\/wp\/v2\/tribe_events\/77778"}],"collection":[{"href":"https:\/\/www.ludwig-van.com\/montreal\/wp-json\/wp\/v2\/tribe_events"}],"about":[{"href":"https:\/\/www.ludwig-van.com\/montreal\/wp-json\/wp\/v2\/types\/tribe_events"}],"author":[{"embeddable":true,"href":"https:\/\/www.ludwig-van.com\/montreal\/wp-json\/wp\/v2\/users\/1"}],"replies":[{"embeddable":true,"href":"https:\/\/www.ludwig-van.com\/montreal\/wp-json\/wp\/v2\/comments?post=77778"}],"version-history":[{"count":3,"href":"https:\/\/www.ludwig-van.com\/montreal\/wp-json\/wp\/v2\/tribe_events\/77778\/revisions"}],"predecessor-version":[{"id":79999,"href":"https:\/\/www.ludwig-van.com\/montreal\/wp-json\/wp\/v2\/tribe_events\/77778\/revisions\/79999"}],"wp:featuredmedia":[{"embeddable":true,"href":"https:\/\/www.ludwig-van.com\/montreal\/wp-json\/wp\/v2\/media\/77776"}],"wp:attachment":[{"href":"https:\/\/www.ludwig-van.com\/montreal\/wp-json\/wp\/v2\/media?parent=77778"}],"wp:term":[{"taxonomy":"post_tag","embeddable":true,"href":"https:\/\/www.ludwig-van.com\/montreal\/wp-json\/wp\/v2\/tags?post=77778"},{"taxonomy":"tribe_events_cat","embeddable":true,"href":"https:\/\/www.ludwig-van.com\/montreal\/wp-json\/wp\/v2\/tribe_events_cat?post=77778"}],"curies":[{"name":"wp","href":"https:\/\/api.w.org\/{rel}","templated":true}]}}