{"id":77604,"date":"2023-08-27T17:30:30","date_gmt":"2023-08-27T21:30:30","guid":{"rendered":"https:\/\/www.ludwig-van.com\/montreal\/?post_type=tribe_events&#038;p=77604"},"modified":"2023-08-27T17:30:30","modified_gmt":"2023-08-27T21:30:30","slug":"arte-musica-salle-bourgie-festival-ligeti-concert-1","status":"publish","type":"tribe_events","link":"https:\/\/www.ludwig-van.com\/montreal\/event\/arte-musica-salle-bourgie-festival-ligeti-concert-1\/","title":{"rendered":"Arte Musica \u2013 Salle Bourgie | Festival Ligeti &#8211; Concert 1"},"content":{"rendered":"<p><strong>Festival Ligeti<\/strong><\/p>\n<p>Des interpr\u00e8tes parmi les meilleurs de Montr\u00e9al joueront les plus ambitieuses compositions de chambre du ma\u00eetre hongrois qui r\u00e9v\u00e8lent l\u2019ing\u00e9niosit\u00e9 et l\u2019\u00e9clectisme de cette musique parmi les plus originales du XXe si\u00e8cle.<\/p>\n","protected":false},"excerpt":{"rendered":"<p>Des interpr\u00e8tes parmi les meilleurs de Montr\u00e9al joueront les plus ambitieuses compositions de chambre du ma\u00eetre hongrois qui r\u00e9v\u00e8lent l\u2019ing\u00e9niosit\u00e9 et l\u2019\u00e9clectisme de cette musique parmi les plus originales du XXe si\u00e8cle.<\/p>\n","protected":false},"author":1,"featured_media":77606,"comment_status":"open","ping_status":"closed","template":"","meta":{"om_disable_all_campaigns":false,"jetpack_post_was_ever_published":false},"tags":[],"tribe_events_cat":[5052],"acf":[],"jetpack_sharing_enabled":true,"_links":{"self":[{"href":"https:\/\/www.ludwig-van.com\/montreal\/wp-json\/wp\/v2\/tribe_events\/77604"}],"collection":[{"href":"https:\/\/www.ludwig-van.com\/montreal\/wp-json\/wp\/v2\/tribe_events"}],"about":[{"href":"https:\/\/www.ludwig-van.com\/montreal\/wp-json\/wp\/v2\/types\/tribe_events"}],"author":[{"embeddable":true,"href":"https:\/\/www.ludwig-van.com\/montreal\/wp-json\/wp\/v2\/users\/1"}],"replies":[{"embeddable":true,"href":"https:\/\/www.ludwig-van.com\/montreal\/wp-json\/wp\/v2\/comments?post=77604"}],"version-history":[{"count":1,"href":"https:\/\/www.ludwig-van.com\/montreal\/wp-json\/wp\/v2\/tribe_events\/77604\/revisions"}],"predecessor-version":[{"id":77605,"href":"https:\/\/www.ludwig-van.com\/montreal\/wp-json\/wp\/v2\/tribe_events\/77604\/revisions\/77605"}],"wp:featuredmedia":[{"embeddable":true,"href":"https:\/\/www.ludwig-van.com\/montreal\/wp-json\/wp\/v2\/media\/77606"}],"wp:attachment":[{"href":"https:\/\/www.ludwig-van.com\/montreal\/wp-json\/wp\/v2\/media?parent=77604"}],"wp:term":[{"taxonomy":"post_tag","embeddable":true,"href":"https:\/\/www.ludwig-van.com\/montreal\/wp-json\/wp\/v2\/tags?post=77604"},{"taxonomy":"tribe_events_cat","embeddable":true,"href":"https:\/\/www.ludwig-van.com\/montreal\/wp-json\/wp\/v2\/tribe_events_cat?post=77604"}],"curies":[{"name":"wp","href":"https:\/\/api.w.org\/{rel}","templated":true}]}}