{"id":77508,"date":"2023-08-22T11:54:35","date_gmt":"2023-08-22T15:54:35","guid":{"rendered":"https:\/\/www.ludwig-van.com\/montreal\/?post_type=tribe_events&#038;p=77508"},"modified":"2023-08-22T11:54:35","modified_gmt":"2023-08-22T15:54:35","slug":"arte-musica-salle-bourgie-le-poeme-harmonique-le-jeune-louis-xiv","status":"publish","type":"tribe_events","link":"https:\/\/www.ludwig-van.com\/montreal\/event\/arte-musica-salle-bourgie-le-poeme-harmonique-le-jeune-louis-xiv\/","title":{"rendered":"Arte Musica &#8211; Salle Bourgie | Le Po\u00e8me Harmonique &#8211; Le jeune Louis XIV"},"content":{"rendered":"<p>Apr\u00e8s plusieurs ann\u00e9es d\u2019absence, Le Po\u00e8me harmonique fait un retour tr\u00e8s attendu \u00e0 la Salle Bourgie en pr\u00e9sentant un programme d\u2019\u0153uvres tour \u00e0 tour intimistes et somptueuses, entendues dans les cours de France et d\u2019Italie.<\/p>\n<p>&nbsp;<\/p>\n","protected":false},"excerpt":{"rendered":"<p>Apr\u00e8s plusieurs ann\u00e9es d\u2019absence, Le Po\u00e8me harmonique fait un retour tr\u00e8s attendu \u00e0 la Salle Bourgie en pr\u00e9sentant un programme d\u2019\u0153uvres tour \u00e0 tour intimistes et somptueuses, entendues dans les cours de France et d\u2019Italie.<\/p>\n","protected":false},"author":1,"featured_media":77510,"comment_status":"open","ping_status":"closed","template":"","meta":{"om_disable_all_campaigns":false,"jetpack_post_was_ever_published":false},"tags":[],"tribe_events_cat":[6487],"acf":[],"jetpack_sharing_enabled":true,"_links":{"self":[{"href":"https:\/\/www.ludwig-van.com\/montreal\/wp-json\/wp\/v2\/tribe_events\/77508"}],"collection":[{"href":"https:\/\/www.ludwig-van.com\/montreal\/wp-json\/wp\/v2\/tribe_events"}],"about":[{"href":"https:\/\/www.ludwig-van.com\/montreal\/wp-json\/wp\/v2\/types\/tribe_events"}],"author":[{"embeddable":true,"href":"https:\/\/www.ludwig-van.com\/montreal\/wp-json\/wp\/v2\/users\/1"}],"replies":[{"embeddable":true,"href":"https:\/\/www.ludwig-van.com\/montreal\/wp-json\/wp\/v2\/comments?post=77508"}],"version-history":[{"count":1,"href":"https:\/\/www.ludwig-van.com\/montreal\/wp-json\/wp\/v2\/tribe_events\/77508\/revisions"}],"predecessor-version":[{"id":77509,"href":"https:\/\/www.ludwig-van.com\/montreal\/wp-json\/wp\/v2\/tribe_events\/77508\/revisions\/77509"}],"wp:featuredmedia":[{"embeddable":true,"href":"https:\/\/www.ludwig-van.com\/montreal\/wp-json\/wp\/v2\/media\/77510"}],"wp:attachment":[{"href":"https:\/\/www.ludwig-van.com\/montreal\/wp-json\/wp\/v2\/media?parent=77508"}],"wp:term":[{"taxonomy":"post_tag","embeddable":true,"href":"https:\/\/www.ludwig-van.com\/montreal\/wp-json\/wp\/v2\/tags?post=77508"},{"taxonomy":"tribe_events_cat","embeddable":true,"href":"https:\/\/www.ludwig-van.com\/montreal\/wp-json\/wp\/v2\/tribe_events_cat?post=77508"}],"curies":[{"name":"wp","href":"https:\/\/api.w.org\/{rel}","templated":true}]}}