{"id":77505,"date":"2023-08-22T11:46:14","date_gmt":"2023-08-22T15:46:14","guid":{"rendered":"https:\/\/www.ludwig-van.com\/montreal\/?post_type=tribe_events&#038;p=77505"},"modified":"2023-08-22T11:46:14","modified_gmt":"2023-08-22T15:46:14","slug":"arte-musica-salle-bourgie-david-greilsammer-piano-labyrinth","status":"publish","type":"tribe_events","link":"https:\/\/www.ludwig-van.com\/montreal\/event\/arte-musica-salle-bourgie-david-greilsammer-piano-labyrinth\/","title":{"rendered":"Arte Musica &#8211; Salle Bourgie | David Greilsammer, piano &#8211; Labyrinth"},"content":{"rendered":"<p>Encens\u00e9 par la critique et cr\u00e9ateur de nombreux projets audacieux, le c\u00e9l\u00e8bre pianiste propose un voyage musical bouleversant bas\u00e9 sur un r\u00eave r\u00e9current et fou. \u00c0 travers les styles et les \u00e9poques, ce r\u00e9cital emm\u00e8ne le public dans une aventure \u00e0 la fois po\u00e9tique, innovante et \u00e9clectique.<\/p>\n<p>&nbsp;<\/p>\n","protected":false},"excerpt":{"rendered":"<p>Encens\u00e9 par la critique et cr\u00e9ateur de nombreux projets audacieux, le c\u00e9l\u00e8bre pianiste propose un voyage musical bouleversant bas\u00e9 sur un r\u00eave r\u00e9current et fou.<\/p>\n","protected":false},"author":1,"featured_media":77507,"comment_status":"open","ping_status":"closed","template":"","meta":{"om_disable_all_campaigns":false,"jetpack_post_was_ever_published":false},"tags":[],"tribe_events_cat":[5024],"acf":[],"jetpack_sharing_enabled":true,"_links":{"self":[{"href":"https:\/\/www.ludwig-van.com\/montreal\/wp-json\/wp\/v2\/tribe_events\/77505"}],"collection":[{"href":"https:\/\/www.ludwig-van.com\/montreal\/wp-json\/wp\/v2\/tribe_events"}],"about":[{"href":"https:\/\/www.ludwig-van.com\/montreal\/wp-json\/wp\/v2\/types\/tribe_events"}],"author":[{"embeddable":true,"href":"https:\/\/www.ludwig-van.com\/montreal\/wp-json\/wp\/v2\/users\/1"}],"replies":[{"embeddable":true,"href":"https:\/\/www.ludwig-van.com\/montreal\/wp-json\/wp\/v2\/comments?post=77505"}],"version-history":[{"count":1,"href":"https:\/\/www.ludwig-van.com\/montreal\/wp-json\/wp\/v2\/tribe_events\/77505\/revisions"}],"predecessor-version":[{"id":77506,"href":"https:\/\/www.ludwig-van.com\/montreal\/wp-json\/wp\/v2\/tribe_events\/77505\/revisions\/77506"}],"wp:featuredmedia":[{"embeddable":true,"href":"https:\/\/www.ludwig-van.com\/montreal\/wp-json\/wp\/v2\/media\/77507"}],"wp:attachment":[{"href":"https:\/\/www.ludwig-van.com\/montreal\/wp-json\/wp\/v2\/media?parent=77505"}],"wp:term":[{"taxonomy":"post_tag","embeddable":true,"href":"https:\/\/www.ludwig-van.com\/montreal\/wp-json\/wp\/v2\/tags?post=77505"},{"taxonomy":"tribe_events_cat","embeddable":true,"href":"https:\/\/www.ludwig-van.com\/montreal\/wp-json\/wp\/v2\/tribe_events_cat?post=77505"}],"curies":[{"name":"wp","href":"https:\/\/api.w.org\/{rel}","templated":true}]}}