{"id":77492,"date":"2023-08-22T11:07:22","date_gmt":"2023-08-22T15:07:22","guid":{"rendered":"https:\/\/www.ludwig-van.com\/montreal\/?post_type=tribe_events&#038;p=77492"},"modified":"2023-08-22T11:07:22","modified_gmt":"2023-08-22T15:07:22","slug":"arte-musica-salle-bourgie-trio-nakariakov-kashimoto-meerovitch","status":"publish","type":"tribe_events","link":"https:\/\/www.ludwig-van.com\/montreal\/event\/arte-musica-salle-bourgie-trio-nakariakov-kashimoto-meerovitch\/","title":{"rendered":"Arte Musica &#8211; Salle Bourgie | Trio Nakariakov-Kashimoto-Meerovitch"},"content":{"rendered":"<p>Daishin Kashimoto, violon-solo de l\u2019Orchestre philharmonique de Berlin, Sergei Nakariakov et Maria Meerovitch, trois formidables solistes menant des carri\u00e8res exceptionnelles, s\u2019unissent pour interpr\u00e9ter le tr\u00e8s original Trio pour cor, violon et piano de Brahms. Des oeuvres de Grieg et Robert Schumann compl\u00e8tent le programme.<\/p>\n<p>Un\u00b7e artiste de la rel\u00e8ve donnera une prestation d\u2019une dur\u00e9e de 15 minutes au d\u00e9but du concert.<\/p>\n","protected":false},"excerpt":{"rendered":"<p>Daishin Kashimoto, violon-solo de l\u2019Orchestre philharmonique de Berlin, Sergei Nakariakov et Maria Meerovitch, trois formidables solistes menant des carri\u00e8res exceptionnelles, s\u2019unissent pour interpr\u00e9ter le tr\u00e8s original Trio pour cor, violon et piano de Brahms.<\/p>\n","protected":false},"author":1,"featured_media":77494,"comment_status":"open","ping_status":"closed","template":"","meta":{"om_disable_all_campaigns":false,"jetpack_post_was_ever_published":false},"tags":[],"tribe_events_cat":[5052],"acf":[],"jetpack_sharing_enabled":true,"_links":{"self":[{"href":"https:\/\/www.ludwig-van.com\/montreal\/wp-json\/wp\/v2\/tribe_events\/77492"}],"collection":[{"href":"https:\/\/www.ludwig-van.com\/montreal\/wp-json\/wp\/v2\/tribe_events"}],"about":[{"href":"https:\/\/www.ludwig-van.com\/montreal\/wp-json\/wp\/v2\/types\/tribe_events"}],"author":[{"embeddable":true,"href":"https:\/\/www.ludwig-van.com\/montreal\/wp-json\/wp\/v2\/users\/1"}],"replies":[{"embeddable":true,"href":"https:\/\/www.ludwig-van.com\/montreal\/wp-json\/wp\/v2\/comments?post=77492"}],"version-history":[{"count":2,"href":"https:\/\/www.ludwig-van.com\/montreal\/wp-json\/wp\/v2\/tribe_events\/77492\/revisions"}],"predecessor-version":[{"id":77495,"href":"https:\/\/www.ludwig-van.com\/montreal\/wp-json\/wp\/v2\/tribe_events\/77492\/revisions\/77495"}],"wp:featuredmedia":[{"embeddable":true,"href":"https:\/\/www.ludwig-van.com\/montreal\/wp-json\/wp\/v2\/media\/77494"}],"wp:attachment":[{"href":"https:\/\/www.ludwig-van.com\/montreal\/wp-json\/wp\/v2\/media?parent=77492"}],"wp:term":[{"taxonomy":"post_tag","embeddable":true,"href":"https:\/\/www.ludwig-van.com\/montreal\/wp-json\/wp\/v2\/tags?post=77492"},{"taxonomy":"tribe_events_cat","embeddable":true,"href":"https:\/\/www.ludwig-van.com\/montreal\/wp-json\/wp\/v2\/tribe_events_cat?post=77492"}],"curies":[{"name":"wp","href":"https:\/\/api.w.org\/{rel}","templated":true}]}}