{"id":77484,"date":"2023-08-22T10:08:55","date_gmt":"2023-08-22T14:08:55","guid":{"rendered":"https:\/\/www.ludwig-van.com\/montreal\/?post_type=tribe_events&#038;p=77484"},"modified":"2023-08-22T10:08:55","modified_gmt":"2023-08-22T14:08:55","slug":"arte-musica-salle-bourgie-chant-pour-un-quebec-lointain-creation","status":"publish","type":"tribe_events","link":"https:\/\/www.ludwig-van.com\/montreal\/event\/arte-musica-salle-bourgie-chant-pour-un-quebec-lointain-creation\/","title":{"rendered":"Arte Musica &#8211; Salle Bourgie | Chant pour un Qu\u00e9bec lointain (cr\u00e9ation)"},"content":{"rendered":"<p>Soyez des n\u00f4tres pour la cr\u00e9ation de l\u2019important cycle de m\u00e9lodies Chant pour un Qu\u00e9bec lointain, compos\u00e9 pour le baryton Marc Boucher et le pianiste Olivier Godin par notre compositrice en r\u00e9sidence, Rachel Laurin, sur les splendides po\u00e8mes de Madeleine Gagnon.<\/p>\n<p>&nbsp;<\/p>\n","protected":false},"excerpt":{"rendered":"<p>Soyez des n\u00f4tres pour la cr\u00e9ation de l\u2019important cycle de m\u00e9lodies Chant pour un Qu\u00e9bec lointain, compos\u00e9 pour le baryton Marc Boucher et le pianiste Olivier Godin par notre compositrice en r\u00e9sidence, Rachel Laurin, sur les splendides po\u00e8mes de Madeleine Gagnon.<\/p>\n","protected":false},"author":1,"featured_media":54922,"comment_status":"open","ping_status":"closed","template":"","meta":{"om_disable_all_campaigns":false,"jetpack_post_was_ever_published":false},"tags":[],"tribe_events_cat":[5050],"acf":[],"jetpack_sharing_enabled":true,"_links":{"self":[{"href":"https:\/\/www.ludwig-van.com\/montreal\/wp-json\/wp\/v2\/tribe_events\/77484"}],"collection":[{"href":"https:\/\/www.ludwig-van.com\/montreal\/wp-json\/wp\/v2\/tribe_events"}],"about":[{"href":"https:\/\/www.ludwig-van.com\/montreal\/wp-json\/wp\/v2\/types\/tribe_events"}],"author":[{"embeddable":true,"href":"https:\/\/www.ludwig-van.com\/montreal\/wp-json\/wp\/v2\/users\/1"}],"replies":[{"embeddable":true,"href":"https:\/\/www.ludwig-van.com\/montreal\/wp-json\/wp\/v2\/comments?post=77484"}],"version-history":[{"count":1,"href":"https:\/\/www.ludwig-van.com\/montreal\/wp-json\/wp\/v2\/tribe_events\/77484\/revisions"}],"predecessor-version":[{"id":77485,"href":"https:\/\/www.ludwig-van.com\/montreal\/wp-json\/wp\/v2\/tribe_events\/77484\/revisions\/77485"}],"wp:featuredmedia":[{"embeddable":true,"href":"https:\/\/www.ludwig-van.com\/montreal\/wp-json\/wp\/v2\/media\/54922"}],"wp:attachment":[{"href":"https:\/\/www.ludwig-van.com\/montreal\/wp-json\/wp\/v2\/media?parent=77484"}],"wp:term":[{"taxonomy":"post_tag","embeddable":true,"href":"https:\/\/www.ludwig-van.com\/montreal\/wp-json\/wp\/v2\/tags?post=77484"},{"taxonomy":"tribe_events_cat","embeddable":true,"href":"https:\/\/www.ludwig-van.com\/montreal\/wp-json\/wp\/v2\/tribe_events_cat?post=77484"}],"curies":[{"name":"wp","href":"https:\/\/api.w.org\/{rel}","templated":true}]}}