{"id":77453,"date":"2023-08-15T22:18:32","date_gmt":"2023-08-16T02:18:32","guid":{"rendered":"https:\/\/www.ludwig-van.com\/montreal\/?post_type=tribe_events&#038;p=77453"},"modified":"2023-08-15T22:18:32","modified_gmt":"2023-08-16T02:18:32","slug":"arte-musica-salle-bourgie-journee-nationale-de-la-verite-et-de-la-reconciliation","status":"publish","type":"tribe_events","link":"https:\/\/www.ludwig-van.com\/montreal\/event\/arte-musica-salle-bourgie-journee-nationale-de-la-verite-et-de-la-reconciliation\/","title":{"rendered":"Arte Musica &#8211; Salle Bourgie | Journ\u00e9e nationale de la v\u00e9rit\u00e9 et de la r\u00e9conciliation"},"content":{"rendered":"<p>Dans le cadre de la Journ\u00e9e nationale de la v\u00e9rit\u00e9 et de la r\u00e9conciliation et des Journ\u00e9es de la culture, la po\u00e8te innue Maya Cousineau Mollen s\u2019est inspir\u00e9e d\u2019une oeuvre de la collection permanente du Mus\u00e9e afin de concevoir un texte litt\u00e9raire mis en musique par la compositrice anishinaabe Barbara Assiginaak. Cette commande conjointe de la Salle Bourgie et du FIL sera interpr\u00e9t\u00e9e dans le Mus\u00e9e par la soprano innue Elisabeth St-Gelais, \u00e0 diff\u00e9rents moments de la journ\u00e9e.<\/p>\n<p>&nbsp;<\/p>\n","protected":false},"excerpt":{"rendered":"<p>Dans le cadre de la Journ\u00e9e nationale de la v\u00e9rit\u00e9 et de la r\u00e9conciliation et des Journ\u00e9es de la culture, la po\u00e8te innue Maya Cousineau Mollen s\u2019est inspir\u00e9e d\u2019une oeuvre de la collection permanente du Mus\u00e9e afin de concevoir un texte litt\u00e9raire mis en musique par la compositrice anishinaabe Barbara Assiginaak.<\/p>\n","protected":false},"author":1,"featured_media":77455,"comment_status":"open","ping_status":"closed","template":"","meta":{"om_disable_all_campaigns":false,"jetpack_post_was_ever_published":false},"tags":[],"tribe_events_cat":[5327],"acf":[],"jetpack_sharing_enabled":true,"_links":{"self":[{"href":"https:\/\/www.ludwig-van.com\/montreal\/wp-json\/wp\/v2\/tribe_events\/77453"}],"collection":[{"href":"https:\/\/www.ludwig-van.com\/montreal\/wp-json\/wp\/v2\/tribe_events"}],"about":[{"href":"https:\/\/www.ludwig-van.com\/montreal\/wp-json\/wp\/v2\/types\/tribe_events"}],"author":[{"embeddable":true,"href":"https:\/\/www.ludwig-van.com\/montreal\/wp-json\/wp\/v2\/users\/1"}],"replies":[{"embeddable":true,"href":"https:\/\/www.ludwig-van.com\/montreal\/wp-json\/wp\/v2\/comments?post=77453"}],"version-history":[{"count":2,"href":"https:\/\/www.ludwig-van.com\/montreal\/wp-json\/wp\/v2\/tribe_events\/77453\/revisions"}],"predecessor-version":[{"id":77456,"href":"https:\/\/www.ludwig-van.com\/montreal\/wp-json\/wp\/v2\/tribe_events\/77453\/revisions\/77456"}],"wp:featuredmedia":[{"embeddable":true,"href":"https:\/\/www.ludwig-van.com\/montreal\/wp-json\/wp\/v2\/media\/77455"}],"wp:attachment":[{"href":"https:\/\/www.ludwig-van.com\/montreal\/wp-json\/wp\/v2\/media?parent=77453"}],"wp:term":[{"taxonomy":"post_tag","embeddable":true,"href":"https:\/\/www.ludwig-van.com\/montreal\/wp-json\/wp\/v2\/tags?post=77453"},{"taxonomy":"tribe_events_cat","embeddable":true,"href":"https:\/\/www.ludwig-van.com\/montreal\/wp-json\/wp\/v2\/tribe_events_cat?post=77453"}],"curies":[{"name":"wp","href":"https:\/\/api.w.org\/{rel}","templated":true}]}}