{"id":77412,"date":"2023-08-13T18:23:40","date_gmt":"2023-08-13T22:23:40","guid":{"rendered":"https:\/\/www.ludwig-van.com\/montreal\/?post_type=tribe_events&#038;p=77412"},"modified":"2024-03-25T16:49:16","modified_gmt":"2024-03-25T20:49:16","slug":"orchestre-symphonique-de-montreal-masaaki-suzuki-et-la-passion-selon-saint-jean-de-bach","status":"publish","type":"tribe_events","link":"https:\/\/www.ludwig-van.com\/montreal\/event\/orchestre-symphonique-de-montreal-masaaki-suzuki-et-la-passion-selon-saint-jean-de-bach\/2024-03-27\/","title":{"rendered":"Orchestre symphonique de Montr\u00e9al | Masaaki Suzuki et la Passion selon Saint-Jean de Bach"},"content":{"rendered":"<p>Sp\u00e9cialiste incontest\u00e9 de la musique de Bach, Masaaki Suzuki retrouve l\u2019OSM pour diriger l\u2019\u00e9mouvante Passion selon saint Jean. Sous la plume du compositeur, la musique m\u00e9tamorphose le texte sacr\u00e9 en accentuant son caract\u00e8re tragique. Les r\u00e9cits de l\u2019\u00e9vang\u00e9liste, d\u2019une ardente expressivit\u00e9, sont le fil conducteur d\u2019un drame ponctu\u00e9 par des arias contemplatifs. Quant aux chorals m\u00e9ditatifs confi\u00e9s au ch\u0153ur, ils charpentent l\u2019\u0153uvre et lui conf\u00e8rent une dimension universelle et intemporelle.<\/p>\n","protected":false},"excerpt":{"rendered":"<p>Sp\u00e9cialiste incontest\u00e9 de la musique de Bach, Masaaki Suzuki retrouve l\u2019OSM pour diriger l\u2019\u00e9mouvante Passion selon saint Jean.<\/p>\n","protected":false},"author":1,"featured_media":77415,"comment_status":"open","ping_status":"closed","template":"","meta":{"om_disable_all_campaigns":false,"jetpack_post_was_ever_published":false},"tags":[],"tribe_events_cat":[6487],"acf":[],"jetpack_sharing_enabled":true,"_links":{"self":[{"href":"https:\/\/www.ludwig-van.com\/montreal\/wp-json\/wp\/v2\/tribe_events\/77412"}],"collection":[{"href":"https:\/\/www.ludwig-van.com\/montreal\/wp-json\/wp\/v2\/tribe_events"}],"about":[{"href":"https:\/\/www.ludwig-van.com\/montreal\/wp-json\/wp\/v2\/types\/tribe_events"}],"author":[{"embeddable":true,"href":"https:\/\/www.ludwig-van.com\/montreal\/wp-json\/wp\/v2\/users\/1"}],"replies":[{"embeddable":true,"href":"https:\/\/www.ludwig-van.com\/montreal\/wp-json\/wp\/v2\/comments?post=77412"}],"version-history":[{"count":2,"href":"https:\/\/www.ludwig-van.com\/montreal\/wp-json\/wp\/v2\/tribe_events\/77412\/revisions"}],"predecessor-version":[{"id":80693,"href":"https:\/\/www.ludwig-van.com\/montreal\/wp-json\/wp\/v2\/tribe_events\/77412\/revisions\/80693"}],"wp:featuredmedia":[{"embeddable":true,"href":"https:\/\/www.ludwig-van.com\/montreal\/wp-json\/wp\/v2\/media\/77415"}],"wp:attachment":[{"href":"https:\/\/www.ludwig-van.com\/montreal\/wp-json\/wp\/v2\/media?parent=77412"}],"wp:term":[{"taxonomy":"post_tag","embeddable":true,"href":"https:\/\/www.ludwig-van.com\/montreal\/wp-json\/wp\/v2\/tags?post=77412"},{"taxonomy":"tribe_events_cat","embeddable":true,"href":"https:\/\/www.ludwig-van.com\/montreal\/wp-json\/wp\/v2\/tribe_events_cat?post=77412"}],"curies":[{"name":"wp","href":"https:\/\/api.w.org\/{rel}","templated":true}]}}