{"id":77390,"date":"2023-08-13T17:14:41","date_gmt":"2023-08-13T21:14:41","guid":{"rendered":"https:\/\/www.ludwig-van.com\/montreal\/?post_type=tribe_events&#038;p=77390"},"modified":"2023-08-13T17:14:41","modified_gmt":"2023-08-13T21:14:41","slug":"orchestre-symphonique-de-montreal-rafael-payare-et-limpressionnante-symphonie-no-8-de-chostakovitch","status":"publish","type":"tribe_events","link":"https:\/\/www.ludwig-van.com\/montreal\/event\/orchestre-symphonique-de-montreal-rafael-payare-et-limpressionnante-symphonie-no-8-de-chostakovitch\/2024-03-06\/","title":{"rendered":"Orchestre symphonique de Montr\u00e9al | Rafael Payare et l&rsquo;impressionnante Symphonie no 8 de Chostakovitch"},"content":{"rendered":"<p>L\u2019influence du classicisme viennois est perceptible dans la Premi\u00e8re Symphonie de Beethoven. Cependant, dans cette partition d\u2019une \u00e9nergie enflamm\u00e9e, les id\u00e9es novatrices foisonnent, telles les pr\u00e9mices d\u2019un style qui s\u2019affirmera au fil des ans. L\u2019\u00e9nergie motrice de la Huiti\u00e8me Symphonie de Chostakovitch est tout autre : brutale, path\u00e9tique, impitoyable. Cette \u0153uvre saisissante \u00e9voque le climat dramatique des ann\u00e9es de guerre, et l\u2019ironie s\u2019y manifeste comme une r\u00e9ponse \u00e0 la souffrance.<\/p>\n","protected":false},"excerpt":{"rendered":"<p>L\u2019influence du classicisme viennois est perceptible dans la Premi\u00e8re Symphonie de Beethoven.<\/p>\n","protected":false},"author":1,"featured_media":77394,"comment_status":"open","ping_status":"closed","template":"","meta":{"om_disable_all_campaigns":false,"jetpack_post_was_ever_published":false},"tags":[],"tribe_events_cat":[6487],"acf":[],"jetpack_sharing_enabled":true,"_links":{"self":[{"href":"https:\/\/www.ludwig-van.com\/montreal\/wp-json\/wp\/v2\/tribe_events\/77390"}],"collection":[{"href":"https:\/\/www.ludwig-van.com\/montreal\/wp-json\/wp\/v2\/tribe_events"}],"about":[{"href":"https:\/\/www.ludwig-van.com\/montreal\/wp-json\/wp\/v2\/types\/tribe_events"}],"author":[{"embeddable":true,"href":"https:\/\/www.ludwig-van.com\/montreal\/wp-json\/wp\/v2\/users\/1"}],"replies":[{"embeddable":true,"href":"https:\/\/www.ludwig-van.com\/montreal\/wp-json\/wp\/v2\/comments?post=77390"}],"version-history":[{"count":1,"href":"https:\/\/www.ludwig-van.com\/montreal\/wp-json\/wp\/v2\/tribe_events\/77390\/revisions"}],"predecessor-version":[{"id":77391,"href":"https:\/\/www.ludwig-van.com\/montreal\/wp-json\/wp\/v2\/tribe_events\/77390\/revisions\/77391"}],"wp:featuredmedia":[{"embeddable":true,"href":"https:\/\/www.ludwig-van.com\/montreal\/wp-json\/wp\/v2\/media\/77394"}],"wp:attachment":[{"href":"https:\/\/www.ludwig-van.com\/montreal\/wp-json\/wp\/v2\/media?parent=77390"}],"wp:term":[{"taxonomy":"post_tag","embeddable":true,"href":"https:\/\/www.ludwig-van.com\/montreal\/wp-json\/wp\/v2\/tags?post=77390"},{"taxonomy":"tribe_events_cat","embeddable":true,"href":"https:\/\/www.ludwig-van.com\/montreal\/wp-json\/wp\/v2\/tribe_events_cat?post=77390"}],"curies":[{"name":"wp","href":"https:\/\/api.w.org\/{rel}","templated":true}]}}