{"id":77368,"date":"2023-08-13T16:23:43","date_gmt":"2023-08-13T20:23:43","guid":{"rendered":"https:\/\/www.ludwig-van.com\/montreal\/?post_type=tribe_events&#038;p=77368"},"modified":"2023-08-13T16:23:43","modified_gmt":"2023-08-13T20:23:43","slug":"orchestre-symphonique-de-montreal-mozart-et-faure-avec-louis-lortie-et-eun-sun-kim","status":"publish","type":"tribe_events","link":"https:\/\/www.ludwig-van.com\/montreal\/event\/orchestre-symphonique-de-montreal-mozart-et-faure-avec-louis-lortie-et-eun-sun-kim\/2024-02-15\/","title":{"rendered":"Orchestre symphonique de Montr\u00e9al | Mozart et Faur\u00e9 avec Louis Lortie et Eun Sun Kim"},"content":{"rendered":"<p>Pour le plus grand plaisir des m\u00e9lomanes, le pianiste Louis Lortie retrouve l\u2019OSM afin de vous transporter de l\u2019univers viennois de Mozart aux salles de concert parisiennes de Faur\u00e9. Eun Sun Kim, la directrice musicale de l\u2019op\u00e9ra de San Francisco, dirigera \u00e9galement les Tableaux d\u2019une exposition de Moussorgski, une \u0153uvre tr\u00e8s imaginative aux couleurs chatoyantes aviv\u00e9es par l\u2019ing\u00e9nieuse orchestration de Ravel.<\/p>\n","protected":false},"excerpt":{"rendered":"<p>Pour le plus grand plaisir des m\u00e9lomanes, le pianiste Louis Lortie retrouve l\u2019OSM afin de vous transporter de l\u2019univers viennois de Mozart aux salles de concert parisiennes de Faur\u00e9.<\/p>\n","protected":false},"author":1,"featured_media":77369,"comment_status":"open","ping_status":"closed","template":"","meta":{"om_disable_all_campaigns":false,"jetpack_post_was_ever_published":false},"tags":[],"tribe_events_cat":[6487],"acf":[],"jetpack_sharing_enabled":true,"_links":{"self":[{"href":"https:\/\/www.ludwig-van.com\/montreal\/wp-json\/wp\/v2\/tribe_events\/77368"}],"collection":[{"href":"https:\/\/www.ludwig-van.com\/montreal\/wp-json\/wp\/v2\/tribe_events"}],"about":[{"href":"https:\/\/www.ludwig-van.com\/montreal\/wp-json\/wp\/v2\/types\/tribe_events"}],"author":[{"embeddable":true,"href":"https:\/\/www.ludwig-van.com\/montreal\/wp-json\/wp\/v2\/users\/1"}],"replies":[{"embeddable":true,"href":"https:\/\/www.ludwig-van.com\/montreal\/wp-json\/wp\/v2\/comments?post=77368"}],"version-history":[{"count":1,"href":"https:\/\/www.ludwig-van.com\/montreal\/wp-json\/wp\/v2\/tribe_events\/77368\/revisions"}],"predecessor-version":[{"id":77370,"href":"https:\/\/www.ludwig-van.com\/montreal\/wp-json\/wp\/v2\/tribe_events\/77368\/revisions\/77370"}],"wp:featuredmedia":[{"embeddable":true,"href":"https:\/\/www.ludwig-van.com\/montreal\/wp-json\/wp\/v2\/media\/77369"}],"wp:attachment":[{"href":"https:\/\/www.ludwig-van.com\/montreal\/wp-json\/wp\/v2\/media?parent=77368"}],"wp:term":[{"taxonomy":"post_tag","embeddable":true,"href":"https:\/\/www.ludwig-van.com\/montreal\/wp-json\/wp\/v2\/tags?post=77368"},{"taxonomy":"tribe_events_cat","embeddable":true,"href":"https:\/\/www.ludwig-van.com\/montreal\/wp-json\/wp\/v2\/tribe_events_cat?post=77368"}],"curies":[{"name":"wp","href":"https:\/\/api.w.org\/{rel}","templated":true}]}}