{"id":77328,"date":"2023-08-10T15:58:48","date_gmt":"2023-08-10T19:58:48","guid":{"rendered":"https:\/\/www.ludwig-van.com\/montreal\/?post_type=tribe_events&#038;p=77328"},"modified":"2023-11-06T09:28:51","modified_gmt":"2023-11-06T14:28:51","slug":"orchestre-symphonique-de-montreal-alisa-weilerstein-presente-fragments","status":"publish","type":"tribe_events","link":"https:\/\/www.ludwig-van.com\/montreal\/event\/orchestre-symphonique-de-montreal-alisa-weilerstein-presente-fragments\/","title":{"rendered":"Festival Bach | Alisa Weilerstein pr\u00e9sente Fragments"},"content":{"rendered":"<h2 class=\"concert-partner\">En partenariat avec : l&rsquo;Orchestre Symphonique de Montr\u00e9al<\/h2>\n<p>FRAGMENTS a \u00e9t\u00e9 initi\u00e9 par la violoncelliste de r\u00e9putation internationale Alisa Weilerstein. Il s\u2019agit d\u2019un projet novateur, associant \u00e0 la musique des jeux de lumi\u00e8re et une architecture sc\u00e9nique, destin\u00e9 \u00e0 cr\u00e9er une palette d\u2019\u00e9motions sans cesse renouvel\u00e9es. Jetant un pont entre le pass\u00e9 et le pr\u00e9sent, chaque fragment r\u00e9unit les mouvements d\u2019une des Six suites pour violoncelle seul de Bach \u00e0 des \u0153uvres nouvellement command\u00e9es. Un format de concert original \u00e0 exp\u00e9rimenter.<\/p>\n<p>Reconnue pour sa grande ma\u00eetrise artistique, son investissement \u00e9motionnel et la profondeur de ses interpr\u00e9tations, la violoncelliste Alisa Weilerstein est l\u2019une des plus importantes musiciennes de notre \u00e9poque.<\/p>\n","protected":false},"excerpt":{"rendered":"<p>FRAGMENTS a \u00e9t\u00e9 initi\u00e9 par la violoncelliste de r\u00e9putation internationale Alisa Weilerstein.<\/p>\n","protected":false},"author":1,"featured_media":77330,"comment_status":"open","ping_status":"closed","template":"","meta":{"om_disable_all_campaigns":false,"jetpack_post_was_ever_published":false},"tags":[],"tribe_events_cat":[6109],"acf":[],"jetpack_sharing_enabled":true,"_links":{"self":[{"href":"https:\/\/www.ludwig-van.com\/montreal\/wp-json\/wp\/v2\/tribe_events\/77328"}],"collection":[{"href":"https:\/\/www.ludwig-van.com\/montreal\/wp-json\/wp\/v2\/tribe_events"}],"about":[{"href":"https:\/\/www.ludwig-van.com\/montreal\/wp-json\/wp\/v2\/types\/tribe_events"}],"author":[{"embeddable":true,"href":"https:\/\/www.ludwig-van.com\/montreal\/wp-json\/wp\/v2\/users\/1"}],"replies":[{"embeddable":true,"href":"https:\/\/www.ludwig-van.com\/montreal\/wp-json\/wp\/v2\/comments?post=77328"}],"version-history":[{"count":5,"href":"https:\/\/www.ludwig-van.com\/montreal\/wp-json\/wp\/v2\/tribe_events\/77328\/revisions"}],"predecessor-version":[{"id":78798,"href":"https:\/\/www.ludwig-van.com\/montreal\/wp-json\/wp\/v2\/tribe_events\/77328\/revisions\/78798"}],"wp:featuredmedia":[{"embeddable":true,"href":"https:\/\/www.ludwig-van.com\/montreal\/wp-json\/wp\/v2\/media\/77330"}],"wp:attachment":[{"href":"https:\/\/www.ludwig-van.com\/montreal\/wp-json\/wp\/v2\/media?parent=77328"}],"wp:term":[{"taxonomy":"post_tag","embeddable":true,"href":"https:\/\/www.ludwig-van.com\/montreal\/wp-json\/wp\/v2\/tags?post=77328"},{"taxonomy":"tribe_events_cat","embeddable":true,"href":"https:\/\/www.ludwig-van.com\/montreal\/wp-json\/wp\/v2\/tribe_events_cat?post=77328"}],"curies":[{"name":"wp","href":"https:\/\/api.w.org\/{rel}","templated":true}]}}