{"id":77323,"date":"2023-08-10T15:43:27","date_gmt":"2023-08-10T19:43:27","guid":{"rendered":"https:\/\/www.ludwig-van.com\/montreal\/?post_type=tribe_events&#038;p=77323"},"modified":"2023-08-10T15:43:27","modified_gmt":"2023-08-10T19:43:27","slug":"orchestre-symphonique-de-montreal-christoph-eschenbach-et-leclatante-symphonie-no-7-de-beethoven","status":"publish","type":"tribe_events","link":"https:\/\/www.ludwig-van.com\/montreal\/event\/orchestre-symphonique-de-montreal-christoph-eschenbach-et-leclatante-symphonie-no-7-de-beethoven\/2023-11-08\/","title":{"rendered":"Orchestre symphonique de Montr\u00e9al | Christoph Eschenbach et l&rsquo;\u00e9clatante Symphonie no 7 de Beethoven"},"content":{"rendered":"<p>Christoph Eschenbach retrouve l\u2019OSM en compagnie du brillant violoniste Augustin Hadelich. Ce dernier interpr\u00e8tera le Concerto \u00ab\u2009\u00c0 la m\u00e9moire d\u2019un ange\u2009\u00bb de Berg, une \u0153uvre contemplative qui rend hommage \u00e0 la fille d\u2019Alma Mahler, trop t\u00f4t disparue. Changement d\u2019ambiance total avec la Symphonie no 7 de Beethoven, propuls\u00e9e par un puissant \u00e9lan rythmique et d\u00e9bordante d\u2019une joie communicative.<\/p>\n","protected":false},"excerpt":{"rendered":"<p>Christoph Eschenbach retrouve l\u2019OSM en compagnie du brillant violoniste Augustin Hadelich.<\/p>\n","protected":false},"author":1,"featured_media":77326,"comment_status":"open","ping_status":"closed","template":"","meta":{"om_disable_all_campaigns":false,"jetpack_post_was_ever_published":false},"tags":[],"tribe_events_cat":[6487],"acf":[],"jetpack_sharing_enabled":true,"_links":{"self":[{"href":"https:\/\/www.ludwig-van.com\/montreal\/wp-json\/wp\/v2\/tribe_events\/77323"}],"collection":[{"href":"https:\/\/www.ludwig-van.com\/montreal\/wp-json\/wp\/v2\/tribe_events"}],"about":[{"href":"https:\/\/www.ludwig-van.com\/montreal\/wp-json\/wp\/v2\/types\/tribe_events"}],"author":[{"embeddable":true,"href":"https:\/\/www.ludwig-van.com\/montreal\/wp-json\/wp\/v2\/users\/1"}],"replies":[{"embeddable":true,"href":"https:\/\/www.ludwig-van.com\/montreal\/wp-json\/wp\/v2\/comments?post=77323"}],"version-history":[{"count":1,"href":"https:\/\/www.ludwig-van.com\/montreal\/wp-json\/wp\/v2\/tribe_events\/77323\/revisions"}],"predecessor-version":[{"id":77324,"href":"https:\/\/www.ludwig-van.com\/montreal\/wp-json\/wp\/v2\/tribe_events\/77323\/revisions\/77324"}],"wp:featuredmedia":[{"embeddable":true,"href":"https:\/\/www.ludwig-van.com\/montreal\/wp-json\/wp\/v2\/media\/77326"}],"wp:attachment":[{"href":"https:\/\/www.ludwig-van.com\/montreal\/wp-json\/wp\/v2\/media?parent=77323"}],"wp:term":[{"taxonomy":"post_tag","embeddable":true,"href":"https:\/\/www.ludwig-van.com\/montreal\/wp-json\/wp\/v2\/tags?post=77323"},{"taxonomy":"tribe_events_cat","embeddable":true,"href":"https:\/\/www.ludwig-van.com\/montreal\/wp-json\/wp\/v2\/tribe_events_cat?post=77323"}],"curies":[{"name":"wp","href":"https:\/\/api.w.org\/{rel}","templated":true}]}}