{"id":77311,"date":"2023-08-08T16:56:29","date_gmt":"2023-08-08T20:56:29","guid":{"rendered":"https:\/\/www.ludwig-van.com\/montreal\/?post_type=tribe_events&#038;p=77311"},"modified":"2023-08-08T16:56:29","modified_gmt":"2023-08-08T20:56:29","slug":"orchestre-symphonique-de-montreal-hommage-gyorgy-ligeti","status":"publish","type":"tribe_events","link":"https:\/\/www.ludwig-van.com\/montreal\/event\/orchestre-symphonique-de-montreal-hommage-gyorgy-ligeti\/","title":{"rendered":"Orchestre symphonique de Montr\u00e9al | Hommage \u00e0 Gy\u00f6rgy Ligeti"},"content":{"rendered":"<p>Dot\u00e9 d\u2019une forte personnalit\u00e9 musicale, Ligeti est l\u2019un des compositeurs les plus influents et les plus inventifs du 20e si\u00e8cle. Les quatre \u0153uvres de ce programme pr\u00e9sentent diverses facettes des recherches men\u00e9es par le musicien sur le plan stylistique et compositionnel. Sous la direction de Jean-Micha\u00ebl Lavoie, des membres de l\u2019OSM, le talentueux Quatuor Ligeti ainsi que des musiciens des universit\u00e9s McGill et de Montr\u00e9al seront r\u00e9unis pour c\u00e9l\u00e9brer le 100e anniversaire du compositeur.<\/p>\n","protected":false},"excerpt":{"rendered":"<p>Dot\u00e9 d\u2019une forte personnalit\u00e9 musicale, Ligeti est l\u2019un des compositeurs les plus influents et les plus inventifs du 20e si\u00e8cle.<\/p>\n","protected":false},"author":1,"featured_media":0,"comment_status":"open","ping_status":"closed","template":"","meta":{"om_disable_all_campaigns":false,"jetpack_post_was_ever_published":false},"tags":[],"tribe_events_cat":[5052],"acf":[],"jetpack_sharing_enabled":true,"_links":{"self":[{"href":"https:\/\/www.ludwig-van.com\/montreal\/wp-json\/wp\/v2\/tribe_events\/77311"}],"collection":[{"href":"https:\/\/www.ludwig-van.com\/montreal\/wp-json\/wp\/v2\/tribe_events"}],"about":[{"href":"https:\/\/www.ludwig-van.com\/montreal\/wp-json\/wp\/v2\/types\/tribe_events"}],"author":[{"embeddable":true,"href":"https:\/\/www.ludwig-van.com\/montreal\/wp-json\/wp\/v2\/users\/1"}],"replies":[{"embeddable":true,"href":"https:\/\/www.ludwig-van.com\/montreal\/wp-json\/wp\/v2\/comments?post=77311"}],"version-history":[{"count":1,"href":"https:\/\/www.ludwig-van.com\/montreal\/wp-json\/wp\/v2\/tribe_events\/77311\/revisions"}],"predecessor-version":[{"id":77312,"href":"https:\/\/www.ludwig-van.com\/montreal\/wp-json\/wp\/v2\/tribe_events\/77311\/revisions\/77312"}],"wp:attachment":[{"href":"https:\/\/www.ludwig-van.com\/montreal\/wp-json\/wp\/v2\/media?parent=77311"}],"wp:term":[{"taxonomy":"post_tag","embeddable":true,"href":"https:\/\/www.ludwig-van.com\/montreal\/wp-json\/wp\/v2\/tags?post=77311"},{"taxonomy":"tribe_events_cat","embeddable":true,"href":"https:\/\/www.ludwig-van.com\/montreal\/wp-json\/wp\/v2\/tribe_events_cat?post=77311"}],"curies":[{"name":"wp","href":"https:\/\/api.w.org\/{rel}","templated":true}]}}