{"id":77308,"date":"2023-08-08T16:44:59","date_gmt":"2023-08-08T20:44:59","guid":{"rendered":"https:\/\/www.ludwig-van.com\/montreal\/?post_type=tribe_events&#038;p=77308"},"modified":"2023-08-08T16:44:59","modified_gmt":"2023-08-08T20:44:59","slug":"orchestre-symphonique-de-montreal-trompette-et-orgue","status":"publish","type":"tribe_events","link":"https:\/\/www.ludwig-van.com\/montreal\/event\/orchestre-symphonique-de-montreal-trompette-et-orgue\/","title":{"rendered":"Orchestre symphonique de Montr\u00e9al | Trompette et orgue"},"content":{"rendered":"<p>L\u2019organiste Ra\u00fal Prieto Ram\u00edrez est reconnu pour sa virtuosit\u00e9 spectaculaire et son habilet\u00e9 \u00e0 susciter l\u2019enthousiasme du public. La jeune trompettiste Lucienne Renaudin Vary, dot\u00e9e d\u2019une in\u00e9puisable \u00e9nergie, a conquis les sc\u00e8nes internationales gr\u00e2ce \u00e0 sa personnalit\u00e9 charismatique et \u00e0 son jeu lumineux. R\u00e9unis le temps d\u2019un concert, ces deux musiciens passionn\u00e9s interpr\u00e9teront un r\u00e9pertoire tr\u00e8s \u00e9clectique allant de la musique baroque au jazz, avec quelques incursions dans le r\u00e9pertoire romantique.<\/p>\n<p>&nbsp;<\/p>\n","protected":false},"excerpt":{"rendered":"<p>L\u2019organiste Ra\u00fal Prieto Ram\u00edrez est reconnu pour sa virtuosit\u00e9 spectaculaire et son habilet\u00e9 \u00e0 susciter l\u2019enthousiasme du public. La jeune trompettiste Lucienne Renaudin Vary, dot\u00e9e d\u2019une in\u00e9puisable \u00e9nergie, a conquis les sc\u00e8nes internationales gr\u00e2ce \u00e0 sa personnalit\u00e9 charismatique et \u00e0 son jeu lumineux.<\/p>\n","protected":false},"author":1,"featured_media":77310,"comment_status":"open","ping_status":"closed","template":"","meta":{"om_disable_all_campaigns":false,"jetpack_post_was_ever_published":false},"tags":[],"tribe_events_cat":[5562],"acf":[],"jetpack_sharing_enabled":true,"_links":{"self":[{"href":"https:\/\/www.ludwig-van.com\/montreal\/wp-json\/wp\/v2\/tribe_events\/77308"}],"collection":[{"href":"https:\/\/www.ludwig-van.com\/montreal\/wp-json\/wp\/v2\/tribe_events"}],"about":[{"href":"https:\/\/www.ludwig-van.com\/montreal\/wp-json\/wp\/v2\/types\/tribe_events"}],"author":[{"embeddable":true,"href":"https:\/\/www.ludwig-van.com\/montreal\/wp-json\/wp\/v2\/users\/1"}],"replies":[{"embeddable":true,"href":"https:\/\/www.ludwig-van.com\/montreal\/wp-json\/wp\/v2\/comments?post=77308"}],"version-history":[{"count":1,"href":"https:\/\/www.ludwig-van.com\/montreal\/wp-json\/wp\/v2\/tribe_events\/77308\/revisions"}],"predecessor-version":[{"id":77309,"href":"https:\/\/www.ludwig-van.com\/montreal\/wp-json\/wp\/v2\/tribe_events\/77308\/revisions\/77309"}],"wp:featuredmedia":[{"embeddable":true,"href":"https:\/\/www.ludwig-van.com\/montreal\/wp-json\/wp\/v2\/media\/77310"}],"wp:attachment":[{"href":"https:\/\/www.ludwig-van.com\/montreal\/wp-json\/wp\/v2\/media?parent=77308"}],"wp:term":[{"taxonomy":"post_tag","embeddable":true,"href":"https:\/\/www.ludwig-van.com\/montreal\/wp-json\/wp\/v2\/tags?post=77308"},{"taxonomy":"tribe_events_cat","embeddable":true,"href":"https:\/\/www.ludwig-van.com\/montreal\/wp-json\/wp\/v2\/tribe_events_cat?post=77308"}],"curies":[{"name":"wp","href":"https:\/\/api.w.org\/{rel}","templated":true}]}}