{"id":77289,"date":"2023-08-08T15:59:00","date_gmt":"2023-08-08T19:59:00","guid":{"rendered":"https:\/\/www.ludwig-van.com\/montreal\/?post_type=tribe_events&#038;p=77289"},"modified":"2023-08-08T15:59:00","modified_gmt":"2023-08-08T19:59:00","slug":"orchestre-symphonique-de-montreal-le-superbe-concerto-pour-violon-de-barber","status":"publish","type":"tribe_events","link":"https:\/\/www.ludwig-van.com\/montreal\/event\/orchestre-symphonique-de-montreal-le-superbe-concerto-pour-violon-de-barber\/2023-10-12\/","title":{"rendered":"Orchestre symphonique de Montr\u00e9al | Le superbe Concerto pour violon de Barber"},"content":{"rendered":"<p>Ancien laur\u00e9at du concours OSM, le charismatique violoniste canadien Blake Pouliot se joint \u00e0 l\u2019Orchestre pour jouer le Concerto de Barber. Tant\u00f4t lyrique, introspectif ou anim\u00e9 de rythmes fougueux dans le mouvement final, ce concerto repr\u00e9sente un v\u00e9ritable tour de force pour l\u2019interpr\u00e8te. La Negro Folk Symphony du compositeur afro-am\u00e9ricain William Dawson forme une fusion originale entre les spirituals et l\u2019esth\u00e9tique symphonique postromantique, avec de furtifs clins d\u2019\u0153il aux compositeurs europ\u00e9ens.<\/p>\n<p>&nbsp;<\/p>\n","protected":false},"excerpt":{"rendered":"<p>Ancien laur\u00e9at du concours OSM, le charismatique violoniste canadien Blake Pouliot se joint \u00e0 l\u2019Orchestre pour jouer le Concerto de Barber.<\/p>\n","protected":false},"author":1,"featured_media":77292,"comment_status":"open","ping_status":"closed","template":"","meta":{"om_disable_all_campaigns":false,"jetpack_post_was_ever_published":false},"tags":[],"tribe_events_cat":[6487],"acf":[],"jetpack_sharing_enabled":true,"_links":{"self":[{"href":"https:\/\/www.ludwig-van.com\/montreal\/wp-json\/wp\/v2\/tribe_events\/77289"}],"collection":[{"href":"https:\/\/www.ludwig-van.com\/montreal\/wp-json\/wp\/v2\/tribe_events"}],"about":[{"href":"https:\/\/www.ludwig-van.com\/montreal\/wp-json\/wp\/v2\/types\/tribe_events"}],"author":[{"embeddable":true,"href":"https:\/\/www.ludwig-van.com\/montreal\/wp-json\/wp\/v2\/users\/1"}],"replies":[{"embeddable":true,"href":"https:\/\/www.ludwig-van.com\/montreal\/wp-json\/wp\/v2\/comments?post=77289"}],"version-history":[{"count":1,"href":"https:\/\/www.ludwig-van.com\/montreal\/wp-json\/wp\/v2\/tribe_events\/77289\/revisions"}],"predecessor-version":[{"id":77290,"href":"https:\/\/www.ludwig-van.com\/montreal\/wp-json\/wp\/v2\/tribe_events\/77289\/revisions\/77290"}],"wp:featuredmedia":[{"embeddable":true,"href":"https:\/\/www.ludwig-van.com\/montreal\/wp-json\/wp\/v2\/media\/77292"}],"wp:attachment":[{"href":"https:\/\/www.ludwig-van.com\/montreal\/wp-json\/wp\/v2\/media?parent=77289"}],"wp:term":[{"taxonomy":"post_tag","embeddable":true,"href":"https:\/\/www.ludwig-van.com\/montreal\/wp-json\/wp\/v2\/tags?post=77289"},{"taxonomy":"tribe_events_cat","embeddable":true,"href":"https:\/\/www.ludwig-van.com\/montreal\/wp-json\/wp\/v2\/tribe_events_cat?post=77289"}],"curies":[{"name":"wp","href":"https:\/\/api.w.org\/{rel}","templated":true}]}}