{"id":77278,"date":"2023-08-08T15:30:04","date_gmt":"2023-08-08T19:30:04","guid":{"rendered":"https:\/\/www.ludwig-van.com\/montreal\/?post_type=tribe_events&#038;p=77278"},"modified":"2023-08-08T15:30:04","modified_gmt":"2023-08-08T19:30:04","slug":"orchestre-symphonique-de-montreal-les-mythiques-planetes-de-holst","status":"publish","type":"tribe_events","link":"https:\/\/www.ludwig-van.com\/montreal\/event\/orchestre-symphonique-de-montreal-les-mythiques-planetes-de-holst\/2023-09-27\/","title":{"rendered":"Orchestre symphonique de Montr\u00e9al | Les mythiques Plan\u00e8tes de Holst"},"content":{"rendered":"<p>L\u2019OSM vous convie \u00e0 un voyage musical dans le cosmos avec Les Plan\u00e8tes de Holst. Depuis les tuttis fracassants de Mars jusqu\u2019aux sonorit\u00e9s myst\u00e9rieuses de Neptune, Holst varie les couleurs orchestrales et cr\u00e9e des \u00ab\u2009peintures d\u2019atmosph\u00e8res\u2009\u00bb. En premi\u00e8re \u00e0 Montr\u00e9al, l\u2019Orchestre interpr\u00e8tera Blurr is the Colour of My True Love\u2019s Eyes de la compositrice canadienne Nicole Liz\u00e9e, un concerto pour percussions \u00e9voluant en une suite de spirales qui s\u2019entrem\u00ealent au fil de l\u2019\u0153uvre.<\/p>\n","protected":false},"excerpt":{"rendered":"<p>L\u2019OSM vous convie \u00e0 un voyage musical dans le cosmos avec Les Plan\u00e8tes de Holst.<\/p>\n","protected":false},"author":1,"featured_media":77282,"comment_status":"open","ping_status":"closed","template":"","meta":{"om_disable_all_campaigns":false,"jetpack_post_was_ever_published":false},"tags":[],"tribe_events_cat":[6487],"acf":[],"jetpack_sharing_enabled":true,"_links":{"self":[{"href":"https:\/\/www.ludwig-van.com\/montreal\/wp-json\/wp\/v2\/tribe_events\/77278"}],"collection":[{"href":"https:\/\/www.ludwig-van.com\/montreal\/wp-json\/wp\/v2\/tribe_events"}],"about":[{"href":"https:\/\/www.ludwig-van.com\/montreal\/wp-json\/wp\/v2\/types\/tribe_events"}],"author":[{"embeddable":true,"href":"https:\/\/www.ludwig-van.com\/montreal\/wp-json\/wp\/v2\/users\/1"}],"replies":[{"embeddable":true,"href":"https:\/\/www.ludwig-van.com\/montreal\/wp-json\/wp\/v2\/comments?post=77278"}],"version-history":[{"count":2,"href":"https:\/\/www.ludwig-van.com\/montreal\/wp-json\/wp\/v2\/tribe_events\/77278\/revisions"}],"predecessor-version":[{"id":77285,"href":"https:\/\/www.ludwig-van.com\/montreal\/wp-json\/wp\/v2\/tribe_events\/77278\/revisions\/77285"}],"wp:featuredmedia":[{"embeddable":true,"href":"https:\/\/www.ludwig-van.com\/montreal\/wp-json\/wp\/v2\/media\/77282"}],"wp:attachment":[{"href":"https:\/\/www.ludwig-van.com\/montreal\/wp-json\/wp\/v2\/media?parent=77278"}],"wp:term":[{"taxonomy":"post_tag","embeddable":true,"href":"https:\/\/www.ludwig-van.com\/montreal\/wp-json\/wp\/v2\/tags?post=77278"},{"taxonomy":"tribe_events_cat","embeddable":true,"href":"https:\/\/www.ludwig-van.com\/montreal\/wp-json\/wp\/v2\/tribe_events_cat?post=77278"}],"curies":[{"name":"wp","href":"https:\/\/api.w.org\/{rel}","templated":true}]}}