{"id":77134,"date":"2023-07-26T14:46:54","date_gmt":"2023-07-26T18:46:54","guid":{"rendered":"https:\/\/www.ludwig-van.com\/montreal\/?post_type=tribe_events&#038;p=77134"},"modified":"2023-07-26T14:51:43","modified_gmt":"2023-07-26T18:51:43","slug":"arion-orchestre-baroque-aci-galatea-e-polifemo","status":"publish","type":"tribe_events","link":"https:\/\/www.ludwig-van.com\/montreal\/event\/arion-orchestre-baroque-aci-galatea-e-polifemo\/2024-01-12\/","title":{"rendered":"Arion Orchestre Baroque | Aci, Galatea E Polifemo"},"content":{"rendered":"<p>Prenant un bref r\u00e9pit estival de son s\u00e9jour romain fort occup\u00e9, Handel se rend plus au sud \u00e0 Naples de mai \u00e0 juillet 1708, o\u00f9 on lui avait command\u00e9 Aci, Galatea e Polifemo, une serenata pour les noces du duc d\u2019Alvito et de Beatrice di Sanseverino. S\u2019agissant d\u2019un petit op\u00e9ra intime, \u00e0 trois voix et orchestre sans ch\u0153ur, l\u2019\u0153uvre se distingue par la vari\u00e9t\u00e9 de son accompagnement instrumental o\u00f9 l\u2019on retrouve, outre les cordes et la basse continue, hautbois, fl\u00fbtes \u00e0 bec et trompettes. Les airs et r\u00e9citatifs chant\u00e9s ne sont pas en reste, nous menant des soupirs les plus langoureux \u00e0 la virtuosit\u00e9 la plus extr\u00eame. Nous accueillons pour la premi\u00e8re fois le chef et claveciniste italien prim\u00e9 Francesco Corti, chef invit\u00e9 principal de l\u2019orchestre il Pomo d\u2019Oro.<\/p>\n","protected":false},"excerpt":{"rendered":"<p>Prenant un bref r\u00e9pit estival de son s\u00e9jour romain fort occup\u00e9, Handel se rend plus au sud \u00e0 Naples de mai \u00e0 juillet 1708, o\u00f9 on lui avait command\u00e9 Aci, Galatea e Polifemo, une serenata pour les noces du duc d\u2019Alvito et de Beatrice di Sanseverino.<\/p>\n","protected":false},"author":1,"featured_media":77140,"comment_status":"open","ping_status":"closed","template":"","meta":{"om_disable_all_campaigns":false,"jetpack_post_was_ever_published":false},"tags":[],"tribe_events_cat":[5053],"acf":[],"jetpack_sharing_enabled":true,"_links":{"self":[{"href":"https:\/\/www.ludwig-van.com\/montreal\/wp-json\/wp\/v2\/tribe_events\/77134"}],"collection":[{"href":"https:\/\/www.ludwig-van.com\/montreal\/wp-json\/wp\/v2\/tribe_events"}],"about":[{"href":"https:\/\/www.ludwig-van.com\/montreal\/wp-json\/wp\/v2\/types\/tribe_events"}],"author":[{"embeddable":true,"href":"https:\/\/www.ludwig-van.com\/montreal\/wp-json\/wp\/v2\/users\/1"}],"replies":[{"embeddable":true,"href":"https:\/\/www.ludwig-van.com\/montreal\/wp-json\/wp\/v2\/comments?post=77134"}],"version-history":[{"count":2,"href":"https:\/\/www.ludwig-van.com\/montreal\/wp-json\/wp\/v2\/tribe_events\/77134\/revisions"}],"predecessor-version":[{"id":77144,"href":"https:\/\/www.ludwig-van.com\/montreal\/wp-json\/wp\/v2\/tribe_events\/77134\/revisions\/77144"}],"wp:featuredmedia":[{"embeddable":true,"href":"https:\/\/www.ludwig-van.com\/montreal\/wp-json\/wp\/v2\/media\/77140"}],"wp:attachment":[{"href":"https:\/\/www.ludwig-van.com\/montreal\/wp-json\/wp\/v2\/media?parent=77134"}],"wp:term":[{"taxonomy":"post_tag","embeddable":true,"href":"https:\/\/www.ludwig-van.com\/montreal\/wp-json\/wp\/v2\/tags?post=77134"},{"taxonomy":"tribe_events_cat","embeddable":true,"href":"https:\/\/www.ludwig-van.com\/montreal\/wp-json\/wp\/v2\/tribe_events_cat?post=77134"}],"curies":[{"name":"wp","href":"https:\/\/api.w.org\/{rel}","templated":true}]}}