{"id":77000,"date":"2023-07-12T17:43:30","date_gmt":"2023-07-12T21:43:30","guid":{"rendered":"https:\/\/www.ludwig-van.com\/montreal\/?post_type=tribe_events&#038;p=77000"},"modified":"2023-07-12T17:43:30","modified_gmt":"2023-07-12T21:43:30","slug":"ensemble-caprice-le-messie-de-haendel-4","status":"publish","type":"tribe_events","link":"https:\/\/www.ludwig-van.com\/montreal\/event\/ensemble-caprice-le-messie-de-haendel-4\/","title":{"rendered":"Ensemble Caprice | Le Messie de Haendel"},"content":{"rendered":"<p>Participez \u00e0 une tradition du temps des f\u00eates depuis des si\u00e8cles: l\u2019incontournable Messie de Haendel, en concert \u00e0 la Maison symphonique de Montr\u00e9al. Avec gr\u00e2ce et d\u00e9licatesse, les m\u00e9lodies de Haendel se sont impos\u00e9es comme favorites des publics \u00e0 travers le monde. Red\u00e9couvrez ce chef-d\u2019\u0153uvre extraordinaire de l\u2019\u00e8re baroque avec l\u2019Ensemble Caprice, l\u2019Ensemble ArtChoral et le Festival Classica, sous la direction de Matthias Maute.<\/p>\n<p>&nbsp;<\/p>\n","protected":false},"excerpt":{"rendered":"<p>Participez \u00e0 une tradition du temps des f\u00eates depuis des si\u00e8cles: l\u2019incontournable Messie de Haendel, en concert \u00e0 la Maison symphonique de Montr\u00e9al.<\/p>\n","protected":false},"author":1,"featured_media":76991,"comment_status":"open","ping_status":"closed","template":"","meta":{"om_disable_all_campaigns":false,"jetpack_post_was_ever_published":false},"tags":[],"tribe_events_cat":[5053],"acf":[],"jetpack_sharing_enabled":true,"_links":{"self":[{"href":"https:\/\/www.ludwig-van.com\/montreal\/wp-json\/wp\/v2\/tribe_events\/77000"}],"collection":[{"href":"https:\/\/www.ludwig-van.com\/montreal\/wp-json\/wp\/v2\/tribe_events"}],"about":[{"href":"https:\/\/www.ludwig-van.com\/montreal\/wp-json\/wp\/v2\/types\/tribe_events"}],"author":[{"embeddable":true,"href":"https:\/\/www.ludwig-van.com\/montreal\/wp-json\/wp\/v2\/users\/1"}],"replies":[{"embeddable":true,"href":"https:\/\/www.ludwig-van.com\/montreal\/wp-json\/wp\/v2\/comments?post=77000"}],"version-history":[{"count":1,"href":"https:\/\/www.ludwig-van.com\/montreal\/wp-json\/wp\/v2\/tribe_events\/77000\/revisions"}],"predecessor-version":[{"id":77001,"href":"https:\/\/www.ludwig-van.com\/montreal\/wp-json\/wp\/v2\/tribe_events\/77000\/revisions\/77001"}],"wp:featuredmedia":[{"embeddable":true,"href":"https:\/\/www.ludwig-van.com\/montreal\/wp-json\/wp\/v2\/media\/76991"}],"wp:attachment":[{"href":"https:\/\/www.ludwig-van.com\/montreal\/wp-json\/wp\/v2\/media?parent=77000"}],"wp:term":[{"taxonomy":"post_tag","embeddable":true,"href":"https:\/\/www.ludwig-van.com\/montreal\/wp-json\/wp\/v2\/tags?post=77000"},{"taxonomy":"tribe_events_cat","embeddable":true,"href":"https:\/\/www.ludwig-van.com\/montreal\/wp-json\/wp\/v2\/tribe_events_cat?post=77000"}],"curies":[{"name":"wp","href":"https:\/\/api.w.org\/{rel}","templated":true}]}}