{"id":76902,"date":"2023-07-10T11:10:40","date_gmt":"2023-07-10T15:10:40","guid":{"rendered":"https:\/\/www.ludwig-van.com\/montreal\/?post_type=tribe_events&#038;p=76902"},"modified":"2023-07-10T14:04:13","modified_gmt":"2023-07-10T18:04:13","slug":"ladies-morning-musical-club-danish-string-quartet","status":"publish","type":"tribe_events","link":"https:\/\/www.ludwig-van.com\/montreal\/event\/ladies-morning-musical-club-danish-string-quartet\/","title":{"rendered":"Ladies\u2019 Morning Musical Club | Danish String Quartet"},"content":{"rendered":"<p>Le Danish String Quartet c\u00e9l\u00e8bre en 2022-2023 ses vingt ans d\u2019existence, marqu\u00e9s par une profonde amiti\u00e9 entre ses membres et le plaisir de la musique partag\u00e9e. Les trois membres danois du quatuor, Frederik \u00d8land (violon), Rune Tonsgaard S\u00f8renson (violon) et Asbj\u00f8rn N\u00f8rgaard (alto), jouent ensemble depuis leur rencontre dans un camp d\u2019\u00e9t\u00e9, alors qu\u2019ils n\u2019avaient pas encore atteint l\u2019adolescence. Le Norv\u00e9gien Fredrik Sch\u00f8gen Sj\u00f6lin (violoncelle) les rejoint en 2008. Le r\u00e9pertoire du Danish String Quartet allie les plus grandes \u0153uvres du canon europ\u00e9en et le r\u00e9pertoire scandinave, du folklore \u00e0 la cr\u00e9ation contemporaine. En t\u00e9moigne l\u2019un de ses plus r\u00e9cents accomplissements artistiques, un projet d\u2019une dur\u00e9e de quatre ans nomm\u00e9 Doppelg\u00e4nger. Celui-ci vise \u00e0 mettre en parall\u00e8le des \u0153uvres tardives de Franz Schubert et des cr\u00e9ations originales des compositeurs renomm\u00e9s Bent S\u00f8rensen, Lotta Wenn\u00e4koski, Anna Thorvaldsdottir et Thomas Ad\u00e8s. De plus, la discographie du Danish String Quartet met r\u00e9guli\u00e8rement \u00e0 l\u2019honneur des compositeurs scandinaves contemporains tels que Carl Nielsen, Ad\u00e8s, N\u00f8rg\u00e5rd et Abrahamsen, ainsi que de la musique traditionnelle scandinave. Le Danish String Quartet est \u00e0 l\u2019origine de plusieurs initiatives artistiques promouvant la musique de chambre. Il a notamment cr\u00e9\u00e9 le DSQ Festival en 2007, qui prend place dans des lieux de performance intimistes et inusit\u00e9s \u00e0 Copenhague. Il a \u00e9galement lanc\u00e9 en 2016 la s\u00e9rie de concerts Series of Four, anim\u00e9e par ses propres performances et celles de musiciens invit\u00e9s. D\u00e9buts au LMMC.<\/p>\n<p>Le programme d\u00e9taill\u00e9 sera disponible deux semaines avant le concert.<\/p>\n","protected":false},"excerpt":{"rendered":"<p>Le Danish String Quartet c\u00e9l\u00e8bre en 2022-2023 ses vingt ans d\u2019existence, marqu\u00e9s par une profonde amiti\u00e9 entre ses membres et le plaisir de la musique partag\u00e9e.<\/p>\n","protected":false},"author":1,"featured_media":76366,"comment_status":"open","ping_status":"closed","template":"","meta":{"om_disable_all_campaigns":false,"jetpack_post_was_ever_published":false},"tags":[],"tribe_events_cat":[5052],"acf":[],"jetpack_sharing_enabled":true,"_links":{"self":[{"href":"https:\/\/www.ludwig-van.com\/montreal\/wp-json\/wp\/v2\/tribe_events\/76902"}],"collection":[{"href":"https:\/\/www.ludwig-van.com\/montreal\/wp-json\/wp\/v2\/tribe_events"}],"about":[{"href":"https:\/\/www.ludwig-van.com\/montreal\/wp-json\/wp\/v2\/types\/tribe_events"}],"author":[{"embeddable":true,"href":"https:\/\/www.ludwig-van.com\/montreal\/wp-json\/wp\/v2\/users\/1"}],"replies":[{"embeddable":true,"href":"https:\/\/www.ludwig-van.com\/montreal\/wp-json\/wp\/v2\/comments?post=76902"}],"version-history":[{"count":2,"href":"https:\/\/www.ludwig-van.com\/montreal\/wp-json\/wp\/v2\/tribe_events\/76902\/revisions"}],"predecessor-version":[{"id":76947,"href":"https:\/\/www.ludwig-van.com\/montreal\/wp-json\/wp\/v2\/tribe_events\/76902\/revisions\/76947"}],"wp:featuredmedia":[{"embeddable":true,"href":"https:\/\/www.ludwig-van.com\/montreal\/wp-json\/wp\/v2\/media\/76366"}],"wp:attachment":[{"href":"https:\/\/www.ludwig-van.com\/montreal\/wp-json\/wp\/v2\/media?parent=76902"}],"wp:term":[{"taxonomy":"post_tag","embeddable":true,"href":"https:\/\/www.ludwig-van.com\/montreal\/wp-json\/wp\/v2\/tags?post=76902"},{"taxonomy":"tribe_events_cat","embeddable":true,"href":"https:\/\/www.ludwig-van.com\/montreal\/wp-json\/wp\/v2\/tribe_events_cat?post=76902"}],"curies":[{"name":"wp","href":"https:\/\/api.w.org\/{rel}","templated":true}]}}