{"id":76898,"date":"2023-07-10T10:59:14","date_gmt":"2023-07-10T14:59:14","guid":{"rendered":"https:\/\/www.ludwig-van.com\/montreal\/?post_type=tribe_events&#038;p=76898"},"modified":"2023-07-10T14:00:37","modified_gmt":"2023-07-10T18:00:37","slug":"ladies-morning-musical-club-jerusalem-quartet","status":"publish","type":"tribe_events","link":"https:\/\/www.ludwig-van.com\/montreal\/event\/ladies-morning-musical-club-jerusalem-quartet\/","title":{"rendered":"Ladies\u2019 Morning Musical Club | Jerusalem Quartet"},"content":{"rendered":"<p>Depuis sa premi\u00e8re saison de concerts en 1996, trois ans apr\u00e8s sa formation, le Jerusalem Quartet construit sa r\u00e9putation sur un r\u00e9pertoire vaste et une richesse sonore distinctive. Le New York Times a notamment fait l\u2019\u00e9loge de sa passion, de sa pr\u00e9cision, de la chaleur de ses interpr\u00e9tations et de l\u2019unique fondu des voix qu\u2019il a \u00e9labor\u00e9 au fil des ans. Sa discographie g\u00e9n\u00e9reuse, r\u00e9alis\u00e9e sous \u00e9tiquette Harmonia Mundi, lui a permis de remporter de nombreux prix, dont le Diapason d\u2019Or et le prix du BBC Music Magazine en musique de chambre. En 2016, pour c\u00e9l\u00e9brer sa 20e saison, le quatuor a lanc\u00e9 un album double des Six Quatuors \u00e0 cordes op. 18 de Beethoven. Interpr\u00e8te aguerri du r\u00e9pertoire canonique (Bart\u00f3k, Debussy, Ravel, Dvo\u0159\u00e1k, Brahms, Schumann, Mozart), le Jerusalem Quartet ose \u00e9galement sortir des sentiers battus, ce qui permet en 2019 la diffusion de l\u2019album The Yiddish Cabaret, avec la soprano isra\u00e9lienne Hila Baggio. Cet album consacr\u00e9 \u00e0 la musique juive d\u2019Europe centrale met en relation des cr\u00e9ations du compositeur russe Leonid Desyatnikov sur des textes en yiddish, de m\u00eame que des \u0153uvres de l\u2019entre-deux-guerres des compositeurs Erwin Schulhoff et Erich Wolfgang Korngold, originaires de ce qui \u00e9tait alors l\u2019Autriche-Hongrie.\u00a03e engagement au LMMC.<\/p>\n<p>Le programme d\u00e9taill\u00e9 sera disponible deux semaines avant le concert.<strong>\u00a0\u00a0\u00a0\u00a0\u00a0<\/strong><\/p>\n","protected":false},"excerpt":{"rendered":"<p>Depuis sa premi\u00e8re saison de concerts en 1996, trois ans apr\u00e8s sa formation, le Jerusalem Quartet construit sa r\u00e9putation sur un r\u00e9pertoire vaste et une richesse sonore distinctive.<\/p>\n","protected":false},"author":1,"featured_media":50202,"comment_status":"open","ping_status":"closed","template":"","meta":{"om_disable_all_campaigns":false,"jetpack_post_was_ever_published":false},"tags":[],"tribe_events_cat":[5052],"acf":[],"jetpack_sharing_enabled":true,"_links":{"self":[{"href":"https:\/\/www.ludwig-van.com\/montreal\/wp-json\/wp\/v2\/tribe_events\/76898"}],"collection":[{"href":"https:\/\/www.ludwig-van.com\/montreal\/wp-json\/wp\/v2\/tribe_events"}],"about":[{"href":"https:\/\/www.ludwig-van.com\/montreal\/wp-json\/wp\/v2\/types\/tribe_events"}],"author":[{"embeddable":true,"href":"https:\/\/www.ludwig-van.com\/montreal\/wp-json\/wp\/v2\/users\/1"}],"replies":[{"embeddable":true,"href":"https:\/\/www.ludwig-van.com\/montreal\/wp-json\/wp\/v2\/comments?post=76898"}],"version-history":[{"count":2,"href":"https:\/\/www.ludwig-van.com\/montreal\/wp-json\/wp\/v2\/tribe_events\/76898\/revisions"}],"predecessor-version":[{"id":76945,"href":"https:\/\/www.ludwig-van.com\/montreal\/wp-json\/wp\/v2\/tribe_events\/76898\/revisions\/76945"}],"wp:featuredmedia":[{"embeddable":true,"href":"https:\/\/www.ludwig-van.com\/montreal\/wp-json\/wp\/v2\/media\/50202"}],"wp:attachment":[{"href":"https:\/\/www.ludwig-van.com\/montreal\/wp-json\/wp\/v2\/media?parent=76898"}],"wp:term":[{"taxonomy":"post_tag","embeddable":true,"href":"https:\/\/www.ludwig-van.com\/montreal\/wp-json\/wp\/v2\/tags?post=76898"},{"taxonomy":"tribe_events_cat","embeddable":true,"href":"https:\/\/www.ludwig-van.com\/montreal\/wp-json\/wp\/v2\/tribe_events_cat?post=76898"}],"curies":[{"name":"wp","href":"https:\/\/api.w.org\/{rel}","templated":true}]}}