{"id":76878,"date":"2023-07-10T09:53:23","date_gmt":"2023-07-10T13:53:23","guid":{"rendered":"https:\/\/www.ludwig-van.com\/montreal\/?post_type=tribe_events&#038;p=76878"},"modified":"2023-07-10T09:53:23","modified_gmt":"2023-07-10T13:53:23","slug":"club-musical-de-quebec-vikingur-olafsson","status":"publish","type":"tribe_events","link":"https:\/\/www.ludwig-van.com\/montreal\/event\/club-musical-de-quebec-vikingur-olafsson\/","title":{"rendered":"Club musical de Qu\u00e9bec | V\u00edkingur \u00d3lafsson"},"content":{"rendered":"<h2>Piano<\/h2>\n<p>Plusieurs pianistes extraordinaires sont r\u00e9cemment apparus sur la sc\u00e8ne musicale internationale, mais peu ont captiv\u00e9 et \u00e9tonn\u00e9 autant que l\u2019Islandais V\u00edkingur \u00d3lafsson. Sa pr\u00e9sence imposante, charismatique, presque hypnotique, ainsi que son esth\u00e9tique sonore le placent \u00e0 part de tous les autres. Sa lecture des \u0153uvres de Jean-S\u00e9bastien Bach touche profond\u00e9ment, et ce sont, \u00e0 ce titre, les l\u00e9gendaires Variations Goldberg qui font l\u2019objet de sa tourn\u00e9e nord-am\u00e9ricaine.<\/p>\n<p>Pr\u00e9lude-conf\u00e9rence en salle \u00e0 18 h 45<\/p>\n","protected":false},"excerpt":{"rendered":"<p>Plusieurs pianistes extraordinaires sont r\u00e9cemment apparus sur la sc\u00e8ne musicale internationale, mais peu ont captiv\u00e9 et \u00e9tonn\u00e9 autant que l\u2019Islandais V\u00edkingur \u00d3lafsson.<\/p>\n","protected":false},"author":1,"featured_media":76880,"comment_status":"open","ping_status":"closed","template":"","meta":{"om_disable_all_campaigns":false,"jetpack_post_was_ever_published":false},"tags":[],"tribe_events_cat":[5024],"acf":[],"jetpack_sharing_enabled":true,"_links":{"self":[{"href":"https:\/\/www.ludwig-van.com\/montreal\/wp-json\/wp\/v2\/tribe_events\/76878"}],"collection":[{"href":"https:\/\/www.ludwig-van.com\/montreal\/wp-json\/wp\/v2\/tribe_events"}],"about":[{"href":"https:\/\/www.ludwig-van.com\/montreal\/wp-json\/wp\/v2\/types\/tribe_events"}],"author":[{"embeddable":true,"href":"https:\/\/www.ludwig-van.com\/montreal\/wp-json\/wp\/v2\/users\/1"}],"replies":[{"embeddable":true,"href":"https:\/\/www.ludwig-van.com\/montreal\/wp-json\/wp\/v2\/comments?post=76878"}],"version-history":[{"count":1,"href":"https:\/\/www.ludwig-van.com\/montreal\/wp-json\/wp\/v2\/tribe_events\/76878\/revisions"}],"predecessor-version":[{"id":76879,"href":"https:\/\/www.ludwig-van.com\/montreal\/wp-json\/wp\/v2\/tribe_events\/76878\/revisions\/76879"}],"wp:featuredmedia":[{"embeddable":true,"href":"https:\/\/www.ludwig-van.com\/montreal\/wp-json\/wp\/v2\/media\/76880"}],"wp:attachment":[{"href":"https:\/\/www.ludwig-van.com\/montreal\/wp-json\/wp\/v2\/media?parent=76878"}],"wp:term":[{"taxonomy":"post_tag","embeddable":true,"href":"https:\/\/www.ludwig-van.com\/montreal\/wp-json\/wp\/v2\/tags?post=76878"},{"taxonomy":"tribe_events_cat","embeddable":true,"href":"https:\/\/www.ludwig-van.com\/montreal\/wp-json\/wp\/v2\/tribe_events_cat?post=76878"}],"curies":[{"name":"wp","href":"https:\/\/api.w.org\/{rel}","templated":true}]}}