{"id":76869,"date":"2023-07-10T09:42:31","date_gmt":"2023-07-10T13:42:31","guid":{"rendered":"https:\/\/www.ludwig-van.com\/montreal\/?post_type=tribe_events&#038;p=76869"},"modified":"2023-10-31T15:50:00","modified_gmt":"2023-10-31T19:50:00","slug":"club-musical-de-quebec-sir-andras-schiff","status":"publish","type":"tribe_events","link":"https:\/\/www.ludwig-van.com\/montreal\/event\/club-musical-de-quebec-sir-andras-schiff\/","title":{"rendered":"Club musical de Qu\u00e9bec | Sir Andr\u00e1s Schiff"},"content":{"rendered":"<h2>Piano<\/h2>\n<p>La venue du pianiste d\u2019origine hongroise Andr\u00e1s Schiff \u00e0 Qu\u00e9bec est ind\u00e9niablement l\u2019un des r\u00e9citals les plus attendus des derni\u00e8res ann\u00e9es. Parmi les grands pianistes de l\u2019histoire, il a marqu\u00e9 l\u2019imaginaire par des interpr\u00e9tations notamment de la musique de Bach, Mozart, Beethoven, Schubert et Schumann, ou encore celle de ses compatriotes. Il nous propose un programme spontan\u00e9, annonc\u00e9 de la sc\u00e8ne, qui fait assur\u00e9ment la part belle \u00e0 ses compositeurs de pr\u00e9dilection.<\/p>\n<p>&nbsp;<\/p>\n","protected":false},"excerpt":{"rendered":"<p>La venue du pianiste d\u2019origine hongroise Andr\u00e1s Schiff \u00e0 Qu\u00e9bec est ind\u00e9niablement l\u2019un des r\u00e9citals les plus attendus des derni\u00e8res ann\u00e9es.<\/p>\n","protected":false},"author":1,"featured_media":76872,"comment_status":"open","ping_status":"closed","template":"","meta":{"om_disable_all_campaigns":false,"jetpack_post_was_ever_published":false},"tags":[],"tribe_events_cat":[5024],"acf":[],"jetpack_sharing_enabled":true,"_links":{"self":[{"href":"https:\/\/www.ludwig-van.com\/montreal\/wp-json\/wp\/v2\/tribe_events\/76869"}],"collection":[{"href":"https:\/\/www.ludwig-van.com\/montreal\/wp-json\/wp\/v2\/tribe_events"}],"about":[{"href":"https:\/\/www.ludwig-van.com\/montreal\/wp-json\/wp\/v2\/types\/tribe_events"}],"author":[{"embeddable":true,"href":"https:\/\/www.ludwig-van.com\/montreal\/wp-json\/wp\/v2\/users\/1"}],"replies":[{"embeddable":true,"href":"https:\/\/www.ludwig-van.com\/montreal\/wp-json\/wp\/v2\/comments?post=76869"}],"version-history":[{"count":5,"href":"https:\/\/www.ludwig-van.com\/montreal\/wp-json\/wp\/v2\/tribe_events\/76869\/revisions"}],"predecessor-version":[{"id":78704,"href":"https:\/\/www.ludwig-van.com\/montreal\/wp-json\/wp\/v2\/tribe_events\/76869\/revisions\/78704"}],"wp:featuredmedia":[{"embeddable":true,"href":"https:\/\/www.ludwig-van.com\/montreal\/wp-json\/wp\/v2\/media\/76872"}],"wp:attachment":[{"href":"https:\/\/www.ludwig-van.com\/montreal\/wp-json\/wp\/v2\/media?parent=76869"}],"wp:term":[{"taxonomy":"post_tag","embeddable":true,"href":"https:\/\/www.ludwig-van.com\/montreal\/wp-json\/wp\/v2\/tags?post=76869"},{"taxonomy":"tribe_events_cat","embeddable":true,"href":"https:\/\/www.ludwig-van.com\/montreal\/wp-json\/wp\/v2\/tribe_events_cat?post=76869"}],"curies":[{"name":"wp","href":"https:\/\/api.w.org\/{rel}","templated":true}]}}