{"id":76865,"date":"2023-07-10T09:32:03","date_gmt":"2023-07-10T13:32:03","guid":{"rendered":"https:\/\/www.ludwig-van.com\/montreal\/?post_type=tribe_events&#038;p=76865"},"modified":"2023-07-10T09:43:40","modified_gmt":"2023-07-10T13:43:40","slug":"club-musical-de-quebec-sergei-nakariakov-daishin-kashimoto-et-maria-meerovitch","status":"publish","type":"tribe_events","link":"https:\/\/www.ludwig-van.com\/montreal\/event\/club-musical-de-quebec-sergei-nakariakov-daishin-kashimoto-et-maria-meerovitch\/","title":{"rendered":"Club musical de Qu\u00e9bec | Sergei Nakariakov, Daishin Kashimoto et Maria Meerovitch"},"content":{"rendered":"<h2>Bugle, violon et piano<\/h2>\n<p>L\u00e9gende et ma\u00eetre incontest\u00e9 de son instrument, Sergei Nakariakov, qu\u2019on qualifie du \u00ab Paganini \u00bb ou encore du \u00ab Caruso de la trompette \u00bb, revisite le grand r\u00e9pertoire au bugle pour offrir des exp\u00e9riences musicales hors du commun. Il s\u2019allie pour ce faire \u00e0 Daishin Kashimoto, brillant violon solo de l\u2019Orchestre philharmonique de Berlin, dans un programme qui fait alterner duos et trios autour de la pianiste Maria Meerovitch comme pr\u00e9cieuse partenaire.<\/p>\n<p>Pr\u00e9lude-conf\u00e9rence en salle \u00e0 18 h 45<\/p>\n<p>En collaboration avec la Salle Bourgie.<\/p>\n","protected":false},"excerpt":{"rendered":"<p>L\u00e9gende et ma\u00eetre incontest\u00e9 de son instrument, Sergei Nakariakov, qu\u2019on qualifie du \u00ab Paganini \u00bb ou encore du \u00ab Caruso de la trompette \u00bb, revisite le grand r\u00e9pertoire au bugle pour offrir des exp\u00e9riences musicales hors du commun.<\/p>\n","protected":false},"author":1,"featured_media":76867,"comment_status":"open","ping_status":"closed","template":"","meta":{"om_disable_all_campaigns":false,"jetpack_post_was_ever_published":false},"tags":[],"tribe_events_cat":[6487],"acf":[],"jetpack_sharing_enabled":true,"_links":{"self":[{"href":"https:\/\/www.ludwig-van.com\/montreal\/wp-json\/wp\/v2\/tribe_events\/76865"}],"collection":[{"href":"https:\/\/www.ludwig-van.com\/montreal\/wp-json\/wp\/v2\/tribe_events"}],"about":[{"href":"https:\/\/www.ludwig-van.com\/montreal\/wp-json\/wp\/v2\/types\/tribe_events"}],"author":[{"embeddable":true,"href":"https:\/\/www.ludwig-van.com\/montreal\/wp-json\/wp\/v2\/users\/1"}],"replies":[{"embeddable":true,"href":"https:\/\/www.ludwig-van.com\/montreal\/wp-json\/wp\/v2\/comments?post=76865"}],"version-history":[{"count":3,"href":"https:\/\/www.ludwig-van.com\/montreal\/wp-json\/wp\/v2\/tribe_events\/76865\/revisions"}],"predecessor-version":[{"id":76876,"href":"https:\/\/www.ludwig-van.com\/montreal\/wp-json\/wp\/v2\/tribe_events\/76865\/revisions\/76876"}],"wp:featuredmedia":[{"embeddable":true,"href":"https:\/\/www.ludwig-van.com\/montreal\/wp-json\/wp\/v2\/media\/76867"}],"wp:attachment":[{"href":"https:\/\/www.ludwig-van.com\/montreal\/wp-json\/wp\/v2\/media?parent=76865"}],"wp:term":[{"taxonomy":"post_tag","embeddable":true,"href":"https:\/\/www.ludwig-van.com\/montreal\/wp-json\/wp\/v2\/tags?post=76865"},{"taxonomy":"tribe_events_cat","embeddable":true,"href":"https:\/\/www.ludwig-van.com\/montreal\/wp-json\/wp\/v2\/tribe_events_cat?post=76865"}],"curies":[{"name":"wp","href":"https:\/\/api.w.org\/{rel}","templated":true}]}}