{"id":76334,"date":"2023-05-29T08:23:28","date_gmt":"2023-05-29T12:23:28","guid":{"rendered":"https:\/\/www.ludwig-van.com\/montreal\/?post_type=tribe_events&#038;p=76334"},"modified":"2023-05-29T08:23:28","modified_gmt":"2023-05-29T12:23:28","slug":"les-concerts-de-la-chapelle-de-saint-camille-private-musick","status":"publish","type":"tribe_events","link":"https:\/\/www.ludwig-van.com\/montreal\/event\/les-concerts-de-la-chapelle-de-saint-camille-private-musick\/","title":{"rendered":"Les Concerts de la Chapelle de Saint-Camille | Private Musick"},"content":{"rendered":"<p>Les Bor\u00e9ades de Montr\u00e9al rendent visite aux Concerts de la Chapelle, comme \u00e0 leur habitude en juin, cette fois-ci avec Private Musick, programme d\u00e9di\u00e9 \u00e0 la musique de chambre en vogue au temps des Stuart (XVIIe si\u00e8cle).<\/p>\n<p>Pr\u00e9sent\u00e9 annuellement dans le cadre de l\u2019Acad\u00e9mie de musique ancienne de Saint-Camille, le concert des Bor\u00e9ades met en vedette Francis Colpron (fl\u00fbte), Olivier Brault (violon) et Melisande McNabney (clavecin), auxquels se joignent cette ann\u00e9e Margaret Little (viole de gambe) et la soprano Jacqueline Woodley.<\/p>\n<p>Des pi\u00e8ces de Locke, Purcell, Hume et Blow nous feront voyager dans la cour de Charles II et dans l\u2019intimit\u00e9 des foyers anglais. \u00ab Il \u00e9tait courant \u00e0 cette \u00e9poque pour les familles de se divertir en jouant de la musique en \u201cconsort\u201d, c\u2019est-\u00e0-dire en se produisant sur une seule famille d\u2019instruments \u00bb, raconte Francis Colpron, fondateur des Bor\u00e9ades. \u00ab Nous reste de cette \u00e9poque, d\u2019ailleurs, les quatuors pour violons \u00bb, poursuit-il. \u00ab Lorsque plusieurs familles d\u2019instruments se retrouvaient r\u00e9unies pour une pi\u00e8ce, on disait avoir \u201cbris\u00e9 le consort\u201d (broken consort). Pour Private Musick, nous ferons de m\u00eame en unissant la voix \u00e0 quatre instruments diff\u00e9rents, tout en faisant honneur \u00e0 cette grande tradition musicale des consorts &#8211; entiers ou bris\u00e9s &#8211; et des compositeurs phares de cette \u00e9poque. \u00bb<\/p>\n","protected":false},"excerpt":{"rendered":"<p>Les Bor\u00e9ades de Montr\u00e9al nous offrent encore cette ann\u00e9e, en marge de l\u2019Acad\u00e9mie de musique ancienne de Saint-Camille, un concert consacr\u00e9 cette fois-ci au r\u00e9pertoire baroque anglais avec des oeuvres de Locke, Purcell, Hume et Blow.<\/p>\n","protected":false},"author":1,"featured_media":76338,"comment_status":"open","ping_status":"closed","template":"","meta":{"om_disable_all_campaigns":false,"jetpack_post_was_ever_published":false},"tags":[],"tribe_events_cat":[6487],"acf":[],"jetpack_sharing_enabled":true,"_links":{"self":[{"href":"https:\/\/www.ludwig-van.com\/montreal\/wp-json\/wp\/v2\/tribe_events\/76334"}],"collection":[{"href":"https:\/\/www.ludwig-van.com\/montreal\/wp-json\/wp\/v2\/tribe_events"}],"about":[{"href":"https:\/\/www.ludwig-van.com\/montreal\/wp-json\/wp\/v2\/types\/tribe_events"}],"author":[{"embeddable":true,"href":"https:\/\/www.ludwig-van.com\/montreal\/wp-json\/wp\/v2\/users\/1"}],"replies":[{"embeddable":true,"href":"https:\/\/www.ludwig-van.com\/montreal\/wp-json\/wp\/v2\/comments?post=76334"}],"version-history":[{"count":2,"href":"https:\/\/www.ludwig-van.com\/montreal\/wp-json\/wp\/v2\/tribe_events\/76334\/revisions"}],"predecessor-version":[{"id":76339,"href":"https:\/\/www.ludwig-van.com\/montreal\/wp-json\/wp\/v2\/tribe_events\/76334\/revisions\/76339"}],"wp:featuredmedia":[{"embeddable":true,"href":"https:\/\/www.ludwig-van.com\/montreal\/wp-json\/wp\/v2\/media\/76338"}],"wp:attachment":[{"href":"https:\/\/www.ludwig-van.com\/montreal\/wp-json\/wp\/v2\/media?parent=76334"}],"wp:term":[{"taxonomy":"post_tag","embeddable":true,"href":"https:\/\/www.ludwig-van.com\/montreal\/wp-json\/wp\/v2\/tags?post=76334"},{"taxonomy":"tribe_events_cat","embeddable":true,"href":"https:\/\/www.ludwig-van.com\/montreal\/wp-json\/wp\/v2\/tribe_events_cat?post=76334"}],"curies":[{"name":"wp","href":"https:\/\/api.w.org\/{rel}","templated":true}]}}