{"id":76108,"date":"2023-05-22T21:51:55","date_gmt":"2023-05-23T01:51:55","guid":{"rendered":"https:\/\/www.ludwig-van.com\/montreal\/?post_type=tribe_events&#038;p=76108"},"modified":"2023-05-22T21:51:55","modified_gmt":"2023-05-23T01:51:55","slug":"festival-classica-lux-aeterna-lumieres-eternelles","status":"publish","type":"tribe_events","link":"https:\/\/www.ludwig-van.com\/montreal\/event\/festival-classica-lux-aeterna-lumieres-eternelles\/","title":{"rendered":"Festival Classica | Lux Aeterna &#8211; Lumi\u00e8res \u00e9ternelles"},"content":{"rendered":"<p>Inspir\u00e9 par la rencontre de la premi\u00e8re lueur de l\u2019univers et du premier son, le concert Lux Aeterna (lumi\u00e8res \u00e9ternelles) propose un programme autour des plus belles pages du r\u00e9pertoire choral de la Renaissance \u00e0 aujourd\u2019hui. Ce concert grandiose et unique sera port\u00e9 par 50 voix professionnelles de qualit\u00e9 exceptionnelle, avec solistes invit\u00e9s. Le public sera convi\u00e9 \u00e0 un voyage sonore quasi m\u00e9taphysique appuy\u00e9 par des cr\u00e9ations d\u2019arts num\u00e9riques de l\u2019artiste Myriam Boucher. La voix humaine comme instrument \u00e0 la sensibilit\u00e9 et expressivit\u00e9 infinies vous enveloppera en route vers un voyage aux confins de l\u2019immat\u00e9rialit\u00e9 et de l\u2019intangible!<\/p>\n","protected":false},"excerpt":{"rendered":"<p>Inspir\u00e9 par la rencontre de la premi\u00e8re lueur de l\u2019univers et du premier son, le concert Lux Aeterna (lumi\u00e8res \u00e9ternelles) propose un programme autour des plus belles pages du r\u00e9pertoire choral de la Renaissance \u00e0 aujourd\u2019hui.<\/p>\n","protected":false},"author":1,"featured_media":76110,"comment_status":"open","ping_status":"closed","template":"","meta":{"om_disable_all_campaigns":false,"jetpack_post_was_ever_published":false},"tags":[],"tribe_events_cat":[6487],"acf":[],"jetpack_sharing_enabled":true,"_links":{"self":[{"href":"https:\/\/www.ludwig-van.com\/montreal\/wp-json\/wp\/v2\/tribe_events\/76108"}],"collection":[{"href":"https:\/\/www.ludwig-van.com\/montreal\/wp-json\/wp\/v2\/tribe_events"}],"about":[{"href":"https:\/\/www.ludwig-van.com\/montreal\/wp-json\/wp\/v2\/types\/tribe_events"}],"author":[{"embeddable":true,"href":"https:\/\/www.ludwig-van.com\/montreal\/wp-json\/wp\/v2\/users\/1"}],"replies":[{"embeddable":true,"href":"https:\/\/www.ludwig-van.com\/montreal\/wp-json\/wp\/v2\/comments?post=76108"}],"version-history":[{"count":1,"href":"https:\/\/www.ludwig-van.com\/montreal\/wp-json\/wp\/v2\/tribe_events\/76108\/revisions"}],"predecessor-version":[{"id":76109,"href":"https:\/\/www.ludwig-van.com\/montreal\/wp-json\/wp\/v2\/tribe_events\/76108\/revisions\/76109"}],"wp:featuredmedia":[{"embeddable":true,"href":"https:\/\/www.ludwig-van.com\/montreal\/wp-json\/wp\/v2\/media\/76110"}],"wp:attachment":[{"href":"https:\/\/www.ludwig-van.com\/montreal\/wp-json\/wp\/v2\/media?parent=76108"}],"wp:term":[{"taxonomy":"post_tag","embeddable":true,"href":"https:\/\/www.ludwig-van.com\/montreal\/wp-json\/wp\/v2\/tags?post=76108"},{"taxonomy":"tribe_events_cat","embeddable":true,"href":"https:\/\/www.ludwig-van.com\/montreal\/wp-json\/wp\/v2\/tribe_events_cat?post=76108"}],"curies":[{"name":"wp","href":"https:\/\/api.w.org\/{rel}","templated":true}]}}