{"id":75958,"date":"2023-05-15T14:15:04","date_gmt":"2023-05-15T18:15:04","guid":{"rendered":"https:\/\/www.ludwig-van.com\/montreal\/?post_type=tribe_events&#038;p=75958"},"modified":"2023-05-16T10:26:46","modified_gmt":"2023-05-16T14:26:46","slug":"creation-du-quintette-pour-piano-et-cordes-no-1-du-compositeur-simon-alami","status":"publish","type":"tribe_events","link":"https:\/\/www.ludwig-van.com\/montreal\/event\/creation-du-quintette-pour-piano-et-cordes-no-1-du-compositeur-simon-alami\/","title":{"rendered":"Cr\u00e9ation du Quintette pour piano et cordes No. 1 du compositeur Simon Alami"},"content":{"rendered":"<p>La cr\u00e9ation du Quintette pour piano et cordes No. 1 du compositeur montr\u00e9alais Simon Alami aura lieu le dimanche 21 mai 2023 \u00e0 14h, Salle Joseph-Rouleau de la Maison Andr\u00e9-Bourbeau, par la pianiste Natsuki Hiratsuka, les violonistes Marie-Claire Vaillancourt et Jeanne C\u00f4t\u00e9, l\u2019altiste Vincent Delorme et par le violoncelliste Benjamin Sutton. Aussi au programme, des \u0153uvres de Maurice Ravel, Rebecca Clarke, Federico Mompou et Lili Boulanger. Ce quintette sera aussi jou\u00e9 lors d\u2019un concert au Mostly Modern Festival, dans l\u2019\u00c9tat de New York, en juin prochain.<\/p>\n<p>Envie d\u2019intimit\u00e9 et de nouveaut\u00e9 musicale ? Rendez-vous \u00e0 la Salle Joseph-Rouleau, 305 Avenue du Mont-Royal Est \u00e0 Montr\u00e9al, le dimanche 21 mai 2023 \u00e0 14h. Pour vous donner une id\u00e9e de l\u2019\u0153uvre avant la premi\u00e8re, voici un lien vers la trame sonore virtuelle : <a href=\"https:\/\/on.soundcloud.com\/9wGQvDw5nPhKTAZXA\">https:\/\/on.soundcloud.com\/9wGQvDw5nPhKTAZXA<\/a><\/p>\n<p>Ce quintette de piano est profond\u00e9ment enracin\u00e9 dans la musique afro-cubaine et ses forces spirituelles. Chaque mouvement repr\u00e9sente une divinit\u00e9 appel\u00e9e Orisha et met en valeur les rythmes et m\u00e9lodies divers de la culture afro-cubaine, avec l&rsquo;Orisha Shango, le seigneur des tambours et du tonnerre, comme point focal.<\/p>\n<p>Simon Alami est un compositeur maroco-canadien n\u00e9 \u00e0 F\u00e8s, au Maroc. D\u00e8s son plus jeune \u00e2ge, il a d\u00e9couvert et cultiv\u00e9 sa passion pour le chant, la pratique de diff\u00e9rents instruments et la composition. Bien qu&rsquo;il soit principalement autodidacte, il continue de d\u00e9velopper son art sous la direction de compositeurs de renom dont Robert Paterson et Antonio Gervasoni. Il s&rsquo;inspire aussi des \u0153uvres de Ravel, Debussy, Bartok, Takemitsu, Stravinsky et bien d&rsquo;autres encore. Il incorpore souvent des harmonies non conventionnelles et des accords dissonants, tout en s&rsquo;inspirant \u00e9galement des techniques impressionnistes et minimalistes. De plus, il int\u00e8gre souvent des \u00e9l\u00e9ments de la nature et de la musique folklorique, et utilise des structures rythmiques complexes et stimulantes.<\/p>\n<p>Pour vous procurer les billets, contactez :\u00a0 <a href=\"mailto:martinfirmus@yahoo.ca\" target=\"_blank\" rel=\"noopener\">martinfirmus@yahoo.ca<\/a><\/p>\n","protected":false},"excerpt":{"rendered":"<p>Ce quintette de piano est profond\u00e9ment enracin\u00e9 dans la musique afro-cubaine et ses forces spirituelles. Chaque mouvement repr\u00e9sente une divinit\u00e9 appel\u00e9e Orisha et met en valeur les rythmes et m\u00e9lodies divers de la culture afro-cubaine, avec l&rsquo;Orisha Shango, le seigneur des tambours et du tonnerre, comme point focal.<\/p>\n","protected":false},"author":1,"featured_media":75962,"comment_status":"open","ping_status":"closed","template":"","meta":{"om_disable_all_campaigns":false,"jetpack_post_was_ever_published":false},"tags":[],"tribe_events_cat":[6487],"acf":[],"jetpack_sharing_enabled":true,"_links":{"self":[{"href":"https:\/\/www.ludwig-van.com\/montreal\/wp-json\/wp\/v2\/tribe_events\/75958"}],"collection":[{"href":"https:\/\/www.ludwig-van.com\/montreal\/wp-json\/wp\/v2\/tribe_events"}],"about":[{"href":"https:\/\/www.ludwig-van.com\/montreal\/wp-json\/wp\/v2\/types\/tribe_events"}],"author":[{"embeddable":true,"href":"https:\/\/www.ludwig-van.com\/montreal\/wp-json\/wp\/v2\/users\/1"}],"replies":[{"embeddable":true,"href":"https:\/\/www.ludwig-van.com\/montreal\/wp-json\/wp\/v2\/comments?post=75958"}],"version-history":[{"count":3,"href":"https:\/\/www.ludwig-van.com\/montreal\/wp-json\/wp\/v2\/tribe_events\/75958\/revisions"}],"predecessor-version":[{"id":75964,"href":"https:\/\/www.ludwig-van.com\/montreal\/wp-json\/wp\/v2\/tribe_events\/75958\/revisions\/75964"}],"wp:featuredmedia":[{"embeddable":true,"href":"https:\/\/www.ludwig-van.com\/montreal\/wp-json\/wp\/v2\/media\/75962"}],"wp:attachment":[{"href":"https:\/\/www.ludwig-van.com\/montreal\/wp-json\/wp\/v2\/media?parent=75958"}],"wp:term":[{"taxonomy":"post_tag","embeddable":true,"href":"https:\/\/www.ludwig-van.com\/montreal\/wp-json\/wp\/v2\/tags?post=75958"},{"taxonomy":"tribe_events_cat","embeddable":true,"href":"https:\/\/www.ludwig-van.com\/montreal\/wp-json\/wp\/v2\/tribe_events_cat?post=75958"}],"curies":[{"name":"wp","href":"https:\/\/api.w.org\/{rel}","templated":true}]}}