{"id":75425,"date":"2023-02-20T17:16:10","date_gmt":"2023-02-20T22:16:10","guid":{"rendered":"https:\/\/www.ludwig-van.com\/montreal\/?post_type=tribe_events&#038;p=75425"},"modified":"2023-02-20T17:16:10","modified_gmt":"2023-02-20T22:16:10","slug":"societe-de-musique-contemporaine-du-quebec-les-illuminations","status":"publish","type":"tribe_events","link":"https:\/\/www.ludwig-van.com\/montreal\/event\/societe-de-musique-contemporaine-du-quebec-les-illuminations\/","title":{"rendered":"Soci\u00e9t\u00e9 de musique contemporaine du Qu\u00e9bec | Les illuminations"},"content":{"rendered":"<p>Pas moins de deux illuminations pour conclure notre festival!<\/p>\n<p>Celle du compositeur montr\u00e9alais Brian Cherney, qui s\u2019inspire du mysticisme juif pour reconstituer un cycle m\u00e9ditatif. Celle de Britten ensuite, qui redonnent vie au recueil \u00e9ponyme d\u2019Arthur Rimbaud en magnifiant son texte pour le doter d\u2019une nouvelle dimension. Le compositeur anglais rend ensuite hommage \u00e0 son mentor dans les Variations sur un th\u00e8me de Frank Bridge, une \u0153uvre majeure qui marque sa premi\u00e8re reconnaissance internationale.<\/p>\n","protected":false},"excerpt":{"rendered":"<p>Pas moins de deux illuminations pour conclure notre festival! Celle du compositeur montr\u00e9alais Brian Cherney, qui s\u2019inspire du mysticisme juif pour reconstituer un cycle m\u00e9ditatif. Celle de Britten ensuite, qui redonnent vie au recueil \u00e9ponyme d\u2019Arthur Rimbaud en magnifiant son texte pour le doter d\u2019une nouvelle dimension. Le compositeur anglais rend ensuite hommage \u00e0 son [&hellip;]<\/p>\n","protected":false},"author":1,"featured_media":75427,"comment_status":"open","ping_status":"closed","template":"","meta":{"om_disable_all_campaigns":false,"jetpack_post_was_ever_published":false},"tags":[],"tribe_events_cat":[5327],"acf":[],"jetpack_sharing_enabled":true,"_links":{"self":[{"href":"https:\/\/www.ludwig-van.com\/montreal\/wp-json\/wp\/v2\/tribe_events\/75425"}],"collection":[{"href":"https:\/\/www.ludwig-van.com\/montreal\/wp-json\/wp\/v2\/tribe_events"}],"about":[{"href":"https:\/\/www.ludwig-van.com\/montreal\/wp-json\/wp\/v2\/types\/tribe_events"}],"author":[{"embeddable":true,"href":"https:\/\/www.ludwig-van.com\/montreal\/wp-json\/wp\/v2\/users\/1"}],"replies":[{"embeddable":true,"href":"https:\/\/www.ludwig-van.com\/montreal\/wp-json\/wp\/v2\/comments?post=75425"}],"version-history":[{"count":1,"href":"https:\/\/www.ludwig-van.com\/montreal\/wp-json\/wp\/v2\/tribe_events\/75425\/revisions"}],"predecessor-version":[{"id":75426,"href":"https:\/\/www.ludwig-van.com\/montreal\/wp-json\/wp\/v2\/tribe_events\/75425\/revisions\/75426"}],"wp:featuredmedia":[{"embeddable":true,"href":"https:\/\/www.ludwig-van.com\/montreal\/wp-json\/wp\/v2\/media\/75427"}],"wp:attachment":[{"href":"https:\/\/www.ludwig-van.com\/montreal\/wp-json\/wp\/v2\/media?parent=75425"}],"wp:term":[{"taxonomy":"post_tag","embeddable":true,"href":"https:\/\/www.ludwig-van.com\/montreal\/wp-json\/wp\/v2\/tags?post=75425"},{"taxonomy":"tribe_events_cat","embeddable":true,"href":"https:\/\/www.ludwig-van.com\/montreal\/wp-json\/wp\/v2\/tribe_events_cat?post=75425"}],"curies":[{"name":"wp","href":"https:\/\/api.w.org\/{rel}","templated":true}]}}