{"id":75422,"date":"2023-02-20T17:08:48","date_gmt":"2023-02-20T22:08:48","guid":{"rendered":"https:\/\/www.ludwig-van.com\/montreal\/?post_type=tribe_events&#038;p=75422"},"modified":"2023-02-20T17:08:48","modified_gmt":"2023-02-20T22:08:48","slug":"societe-de-musique-contemporaine-du-quebec-musique-dart-2023","status":"publish","type":"tribe_events","link":"https:\/\/www.ludwig-van.com\/montreal\/event\/societe-de-musique-contemporaine-du-quebec-musique-dart-2023\/","title":{"rendered":"Soci\u00e9t\u00e9 de musique contemporaine du Qu\u00e9bec | Musique d\u2019art (2023)"},"content":{"rendered":"<p>Une qu\u00eate de perfection de l\u2019harmonie qui devient \u00e0 la fois source de beaut\u00e9 et de drame.<\/p>\n<p>Avec cette cr\u00e9ation, Simon Martin poursuit sa fascinante exploration de l\u2019harmonie naturelle et de la r\u00e9sonance inou\u00efe des instruments acoustiques qui en r\u00e9sulte. Le compositeur r\u00e9unit un ensemble de sept cordes qui font corps, jeu soliste et tutti alternant entre finesse et puissance. Le son nous emporte au gr\u00e9 de ses vagues, le temps s\u2019\u00e9coule avec fluidit\u00e9, interrompu seulement par le silence qui s\u00e9pare les grandes parties de l\u2019\u0153uvre. Toujours empreinte d\u2019int\u00e9riorit\u00e9, la musique de Simon Martin t\u00e9moigne d\u2019un myst\u00e8re qui nous interroge.<\/p>\n","protected":false},"excerpt":{"rendered":"<p>Une qu\u00eate de perfection de l\u2019harmonie qui devient \u00e0 la fois source de beaut\u00e9 et de drame. Avec cette cr\u00e9ation, Simon Martin poursuit sa fascinante exploration de l\u2019harmonie naturelle et de la r\u00e9sonance inou\u00efe des instruments acoustiques qui en r\u00e9sulte. Le compositeur r\u00e9unit un ensemble de sept cordes qui font corps, jeu soliste et tutti [&hellip;]<\/p>\n","protected":false},"author":1,"featured_media":75424,"comment_status":"open","ping_status":"closed","template":"","meta":{"om_disable_all_campaigns":false,"jetpack_post_was_ever_published":false},"tags":[],"tribe_events_cat":[5327],"acf":[],"jetpack_sharing_enabled":true,"_links":{"self":[{"href":"https:\/\/www.ludwig-van.com\/montreal\/wp-json\/wp\/v2\/tribe_events\/75422"}],"collection":[{"href":"https:\/\/www.ludwig-van.com\/montreal\/wp-json\/wp\/v2\/tribe_events"}],"about":[{"href":"https:\/\/www.ludwig-van.com\/montreal\/wp-json\/wp\/v2\/types\/tribe_events"}],"author":[{"embeddable":true,"href":"https:\/\/www.ludwig-van.com\/montreal\/wp-json\/wp\/v2\/users\/1"}],"replies":[{"embeddable":true,"href":"https:\/\/www.ludwig-van.com\/montreal\/wp-json\/wp\/v2\/comments?post=75422"}],"version-history":[{"count":1,"href":"https:\/\/www.ludwig-van.com\/montreal\/wp-json\/wp\/v2\/tribe_events\/75422\/revisions"}],"predecessor-version":[{"id":75423,"href":"https:\/\/www.ludwig-van.com\/montreal\/wp-json\/wp\/v2\/tribe_events\/75422\/revisions\/75423"}],"wp:featuredmedia":[{"embeddable":true,"href":"https:\/\/www.ludwig-van.com\/montreal\/wp-json\/wp\/v2\/media\/75424"}],"wp:attachment":[{"href":"https:\/\/www.ludwig-van.com\/montreal\/wp-json\/wp\/v2\/media?parent=75422"}],"wp:term":[{"taxonomy":"post_tag","embeddable":true,"href":"https:\/\/www.ludwig-van.com\/montreal\/wp-json\/wp\/v2\/tags?post=75422"},{"taxonomy":"tribe_events_cat","embeddable":true,"href":"https:\/\/www.ludwig-van.com\/montreal\/wp-json\/wp\/v2\/tribe_events_cat?post=75422"}],"curies":[{"name":"wp","href":"https:\/\/api.w.org\/{rel}","templated":true}]}}