{"id":75417,"date":"2023-02-20T16:58:43","date_gmt":"2023-02-20T21:58:43","guid":{"rendered":"https:\/\/www.ludwig-van.com\/montreal\/?post_type=tribe_events&#038;p=75417"},"modified":"2023-02-20T16:58:43","modified_gmt":"2023-02-20T21:58:43","slug":"societe-de-musique-contemporaine-du-quebec-viva-italia-e-canada-ensemble-mdi-milan","status":"publish","type":"tribe_events","link":"https:\/\/www.ludwig-van.com\/montreal\/event\/societe-de-musique-contemporaine-du-quebec-viva-italia-e-canada-ensemble-mdi-milan\/","title":{"rendered":"Soci\u00e9t\u00e9 de musique contemporaine du Qu\u00e9bec | Viva Italia e Canada! \u2014 Ensemble mdi (Milan)"},"content":{"rendered":"<p>Un des plus prestigieux ensembles italiens pour conna\u00eetre leurs compositeurs et red\u00e9couvrir les n\u00f4tres.<\/p>\n<p>L\u2019ensemble mdi se distingue sur la sc\u00e8ne europ\u00e9enne avec ses multiples prix et reconnaissances. Con\u00e7u en dialogue avec la SMCQ, le programme propose une rencontre entre la musique contemporaine italienne et canadienne. Cette plong\u00e9e dans ces deux univers parall\u00e8les est une occasion \u00abeccezionale\u00bb de prendre le pouls de la musique de chambre de nos deux pays.<\/p>\n<p>Le programme comprend deux \u0153uvres \u00e9crites pour l\u2019ensemble mdi. Une cocommande de MNM et du Festival Milano Musica faite au compositeur Salvatore Sciarrino pr\u00e9sent\u00e9e en premi\u00e8re continentale et une cr\u00e9ation de Lorenzo Troiani jou\u00e9e en premi\u00e8re mondiale.<\/p>\n","protected":false},"excerpt":{"rendered":"<p>Un des plus prestigieux ensembles italiens pour conna\u00eetre leurs compositeurs et red\u00e9couvrir les n\u00f4tres. L\u2019ensemble mdi se distingue sur la sc\u00e8ne europ\u00e9enne avec ses multiples prix et reconnaissances. Con\u00e7u en dialogue avec la SMCQ, le programme propose une rencontre entre la musique contemporaine italienne et canadienne. Cette plong\u00e9e dans ces deux univers parall\u00e8les est une [&hellip;]<\/p>\n","protected":false},"author":1,"featured_media":75420,"comment_status":"open","ping_status":"closed","template":"","meta":{"om_disable_all_campaigns":false,"jetpack_post_was_ever_published":false},"tags":[],"tribe_events_cat":[5327],"acf":[],"jetpack_sharing_enabled":true,"_links":{"self":[{"href":"https:\/\/www.ludwig-van.com\/montreal\/wp-json\/wp\/v2\/tribe_events\/75417"}],"collection":[{"href":"https:\/\/www.ludwig-van.com\/montreal\/wp-json\/wp\/v2\/tribe_events"}],"about":[{"href":"https:\/\/www.ludwig-van.com\/montreal\/wp-json\/wp\/v2\/types\/tribe_events"}],"author":[{"embeddable":true,"href":"https:\/\/www.ludwig-van.com\/montreal\/wp-json\/wp\/v2\/users\/1"}],"replies":[{"embeddable":true,"href":"https:\/\/www.ludwig-van.com\/montreal\/wp-json\/wp\/v2\/comments?post=75417"}],"version-history":[{"count":2,"href":"https:\/\/www.ludwig-van.com\/montreal\/wp-json\/wp\/v2\/tribe_events\/75417\/revisions"}],"predecessor-version":[{"id":75421,"href":"https:\/\/www.ludwig-van.com\/montreal\/wp-json\/wp\/v2\/tribe_events\/75417\/revisions\/75421"}],"wp:featuredmedia":[{"embeddable":true,"href":"https:\/\/www.ludwig-van.com\/montreal\/wp-json\/wp\/v2\/media\/75420"}],"wp:attachment":[{"href":"https:\/\/www.ludwig-van.com\/montreal\/wp-json\/wp\/v2\/media?parent=75417"}],"wp:term":[{"taxonomy":"post_tag","embeddable":true,"href":"https:\/\/www.ludwig-van.com\/montreal\/wp-json\/wp\/v2\/tags?post=75417"},{"taxonomy":"tribe_events_cat","embeddable":true,"href":"https:\/\/www.ludwig-van.com\/montreal\/wp-json\/wp\/v2\/tribe_events_cat?post=75417"}],"curies":[{"name":"wp","href":"https:\/\/api.w.org\/{rel}","templated":true}]}}