{"id":75411,"date":"2023-02-20T16:48:43","date_gmt":"2023-02-20T21:48:43","guid":{"rendered":"https:\/\/www.ludwig-van.com\/montreal\/?post_type=tribe_events&#038;p=75411"},"modified":"2023-02-20T16:52:20","modified_gmt":"2023-02-20T21:52:20","slug":"societe-de-musique-contemporaine-du-quebec-dialogues-intercontinentaux","status":"publish","type":"tribe_events","link":"https:\/\/www.ludwig-van.com\/montreal\/event\/societe-de-musique-contemporaine-du-quebec-dialogues-intercontinentaux\/","title":{"rendered":"Soci\u00e9t\u00e9 de musique contemporaine du Qu\u00e9bec | Dialogues intercontinentaux"},"content":{"rendered":"<p>Vivez la cr\u00e9ation musicale en direct sur deux continents!<\/p>\n<p>Les musiciens de Quasar quatuor de saxophones engagent un dialogue intercontinental avec ceux de l\u2019Ensemble Mixtura d\u2019Allemagne et trois autres musiciens europ\u00e9ens. En simultan\u00e9, les spectateurs et les interpr\u00e8tes se trouvant de part et d\u2019autre de l\u2019Atlantique vivront une facette unique d\u2019une m\u00eame exp\u00e9rience musicale imagin\u00e9e par les compositeurs. Les diff\u00e9rents espaces sonores se rencontreront en formant des combinaisons musicales in\u00e9dites et singuli\u00e8res, ici et l\u00e0-bas en m\u00eame temps.<\/p>\n","protected":false},"excerpt":{"rendered":"<p>Vivez la cr\u00e9ation musicale en direct sur deux continents! Les musiciens de Quasar quatuor de saxophones engagent un dialogue intercontinental avec ceux de l\u2019Ensemble Mixtura d\u2019Allemagne et trois autres musiciens europ\u00e9ens. En simultan\u00e9, les spectateurs et les interpr\u00e8tes se trouvant de part et d\u2019autre de l\u2019Atlantique vivront une facette unique d\u2019une m\u00eame exp\u00e9rience musicale imagin\u00e9e [&hellip;]<\/p>\n","protected":false},"author":1,"featured_media":75413,"comment_status":"open","ping_status":"closed","template":"","meta":{"om_disable_all_campaigns":false,"jetpack_post_was_ever_published":false},"tags":[],"tribe_events_cat":[5327],"acf":[],"jetpack_sharing_enabled":true,"_links":{"self":[{"href":"https:\/\/www.ludwig-van.com\/montreal\/wp-json\/wp\/v2\/tribe_events\/75411"}],"collection":[{"href":"https:\/\/www.ludwig-van.com\/montreal\/wp-json\/wp\/v2\/tribe_events"}],"about":[{"href":"https:\/\/www.ludwig-van.com\/montreal\/wp-json\/wp\/v2\/types\/tribe_events"}],"author":[{"embeddable":true,"href":"https:\/\/www.ludwig-van.com\/montreal\/wp-json\/wp\/v2\/users\/1"}],"replies":[{"embeddable":true,"href":"https:\/\/www.ludwig-van.com\/montreal\/wp-json\/wp\/v2\/comments?post=75411"}],"version-history":[{"count":1,"href":"https:\/\/www.ludwig-van.com\/montreal\/wp-json\/wp\/v2\/tribe_events\/75411\/revisions"}],"predecessor-version":[{"id":75412,"href":"https:\/\/www.ludwig-van.com\/montreal\/wp-json\/wp\/v2\/tribe_events\/75411\/revisions\/75412"}],"wp:featuredmedia":[{"embeddable":true,"href":"https:\/\/www.ludwig-van.com\/montreal\/wp-json\/wp\/v2\/media\/75413"}],"wp:attachment":[{"href":"https:\/\/www.ludwig-van.com\/montreal\/wp-json\/wp\/v2\/media?parent=75411"}],"wp:term":[{"taxonomy":"post_tag","embeddable":true,"href":"https:\/\/www.ludwig-van.com\/montreal\/wp-json\/wp\/v2\/tags?post=75411"},{"taxonomy":"tribe_events_cat","embeddable":true,"href":"https:\/\/www.ludwig-van.com\/montreal\/wp-json\/wp\/v2\/tribe_events_cat?post=75411"}],"curies":[{"name":"wp","href":"https:\/\/api.w.org\/{rel}","templated":true}]}}