{"id":75404,"date":"2023-02-20T16:39:33","date_gmt":"2023-02-20T21:39:33","guid":{"rendered":"https:\/\/www.ludwig-van.com\/montreal\/?post_type=tribe_events&#038;p=75404"},"modified":"2023-02-20T16:39:33","modified_gmt":"2023-02-20T21:39:33","slug":"societe-de-musique-contemporaine-du-quebec-golem","status":"publish","type":"tribe_events","link":"https:\/\/www.ludwig-van.com\/montreal\/event\/societe-de-musique-contemporaine-du-quebec-golem\/","title":{"rendered":"Soci\u00e9t\u00e9 de musique contemporaine du Qu\u00e9bec | Golem"},"content":{"rendered":"<p>Une fresque musicale, chor\u00e9graphique et visuelle, inou\u00efe!<\/p>\n<p>Pr\u00e9sent\u00e9 en cr\u00e9ation, Golem ou La fin du commencement\u2026 as slow as Golem\u2019s eyes fusionne musique, danse et peinture dans un dialogue infini. \u00c0 travers le mythe du Golem, Yuliya Zakharava interroge le processus de cr\u00e9ation et la relation entre les arts d\u2019une mani\u00e8re abstraite, spirituelle et passionn\u00e9e. Sur sc\u00e8ne, les cordes de l\u2019Orchestre Nouvelle G\u00e9n\u00e9ration et le minutieux vocabulaire chor\u00e9graphique de Lina Cruz habitent les mouvements des danseurs, tandis que l\u2019univers pictural fantasque de Natasha Turovsky habille la performance.<\/p>\n<p>\u00abDe l\u2019au-del\u00e0, \u00e0 partir de rien, de nulle part, quelque chose appara\u00eet. Un golem. Ses yeux sont les t\u00e9moins du temps et nous regardent \u00e0 cet instant pr\u00e9cis. Il na\u00eet et se transforme, prend des visages diff\u00e9rents, vit en nous\u2026 Puis il part et r\u00e9appara\u00eet\u2026 O\u00f9 va-t-il?\u00bb \u2014 Yuliya Zakharava<\/p>\n","protected":false},"excerpt":{"rendered":"<p>Une fresque musicale, chor\u00e9graphique et visuelle, inou\u00efe! Pr\u00e9sent\u00e9 en cr\u00e9ation, Golem ou La fin du commencement\u2026 as slow as Golem\u2019s eyes fusionne musique, danse et peinture dans un dialogue infini. \u00c0 travers le mythe du Golem, Yuliya Zakharava interroge le processus de cr\u00e9ation et la relation entre les arts d\u2019une mani\u00e8re abstraite, spirituelle et passionn\u00e9e. [&hellip;]<\/p>\n","protected":false},"author":1,"featured_media":75407,"comment_status":"open","ping_status":"closed","template":"","meta":{"om_disable_all_campaigns":false,"jetpack_post_was_ever_published":false},"tags":[],"tribe_events_cat":[5327],"acf":[],"jetpack_sharing_enabled":true,"_links":{"self":[{"href":"https:\/\/www.ludwig-van.com\/montreal\/wp-json\/wp\/v2\/tribe_events\/75404"}],"collection":[{"href":"https:\/\/www.ludwig-van.com\/montreal\/wp-json\/wp\/v2\/tribe_events"}],"about":[{"href":"https:\/\/www.ludwig-van.com\/montreal\/wp-json\/wp\/v2\/types\/tribe_events"}],"author":[{"embeddable":true,"href":"https:\/\/www.ludwig-van.com\/montreal\/wp-json\/wp\/v2\/users\/1"}],"replies":[{"embeddable":true,"href":"https:\/\/www.ludwig-van.com\/montreal\/wp-json\/wp\/v2\/comments?post=75404"}],"version-history":[{"count":1,"href":"https:\/\/www.ludwig-van.com\/montreal\/wp-json\/wp\/v2\/tribe_events\/75404\/revisions"}],"predecessor-version":[{"id":75406,"href":"https:\/\/www.ludwig-van.com\/montreal\/wp-json\/wp\/v2\/tribe_events\/75404\/revisions\/75406"}],"wp:featuredmedia":[{"embeddable":true,"href":"https:\/\/www.ludwig-van.com\/montreal\/wp-json\/wp\/v2\/media\/75407"}],"wp:attachment":[{"href":"https:\/\/www.ludwig-van.com\/montreal\/wp-json\/wp\/v2\/media?parent=75404"}],"wp:term":[{"taxonomy":"post_tag","embeddable":true,"href":"https:\/\/www.ludwig-van.com\/montreal\/wp-json\/wp\/v2\/tags?post=75404"},{"taxonomy":"tribe_events_cat","embeddable":true,"href":"https:\/\/www.ludwig-van.com\/montreal\/wp-json\/wp\/v2\/tribe_events_cat?post=75404"}],"curies":[{"name":"wp","href":"https:\/\/api.w.org\/{rel}","templated":true}]}}